{"id":4302,"date":"2021-08-16T08:44:58","date_gmt":"2021-08-16T06:44:58","guid":{"rendered":"https:\/\/berria.santotomaslizeoa.net\/ep-5-6\/"},"modified":"2022-03-29T10:32:28","modified_gmt":"2022-03-29T08:32:28","slug":"alevines","status":"publish","type":"page","link":"https:\/\/www.stl.eus\/es\/deporte\/alevines\/","title":{"rendered":"Alevines"},"content":{"rendered":"<p>[et_pb_section fb_built=\u00bb1&#8243; fullwidth=\u00bbon\u00bb _builder_version=\u00bb4.9.7&#8243; _module_preset=\u00bbdefault\u00bb custom_margin=\u00bb0px|0px|0px|0px|true|true\u00bb custom_padding=\u00bb0px|0px|0px|0px|true|true\u00bb locked=\u00bboff\u00bb collapsed=\u00bboff\u00bb global_colors_info=\u00bb{}\u00bb][et_pb_fullwidth_header _builder_version=\u00bb4.10.5&#8243; _module_preset=\u00bbdefault\u00bb title_font=\u00bbITC Avant Garde Gothic Std &#8211; Demi||||||||\u00bb title_text_align=\u00bbcenter\u00bb title_text_color=\u00bb#ff611d\u00bb title_font_size=\u00bb5.36vw\u00bb background_color=\u00bb#FFFFFF\u00bb background_enable_color=\u00bboff\u00bb background_image=\u00bbhttps:\/\/www.stl.eus\/wp-content\/uploads\/STL-Azalak-lh5-6-13.jpg\u00bb custom_margin=\u00bb0px|0px|0px|0px|true|true\u00bb custom_padding=\u00bb0px|0px|0px|0px|true|true\u00bb title_font_size_tablet=\u00bb\u00bb title_font_size_phone=\u00bb0px\u00bb title_font_size_last_edited=\u00bbon|desktop\u00bb custom_css_main_element=\u00bb||\u00bb custom_css_header_container=\u00bbheight: 50vh;||min-height: 33vw;\u00bb custom_css_title=\u00bb||||\u00bb saved_tabs=\u00bball\u00bb global_colors_info=\u00bb{}\u00bb]<\/p>\n<h1>Primer campeonato en alevines<\/h1>\n<p>[\/et_pb_fullwidth_header][\/et_pb_section][et_pb_section fb_built=\u00bb1&#8243; disabled_on=\u00bboff|off|off\u00bb _builder_version=\u00bb4.9.7&#8243; _module_preset=\u00bbdefault\u00bb custom_margin=\u00bb0px||0px||true|false\u00bb custom_padding=\u00bb0px||0px||true|false\u00bb border_width_bottom=\u00bb1px\u00bb border_color_bottom=\u00bb#ff611d\u00bb border_width_bottom_tablet=\u00bb\u00bb border_width_bottom_phone=\u00bb0px\u00bb border_width_bottom_last_edited=\u00bbon|phone\u00bb locked=\u00bboff\u00bb global_colors_info=\u00bb{}\u00bb][et_pb_row _builder_version=\u00bb4.9.7&#8243; _module_preset=\u00bbdefault\u00bb custom_margin=\u00bb0px||0px||true|false\u00bb custom_padding=\u00bb0vw||0vw||true|false\u00bb global_colors_info=\u00bb{}\u00bb][et_pb_column type=\u00bb4_4&#8243; _builder_version=\u00bb4.9.7&#8243; _module_preset=\u00bbdefault\u00bb global_colors_info=\u00bb{}\u00bb][lwp_divi_breadcrumbs home_text=\u00bb\ue009\u00bb font_icon=\u00bb%%20%%\u00bb link_color=\u00bb#ff611d\u00bb separator_color=\u00bb#8e8e8e\u00bb disabled_on=\u00bboff|off|off\u00bb module_class=\u00bbmigadepan\u00bb _builder_version=\u00bb4.9.7&#8243; _module_preset=\u00bbdefault\u00bb module_font=\u00bbITC Avant Garde Gothic Std &#8211; Demi||||||||\u00bb module_text_align_tablet=\u00bbcenter\u00bb module_text_align_phone=\u00bb\u00bb module_text_align_last_edited=\u00bbon|tablet\u00bb module_font_size_tablet=\u00bb18px\u00bb module_font_size_phone=\u00bb\u00bb module_font_size_last_edited=\u00bbon|phone\u00bb saved_tabs=\u00bball\u00bb global_colors_info=\u00bb{}\u00bb][\/lwp_divi_breadcrumbs][\/et_pb_column][\/et_pb_row][\/et_pb_section][et_pb_section fb_built=\u00bb1&#8243; custom_padding_last_edited=\u00bbon|phone\u00bb disabled_on=\u00bboff|on|on\u00bb admin_label=\u00bbHeader (texto m\u00f3vil)\u00bb _builder_version=\u00bb4.9.7&#8243; _module_preset=\u00bbdefault\u00bb custom_padding_tablet=\u00bb\u00bb custom_padding_phone=\u00bb||10px||false|false\u00bb locked=\u00bboff\u00bb collapsed=\u00bbon\u00bb global_colors_info=\u00bb{}\u00bb][et_pb_row custom_padding_last_edited=\u00bbon|phone\u00bb _builder_version=\u00bb4.9.7&#8243; _module_preset=\u00bbdefault\u00bb custom_padding_tablet=\u00bb\u00bb custom_padding_phone=\u00bb0px||0px||false|false\u00bb global_colors_info=\u00bb{}\u00bb][et_pb_column type=\u00bb4_4&#8243; _builder_version=\u00bb4.9.4&#8243; _module_preset=\u00bbdefault\u00bb global_colors_info=\u00bb{}\u00bb][et_pb_text content_phone=\u00bb<\/p>\n<h1>Imagina un lugar&#8230;<\/h1>\n<p>\u00bb content_last_edited=\u00bboff|phone\u00bb admin_label=\u00bbText (m\u00f3vil)\u00bb _builder_version=\u00bb4.10.5&#8243; _module_preset=\u00bbdefault\u00bb header_font=\u00bb||||||||\u00bb header_text_align=\u00bbcenter\u00bb header_text_color=\u00bb#ff611d\u00bb header_font_size=\u00bb40px\u00bb header_font_tablet=\u00bb\u00bb header_font_phone=\u00bbITC Avant Garde Gothic Std &#8211; Demi||||||||\u00bb header_font_last_edited=\u00bbon|phone\u00bb header_text_color_tablet=\u00bb\u00bb header_text_color_phone=\u00bb#ff611d\u00bb header_text_color_last_edited=\u00bbon|phone\u00bb header_font_size_phone=\u00bb40px\u00bb header_font_size_last_edited=\u00bboff|phone\u00bb text_orientation_tablet=\u00bb\u00bb text_orientation_phone=\u00bbcenter\u00bb text_orientation_last_edited=\u00bbon|phone\u00bb saved_tabs=\u00bball\u00bb global_colors_info=\u00bb{}\u00bb]<\/p>\n<h1>Primer campeonato en alevines<\/h1>\n<p>[\/et_pb_text][\/et_pb_column][\/et_pb_row][\/et_pb_section][et_pb_section fb_built=\u00bb1&#8243; custom_padding_last_edited=\u00bbon|phone\u00bb _builder_version=\u00bb4.9.7&#8243; _module_preset=\u00bbdefault\u00bb custom_margin=\u00bb||||false|false\u00bb custom_padding=\u00bb||2px|||\u00bb custom_padding_tablet=\u00bb\u00bb custom_padding_phone=\u00bb0px||||false|false\u00bb locked=\u00bboff\u00bb collapsed=\u00bboff\u00bb global_colors_info=\u00bb{}\u00bb][et_pb_row _builder_version=\u00bb4.9.4&#8243; _module_preset=\u00bbdefault\u00bb collapsed=\u00bbon\u00bb global_colors_info=\u00bb{}\u00bb][et_pb_column type=\u00bb4_4&#8243; _builder_version=\u00bb4.9.4&#8243; _module_preset=\u00bbdefault\u00bb global_colors_info=\u00bb{}\u00bb][et_pb_text admin_label=\u00bbTexto Subrayado\u00bb module_class=\u00bbtexto-subrayado\u00bb _builder_version=\u00bb4.10.2&#8243; _module_preset=\u00bbdefault\u00bb text_font=\u00bbITC Avant Garde Gothic Std &#8211; Book||||||||\u00bb text_text_color=\u00bb#000000&#8243; text_font_size=\u00bb5.5vw\u00bb text_line_height=\u00bb1.2em\u00bb text_orientation=\u00bbcenter\u00bb text_font_size_tablet=\u00bb\u00bb text_font_size_phone=\u00bb32px\u00bb text_font_size_last_edited=\u00bbon|phone\u00bb saved_tabs=\u00bball\u00bb global_colors_info=\u00bb{}\u00bb]Pese a jugar campeonatos, la participaci\u00f3n tiene m\u00e1s importancia que el resultado.[\/et_pb_text][et_pb_image src=\u00bbhttps:\/\/www.stl.eus\/wp-content\/uploads\/Flecha-larga-naranja-bajo.svg\u00bb title_text=\u00bbFlecha Larga Naranja Bajo\u00bb align=\u00bbcenter\u00bb admin_label=\u00bbFlecha abajo\u00bb _builder_version=\u00bb4.9.4&#8243; _module_preset=\u00bbdefault\u00bb custom_padding=\u00bb20px||||false|false\u00bb global_colors_info=\u00bb{}\u00bb][\/et_pb_image][\/et_pb_column][\/et_pb_row][et_pb_row column_structure=\u00bb1_3,1_3,1_3&#8243; use_custom_gutter=\u00bbon\u00bb gutter_width=\u00bb2&#8243; admin_label=\u00bbTexto tres columnas\u00bb _builder_version=\u00bb4.9.4&#8243; _module_preset=\u00bbdefault\u00bb collapsed=\u00bbon\u00bb global_colors_info=\u00bb{}\u00bb][et_pb_column type=\u00bb1_3&#8243; _builder_version=\u00bb4.9.4&#8243; _module_preset=\u00bbdefault\u00bb global_colors_info=\u00bb{}\u00bb][et_pb_text _builder_version=\u00bb4.9.7&#8243; _module_preset=\u00bbdefault\u00bb text_font=\u00bb||||||||\u00bb text_text_color=\u00bb#000000&#8243; text_font_size=\u00bb30px\u00bb custom_padding_tablet=\u00bb\u00bb custom_padding_phone=\u00bb||20px||false|false\u00bb custom_padding_last_edited=\u00bbon|phone\u00bb text_font_size_tablet=\u00bb\u00bb text_font_size_phone=\u00bb16px\u00bb text_font_size_last_edited=\u00bbon|phone\u00bb custom_css_main_element=\u00bbfont-size: calc( 22px + 0.41vw );\u00bb global_colors_info=\u00bb{}\u00bb]<\/p>\n<p>Tomando como punto de partida la nataci\u00f3n y el atletismo en 5\u00ba curso de <a href=\"https:\/\/www.stl.eus\/es\/educacion\/educacion-primaria\/\">Educaci\u00f3n Primaria<\/a>, contar\u00e1n con la opci\u00f3n de elegir otros dos deportes de su agrado. En 6\u00ba curso, por el contrario, participan eligiendo sus dos deportes favoritos de entre todos los que se ofertan.<\/p>\n<p>Pese a jugar campeonatos, la participaci\u00f3n tiene m\u00e1s importancia que el resultado.<\/p>\n<p>[\/et_pb_text][\/et_pb_column][et_pb_column type=\u00bb1_3&#8243; _builder_version=\u00bb4.9.4&#8243; _module_preset=\u00bbdefault\u00bb global_colors_info=\u00bb{}\u00bb][et_pb_text _builder_version=\u00bb4.9.7&#8243; _module_preset=\u00bbdefault\u00bb text_font=\u00bb||||||||\u00bb text_text_color=\u00bb#000000&#8243; text_font_size=\u00bb30px\u00bb custom_padding_tablet=\u00bb\u00bb custom_padding_phone=\u00bb||20px||false|false\u00bb custom_padding_last_edited=\u00bbon|phone\u00bb text_font_size_tablet=\u00bb\u00bb text_font_size_phone=\u00bb16px\u00bb text_font_size_last_edited=\u00bbon|phone\u00bb custom_css_main_element=\u00bbfont-size: calc( 22px + 0.41vw );\u00bb locked=\u00bboff\u00bb global_colors_info=\u00bb{}\u00bb]<\/p>\n<p>Durante esta etapa, se realiza una toma de contacto con el deporte en cuesti\u00f3n, adquiriendo las t\u00e9cnicas b\u00e1sicas con vistas a profundizar posteriormente.<\/p>\n<p>Experimentamos buenas vivencias con el deporte y es un periodo importante para afianzar los h\u00e1bitos de higiene.<\/p>\n<p>[\/et_pb_text][\/et_pb_column][et_pb_column type=\u00bb1_3&#8243; _builder_version=\u00bb4.9.4&#8243; _module_preset=\u00bbdefault\u00bb global_colors_info=\u00bb{}\u00bb][\/et_pb_column][\/et_pb_row][\/et_pb_section][et_pb_section fb_built=\u00bb1&#8243; _builder_version=\u00bb4.9.7&#8243; _module_preset=\u00bbdefault\u00bb custom_margin=\u00bb0px||||false|false\u00bb custom_padding=\u00bb0px||||false|false\u00bb locked=\u00bboff\u00bb global_colors_info=\u00bb{}\u00bb][et_pb_row _builder_version=\u00bb4.9.7&#8243; _module_preset=\u00bbdefault\u00bb custom_margin=\u00bb||0px||false|false\u00bb custom_padding=\u00bb||0px||false|false\u00bb locked=\u00bboff\u00bb collapsed=\u00bbon\u00bb global_colors_info=\u00bb{}\u00bb][et_pb_column type=\u00bb4_4&#8243; _builder_version=\u00bb4.9.4&#8243; _module_preset=\u00bbdefault\u00bb global_colors_info=\u00bb{}\u00bb][et_pb_text admin_label=\u00bbTexto &#8211; Ongi etorri\u00bb _builder_version=\u00bb4.10.8&#8243; _module_preset=\u00bbdefault\u00bb text_font=\u00bbITC Avant Garde Gothic Std &#8211; Demi||||||||\u00bb text_text_color=\u00bb#ff611d\u00bb text_font_size=\u00bb27px\u00bb header_2_font=\u00bbITC Avant Garde Gothic Std &#8211; Demi||||||||\u00bb header_2_text_color=\u00bb#ff611d\u00bb text_font_size_tablet=\u00bb\u00bb text_font_size_phone=\u00bb19px\u00bb text_font_size_last_edited=\u00bbon|phone\u00bb global_colors_info=\u00bb{}\u00bb]<\/p>\n<h2>Los alevines participan en los siguientes deportes:<\/h2>\n<p>[\/et_pb_text][\/et_pb_column][\/et_pb_row][et_pb_row column_structure=\u00bb1_3,1_3,1_3&#8243; use_custom_gutter=\u00bbon\u00bb gutter_width=\u00bb2&#8243; _builder_version=\u00bb4.9.7&#8243; _module_preset=\u00bbdefault\u00bb global_colors_info=\u00bb{}\u00bb][et_pb_column type=\u00bb1_3&#8243; _builder_version=\u00bb4.9.7&#8243; _module_preset=\u00bbdefault\u00bb global_colors_info=\u00bb{}\u00bb][et_pb_text admin_label=\u00bbAtletismoa\u00bb module_class=\u00bbFicha FichaKirola\u00bb _builder_version=\u00bb4.10.5&#8243; _dynamic_attributes=\u00bblink_option_url\u00bb _module_preset=\u00bbdefault\u00bb text_font=\u00bbITC Avant Garde Gothic Std &#8211; Demi||||||||\u00bb text_text_color=\u00bb#ff611d\u00bb text_font_size=\u00bb4.16vw\u00bb text_line_height=\u00bb0.8em\u00bb background_image=\u00bbhttps:\/\/www.stl.eus\/wp-content\/uploads\/kirola-mini-atletismoa-donostia-lizeoa-ikastola001-1.jpg\u00bb text_orientation=\u00bbcenter\u00bb max_width=\u00bb535px\u00bb height=\u00bb745px\u00bb custom_margin_tablet=\u00bb||10vw||false|false\u00bb custom_margin_phone=\u00bb||10vw||false|false\u00bb custom_margin_last_edited=\u00bbon|tablet\u00bb custom_padding=\u00bb0px|0px|0px|0px|true|true\u00bb link_option_url=\u00bb@ET-DC@eyJkeW5hbWljIjp0cnVlLCJjb250ZW50IjoicG9zdF9saW5rX3VybF9wYWdlIiwic2V0dGluZ3MiOnsicG9zdF9pZCI6IjUxMTgifX0=@\u00bb text_font_size_tablet=\u00bb\u00bb text_font_size_phone=\u00bb45px\u00bb text_font_size_last_edited=\u00bbon|phone\u00bb global_module=\u00bb5132&#8243; saved_tabs=\u00bball\u00bb global_colors_info=\u00bb{}\u00bb]<\/p>\n<p>Atletismo<\/p>\n<p>[\/et_pb_text][et_pb_text admin_label=\u00bbSaskibaloia\u00bb module_class=\u00bbFicha FichaKirola\u00bb _builder_version=\u00bb4.10.5&#8243; _dynamic_attributes=\u00bblink_option_url\u00bb _module_preset=\u00bbdefault\u00bb text_font=\u00bbITC Avant Garde Gothic Std &#8211; Demi||||||||\u00bb text_text_color=\u00bb#ff611d\u00bb text_font_size=\u00bb3.8vw\u00bb text_line_height=\u00bb0.8em\u00bb background_image=\u00bbhttps:\/\/www.stl.eus\/wp-content\/uploads\/kirola-mini-saskibaloia-donostia-lizeoa-ikastola001-1.jpg\u00bb text_orientation=\u00bbcenter\u00bb max_width=\u00bb535px\u00bb height=\u00bb745px\u00bb custom_margin_tablet=\u00bb||10vw||false|false\u00bb custom_margin_phone=\u00bb||10vw||false|false\u00bb custom_margin_last_edited=\u00bbon|tablet\u00bb custom_padding=\u00bb0px|0px|0px|0px|true|true\u00bb link_option_url=\u00bb@ET-DC@eyJkeW5hbWljIjp0cnVlLCJjb250ZW50IjoicG9zdF9saW5rX3VybF9wYWdlIiwic2V0dGluZ3MiOnsicG9zdF9pZCI6IjUxMTQifX0=@\u00bb text_font_size_tablet=\u00bb\u00bb text_font_size_phone=\u00bb45px\u00bb text_font_size_last_edited=\u00bbon|phone\u00bb global_module=\u00bb5135&#8243; saved_tabs=\u00bball\u00bb global_colors_info=\u00bb{}\u00bb]<\/p>\n<p>Baloncesto<\/p>\n<p>[\/et_pb_text][\/et_pb_column][et_pb_column type=\u00bb1_3&#8243; _builder_version=\u00bb4.9.7&#8243; _module_preset=\u00bbdefault\u00bb global_colors_info=\u00bb{}\u00bb][et_pb_text admin_label=\u00bbIgeriketa\u00bb module_class=\u00bbFicha FichaKirola\u00bb _builder_version=\u00bb4.10.5&#8243; _dynamic_attributes=\u00bblink_option_url\u00bb _module_preset=\u00bbdefault\u00bb text_font=\u00bbITC Avant Garde Gothic Std &#8211; Demi||||||||\u00bb text_text_color=\u00bb#ff611d\u00bb text_font_size=\u00bb4.13vw\u00bb text_line_height=\u00bb0.8em\u00bb background_image=\u00bbhttps:\/\/www.stl.eus\/wp-content\/uploads\/kirola-mini-igeriketa-taula-donostia-lizeoa-ikastola001.jpg\u00bb text_orientation=\u00bbcenter\u00bb max_width=\u00bb535px\u00bb height=\u00bb745px\u00bb custom_margin_tablet=\u00bb||10vw||false|false\u00bb custom_margin_phone=\u00bb||10vw||false|false\u00bb custom_margin_last_edited=\u00bbon|tablet\u00bb custom_padding=\u00bb0px|0px|0px|0px|true|true\u00bb link_option_url=\u00bb@ET-DC@eyJkeW5hbWljIjp0cnVlLCJjb250ZW50IjoicG9zdF9saW5rX3VybF9wYWdlIiwic2V0dGluZ3MiOnsicG9zdF9pZCI6IjUxMjgifX0=@\u00bb text_font_size_tablet=\u00bb\u00bb text_font_size_phone=\u00bb45px\u00bb text_font_size_last_edited=\u00bbon|phone\u00bb global_module=\u00bb5133&#8243; saved_tabs=\u00bball\u00bb global_colors_info=\u00bb{}\u00bb]<\/p>\n<p>Nataci\u00f3n<\/p>\n<p>[\/et_pb_text][et_pb_text admin_label=\u00bbHockeya\u00bb module_class=\u00bbFicha FichaKirola\u00bb _builder_version=\u00bb4.10.5&#8243; _dynamic_attributes=\u00bblink_option_url\u00bb _module_preset=\u00bbdefault\u00bb text_font=\u00bbITC Avant Garde Gothic Std &#8211; Demi||||||||\u00bb text_text_color=\u00bb#ff611d\u00bb text_font_size=\u00bb4.16vw\u00bb text_line_height=\u00bb1em\u00bb background_image=\u00bbhttps:\/\/www.stl.eus\/wp-content\/uploads\/kirola-mini-hockey-2-donostia-lizeoa-ikastola001.jpg\u00bb text_orientation=\u00bbcenter\u00bb max_width=\u00bb535px\u00bb height=\u00bb745px\u00bb custom_margin_tablet=\u00bb||10vw||false|false\u00bb custom_margin_phone=\u00bb||10vw||false|false\u00bb custom_margin_last_edited=\u00bbon|tablet\u00bb custom_padding=\u00bb0px|0px|0px|0px|true|true\u00bb link_option_url=\u00bb@ET-DC@eyJkeW5hbWljIjp0cnVlLCJjb250ZW50IjoicG9zdF9saW5rX3VybF9wYWdlIiwic2V0dGluZ3MiOnsicG9zdF9pZCI6IjUxMjUifX0=@\u00bb text_font_size_tablet=\u00bb\u00bb text_font_size_phone=\u00bb45px\u00bb text_font_size_last_edited=\u00bbon|phone\u00bb global_module=\u00bb5136&#8243; saved_tabs=\u00bball\u00bb global_colors_info=\u00bb{}\u00bb]<\/p>\n<p>Hockey<\/p>\n<p>[\/et_pb_text][\/et_pb_column][et_pb_column type=\u00bb1_3&#8243; _builder_version=\u00bb4.9.7&#8243; _module_preset=\u00bbdefault\u00bb global_colors_info=\u00bb{}\u00bb][et_pb_text admin_label=\u00bbPilota\u00bb module_class=\u00bbFicha FichaKirola\u00bb _builder_version=\u00bb4.10.5&#8243; _dynamic_attributes=\u00bblink_option_url\u00bb _module_preset=\u00bbdefault\u00bb text_font=\u00bbITC Avant Garde Gothic Std &#8211; Demi||||||||\u00bb text_text_color=\u00bb#ff611d\u00bb text_font_size=\u00bb4.16vw\u00bb text_line_height=\u00bb0.8em\u00bb background_image=\u00bbhttps:\/\/www.stl.eus\/wp-content\/uploads\/kirola-mini-pilota-donostia-lizeoa-ikastola001.jpg\u00bb text_orientation=\u00bbcenter\u00bb max_width=\u00bb535px\u00bb height=\u00bb745px\u00bb custom_margin_tablet=\u00bb||10vw||false|false\u00bb custom_margin_phone=\u00bb||10vw||false|false\u00bb custom_margin_last_edited=\u00bbon|tablet\u00bb custom_padding=\u00bb0px|0px|0px|0px|true|true\u00bb link_option_url=\u00bb@ET-DC@eyJkeW5hbWljIjp0cnVlLCJjb250ZW50IjoicG9zdF9saW5rX3VybF9wYWdlIiwic2V0dGluZ3MiOnsicG9zdF9pZCI6IjUxMTEifX0=@\u00bb text_font_size_tablet=\u00bb\u00bb text_font_size_phone=\u00bb45px\u00bb text_font_size_last_edited=\u00bbon|phone\u00bb global_module=\u00bb5134&#8243; saved_tabs=\u00bball\u00bb global_colors_info=\u00bb{}\u00bb]<\/p>\n<p>Pelota<\/p>\n<p>[\/et_pb_text][et_pb_text admin_label=\u00bbFutbola\u00bb module_class=\u00bbFicha FichaKirola\u00bb _builder_version=\u00bb4.10.5&#8243; _dynamic_attributes=\u00bblink_option_url\u00bb _module_preset=\u00bbdefault\u00bb text_font=\u00bbITC Avant Garde Gothic Std &#8211; Demi||||||||\u00bb text_text_color=\u00bb#ff611d\u00bb text_font_size=\u00bb4.13vw\u00bb text_line_height=\u00bb0.8em\u00bb background_image=\u00bbhttps:\/\/www.stl.eus\/wp-content\/uploads\/kirola-mini-futbola-1-donostia-lizeoa-ikastola001.jpg\u00bb text_orientation=\u00bbcenter\u00bb max_width=\u00bb535px\u00bb height=\u00bb745px\u00bb custom_margin_tablet=\u00bb||10vw||false|false\u00bb custom_margin_phone=\u00bb||10vw||false|false\u00bb custom_margin_last_edited=\u00bbon|tablet\u00bb custom_padding=\u00bb0px|0px|0px|0px|true|true\u00bb link_option_url=\u00bb@ET-DC@eyJkeW5hbWljIjp0cnVlLCJjb250ZW50IjoicG9zdF9saW5rX3VybF9wYWdlIiwic2V0dGluZ3MiOnsicG9zdF9pZCI6IjUxMjIifX0=@\u00bb text_font_size_tablet=\u00bb\u00bb text_font_size_phone=\u00bb45px\u00bb text_font_size_last_edited=\u00bbon|phone\u00bb global_module=\u00bb5137&#8243; saved_tabs=\u00bball\u00bb global_colors_info=\u00bb{}\u00bb]<\/p>\n<p><span style=\"vertical-align: inherit;\"><span style=\"vertical-align: inherit;\">futbol<\/span><\/span><\/p>\n<p><span style=\"vertical-align: inherit;\"><span style=\"vertical-align: inherit;\">[\/et_pb_text][\/et_pb_column][\/et_pb_row][\/et_pb_section]<\/span><\/span><\/p>\n","protected":false},"excerpt":{"rendered":"<p>Primer campeonato en alevines <div class=\"et_pb_module lwp_divi_breadcrumbs lwp_divi_breadcrumbs_0 migadepan\">\n\t\t\t\t\n\t\t\t\t\n\t\t\t\t\n\t\t\t\t\n\t\t\t\t\n\t\t\t\t\n\t\t\t\t<div class=\"et_pb_module_inner\">\n\t\t\t\t\t<div class=\"lwp-breadcrumbs\"> <span class=\"before\"><\/span> <span vocab=\"https:\/\/schema.org\/\" typeof=\"BreadcrumbList\"><span property=\"itemListElement\" typeof=\"ListItem\"><a property=\"item\" typeof=\"WebPage\" href=\"https:\/\/www.stl.eus\/es\/\" class=\"home\"><span property=\"name\">\ue009<\/span><\/a><meta property=\"position\" content=\"1\"><\/span> <span class=\"separator et-pb-icon\">5<\/span> <\/span><\/div>\n\t\t\t\t<\/div>\n\t\t\t<\/div> Primer campeonato en alevines Pese a jugar campeonatos, la participaci\u00f3n tiene m\u00e1s importancia que el resultado. Tomando como punto de partida la nataci\u00f3n y el atletismo en [&hellip;]<\/p>\n","protected":false},"author":1,"featured_media":0,"parent":4470,"menu_order":0,"comment_status":"closed","ping_status":"closed","template":"","meta":{"_et_pb_use_builder":"on","_et_pb_old_content":"","_et_gb_content_width":"","footnotes":""},"class_list":["post-4302","page","type-page","status-publish","hentry"],"yoast_head":"<!-- This site is optimized with the Yoast SEO plugin v27.5 - https:\/\/yoast.com\/product\/yoast-seo-wordpress\/ -->\n<title>Categor\u00eda Alev\u00edn - Ikastola Santo Tomas Lizeoa<\/title>\n<meta name=\"description\" content=\"Durante esta etapa, se adquieren las t\u00e9cnicas b\u00e1sicas con vistas a profundizar posteriormente. Periodo importante para afianzar los h\u00e1bitos.\" \/>\n<meta name=\"robots\" content=\"index, follow, max-snippet:-1, max-image-preview:large, max-video-preview:-1\" \/>\n<link rel=\"canonical\" href=\"https:\/\/www.stl.eus\/es\/deporte\/alevines\/\" \/>\n<meta property=\"og:locale\" content=\"es_ES\" \/>\n<meta property=\"og:type\" content=\"article\" \/>\n<meta property=\"og:title\" content=\"Categor\u00eda Alev\u00edn - Ikastola Santo Tomas Lizeoa\" \/>\n<meta property=\"og:description\" content=\"Durante esta etapa, se adquieren las t\u00e9cnicas b\u00e1sicas con vistas a profundizar posteriormente. Periodo importante para afianzar los h\u00e1bitos.\" \/>\n<meta property=\"og:url\" content=\"https:\/\/www.stl.eus\/es\/deporte\/alevines\/\" \/>\n<meta property=\"og:site_name\" content=\"Santo Tomas Lizeoa\" \/>\n<meta property=\"article:modified_time\" content=\"2022-03-29T08:32:28+00:00\" \/>\n<meta name=\"twitter:card\" content=\"summary_large_image\" \/>\n<meta name=\"twitter:site\" content=\"@stl_ikastola\" \/>\n<meta name=\"twitter:label1\" content=\"Tiempo de lectura\" \/>\n\t<meta name=\"twitter:data1\" content=\"3 minutos\" \/>\n<script type=\"application\/ld+json\" class=\"yoast-schema-graph\">{\"@context\":\"https:\\\/\\\/schema.org\",\"@graph\":[{\"@type\":\"WebPage\",\"@id\":\"https:\\\/\\\/www.stl.eus\\\/es\\\/deporte\\\/alevines\\\/\",\"url\":\"https:\\\/\\\/www.stl.eus\\\/es\\\/deporte\\\/alevines\\\/\",\"name\":\"Categor\u00eda Alev\u00edn - Ikastola Santo Tomas Lizeoa\",\"isPartOf\":{\"@id\":\"https:\\\/\\\/www.stl.eus\\\/es\\\/#website\"},\"datePublished\":\"2021-08-16T06:44:58+00:00\",\"dateModified\":\"2022-03-29T08:32:28+00:00\",\"description\":\"Durante esta etapa, se adquieren las t\u00e9cnicas b\u00e1sicas con vistas a profundizar posteriormente. Periodo importante para afianzar los h\u00e1bitos.\",\"breadcrumb\":{\"@id\":\"https:\\\/\\\/www.stl.eus\\\/es\\\/deporte\\\/alevines\\\/#breadcrumb\"},\"inLanguage\":\"es\",\"potentialAction\":[{\"@type\":\"ReadAction\",\"target\":[\"https:\\\/\\\/www.stl.eus\\\/es\\\/deporte\\\/alevines\\\/\"]}]},{\"@type\":\"BreadcrumbList\",\"@id\":\"https:\\\/\\\/www.stl.eus\\\/es\\\/deporte\\\/alevines\\\/#breadcrumb\",\"itemListElement\":[{\"@type\":\"ListItem\",\"position\":1,\"name\":\"Home\",\"item\":\"https:\\\/\\\/www.stl.eus\\\/es\\\/\"},{\"@type\":\"ListItem\",\"position\":2,\"name\":\"Deporte\",\"item\":\"https:\\\/\\\/www.stl.eus\\\/es\\\/deporte\\\/\"},{\"@type\":\"ListItem\",\"position\":3,\"name\":\"Alevines\"}]},{\"@type\":\"WebSite\",\"@id\":\"https:\\\/\\\/www.stl.eus\\\/es\\\/#website\",\"url\":\"https:\\\/\\\/www.stl.eus\\\/es\\\/\",\"name\":\"Santo Tomas Lizeoa\",\"description\":\"\",\"publisher\":{\"@id\":\"https:\\\/\\\/www.stl.eus\\\/es\\\/#organization\"},\"potentialAction\":[{\"@type\":\"SearchAction\",\"target\":{\"@type\":\"EntryPoint\",\"urlTemplate\":\"https:\\\/\\\/www.stl.eus\\\/es\\\/?s={search_term_string}\"},\"query-input\":{\"@type\":\"PropertyValueSpecification\",\"valueRequired\":true,\"valueName\":\"search_term_string\"}}],\"inLanguage\":\"es\"},{\"@type\":\"Organization\",\"@id\":\"https:\\\/\\\/www.stl.eus\\\/es\\\/#organization\",\"name\":\"Santo Tomas Lizeoa\",\"url\":\"https:\\\/\\\/www.stl.eus\\\/es\\\/\",\"logo\":{\"@type\":\"ImageObject\",\"inLanguage\":\"es\",\"@id\":\"https:\\\/\\\/www.stl.eus\\\/es\\\/#\\\/schema\\\/logo\\\/image\\\/\",\"url\":\"https:\\\/\\\/www.stl.eus\\\/wp-content\\\/uploads\\\/2021\\\/06\\\/SantoTomasLizeoa-logo-naranja.svg\",\"contentUrl\":\"https:\\\/\\\/www.stl.eus\\\/wp-content\\\/uploads\\\/2021\\\/06\\\/SantoTomasLizeoa-logo-naranja.svg\",\"width\":1,\"height\":1,\"caption\":\"Santo Tomas Lizeoa\"},\"image\":{\"@id\":\"https:\\\/\\\/www.stl.eus\\\/es\\\/#\\\/schema\\\/logo\\\/image\\\/\"},\"sameAs\":[\"https:\\\/\\\/x.com\\\/stl_ikastola\",\"https:\\\/\\\/www.instagram.com\\\/p\\\/CTzVTj3r8NQ\\\/\",\"https:\\\/\\\/www.youtube.com\\\/c\\\/SantoTomasLizeoaIkastola\"]}]}<\/script>\n<!-- \/ Yoast SEO plugin. -->","yoast_head_json":{"title":"Categor\u00eda Alev\u00edn - Ikastola Santo Tomas Lizeoa","description":"Durante esta etapa, se adquieren las t\u00e9cnicas b\u00e1sicas con vistas a profundizar posteriormente. Periodo importante para afianzar los h\u00e1bitos.","robots":{"index":"index","follow":"follow","max-snippet":"max-snippet:-1","max-image-preview":"max-image-preview:large","max-video-preview":"max-video-preview:-1"},"canonical":"https:\/\/www.stl.eus\/es\/deporte\/alevines\/","og_locale":"es_ES","og_type":"article","og_title":"Categor\u00eda Alev\u00edn - Ikastola Santo Tomas Lizeoa","og_description":"Durante esta etapa, se adquieren las t\u00e9cnicas b\u00e1sicas con vistas a profundizar posteriormente. Periodo importante para afianzar los h\u00e1bitos.","og_url":"https:\/\/www.stl.eus\/es\/deporte\/alevines\/","og_site_name":"Santo Tomas Lizeoa","article_modified_time":"2022-03-29T08:32:28+00:00","twitter_card":"summary_large_image","twitter_site":"@stl_ikastola","twitter_misc":{"Tiempo de lectura":"3 minutos"},"schema":{"@context":"https:\/\/schema.org","@graph":[{"@type":"WebPage","@id":"https:\/\/www.stl.eus\/es\/deporte\/alevines\/","url":"https:\/\/www.stl.eus\/es\/deporte\/alevines\/","name":"Categor\u00eda Alev\u00edn - Ikastola Santo Tomas Lizeoa","isPartOf":{"@id":"https:\/\/www.stl.eus\/es\/#website"},"datePublished":"2021-08-16T06:44:58+00:00","dateModified":"2022-03-29T08:32:28+00:00","description":"Durante esta etapa, se adquieren las t\u00e9cnicas b\u00e1sicas con vistas a profundizar posteriormente. Periodo importante para afianzar los h\u00e1bitos.","breadcrumb":{"@id":"https:\/\/www.stl.eus\/es\/deporte\/alevines\/#breadcrumb"},"inLanguage":"es","potentialAction":[{"@type":"ReadAction","target":["https:\/\/www.stl.eus\/es\/deporte\/alevines\/"]}]},{"@type":"BreadcrumbList","@id":"https:\/\/www.stl.eus\/es\/deporte\/alevines\/#breadcrumb","itemListElement":[{"@type":"ListItem","position":1,"name":"Home","item":"https:\/\/www.stl.eus\/es\/"},{"@type":"ListItem","position":2,"name":"Deporte","item":"https:\/\/www.stl.eus\/es\/deporte\/"},{"@type":"ListItem","position":3,"name":"Alevines"}]},{"@type":"WebSite","@id":"https:\/\/www.stl.eus\/es\/#website","url":"https:\/\/www.stl.eus\/es\/","name":"Santo Tomas Lizeoa","description":"","publisher":{"@id":"https:\/\/www.stl.eus\/es\/#organization"},"potentialAction":[{"@type":"SearchAction","target":{"@type":"EntryPoint","urlTemplate":"https:\/\/www.stl.eus\/es\/?s={search_term_string}"},"query-input":{"@type":"PropertyValueSpecification","valueRequired":true,"valueName":"search_term_string"}}],"inLanguage":"es"},{"@type":"Organization","@id":"https:\/\/www.stl.eus\/es\/#organization","name":"Santo Tomas Lizeoa","url":"https:\/\/www.stl.eus\/es\/","logo":{"@type":"ImageObject","inLanguage":"es","@id":"https:\/\/www.stl.eus\/es\/#\/schema\/logo\/image\/","url":"https:\/\/www.stl.eus\/wp-content\/uploads\/2021\/06\/SantoTomasLizeoa-logo-naranja.svg","contentUrl":"https:\/\/www.stl.eus\/wp-content\/uploads\/2021\/06\/SantoTomasLizeoa-logo-naranja.svg","width":1,"height":1,"caption":"Santo Tomas Lizeoa"},"image":{"@id":"https:\/\/www.stl.eus\/es\/#\/schema\/logo\/image\/"},"sameAs":["https:\/\/x.com\/stl_ikastola","https:\/\/www.instagram.com\/p\/CTzVTj3r8NQ\/","https:\/\/www.youtube.com\/c\/SantoTomasLizeoaIkastola"]}]}},"_links":{"self":[{"href":"https:\/\/www.stl.eus\/es\/wp-json\/wp\/v2\/pages\/4302","targetHints":{"allow":["GET"]}}],"collection":[{"href":"https:\/\/www.stl.eus\/es\/wp-json\/wp\/v2\/pages"}],"about":[{"href":"https:\/\/www.stl.eus\/es\/wp-json\/wp\/v2\/types\/page"}],"author":[{"embeddable":true,"href":"https:\/\/www.stl.eus\/es\/wp-json\/wp\/v2\/users\/1"}],"replies":[{"embeddable":true,"href":"https:\/\/www.stl.eus\/es\/wp-json\/wp\/v2\/comments?post=4302"}],"version-history":[{"count":0,"href":"https:\/\/www.stl.eus\/es\/wp-json\/wp\/v2\/pages\/4302\/revisions"}],"up":[{"embeddable":true,"href":"https:\/\/www.stl.eus\/es\/wp-json\/wp\/v2\/pages\/4470"}],"wp:attachment":[{"href":"https:\/\/www.stl.eus\/es\/wp-json\/wp\/v2\/media?parent=4302"}],"curies":[{"name":"wp","href":"https:\/\/api.w.org\/{rel}","templated":true}]}}