{"id":4287,"date":"2021-08-13T13:42:26","date_gmt":"2021-08-13T11:42:26","guid":{"rendered":"https:\/\/berria.santotomaslizeoa.net\/eso-11-16-anos\/"},"modified":"2025-06-20T09:02:16","modified_gmt":"2025-06-20T07:02:16","slug":"educacion-secundaria-obligatoria-12-16-anos","status":"publish","type":"page","link":"https:\/\/www.stl.eus\/es\/hedatuz\/educacion-secundaria-obligatoria-12-16-anos\/","title":{"rendered":"Educaci\u00f3n Secundaria Obligatoria (12-16 a\u00f1os)"},"content":{"rendered":"<p>[et_pb_section fb_built=\u00bb1&#8243; fullwidth=\u00bbon\u00bb _builder_version=\u00bb4.16&#8243; _module_preset=\u00bbdefault\u00bb custom_margin=\u00bb0px|0px|0px|0px|true|true\u00bb custom_padding=\u00bb0px|0px|0px|0px|true|true\u00bb locked=\u00bboff\u00bb collapsed=\u00bboff\u00bb global_colors_info=\u00bb{}\u00bb][et_pb_fullwidth_header _builder_version=\u00bb4.16&#8243; _module_preset=\u00bbdefault\u00bb title_font=\u00bbITC Avant Garde Gothic Std &#8211; Demi||||||||\u00bb title_text_align=\u00bbcenter\u00bb title_text_color=\u00bb#ff611d\u00bb title_font_size=\u00bb3.8vw\u00bb background_color=\u00bb#FFFFFF\u00bb background_enable_color=\u00bboff\u00bb background_image=\u00bbhttps:\/\/www.stl.eus\/wp-content\/uploads\/hedatuz-atala-dbh-hezkuntza-antzerkia-donostia-lizeoa-ikastola.jpg\u00bb custom_margin=\u00bb0px|0px|0px|0px|true|true\u00bb custom_padding=\u00bb0px|0px|0px|0px|true|true\u00bb title_font_size_tablet=\u00bb\u00bb title_font_size_phone=\u00bb0px\u00bb title_font_size_last_edited=\u00bbon|desktop\u00bb custom_css_main_element=\u00bb||\u00bb custom_css_header_container=\u00bbheight: 50vh;||min-height: 33vw;\u00bb custom_css_title=\u00bb||||\u00bb saved_tabs=\u00bball\u00bb global_colors_info=\u00bb{}\u00bb]<\/p>\n<h1>Hedatuz en Educaci\u00f3n <br \/>Secundaria Obligatoria (ESO)<\/h1>\n<p>[\/et_pb_fullwidth_header][\/et_pb_section][et_pb_section fb_built=\u00bb1&#8243; disabled_on=\u00bboff|off|off\u00bb _builder_version=\u00bb4.16&#8243; _module_preset=\u00bbdefault\u00bb custom_margin=\u00bb0px||0px||true|false\u00bb custom_padding=\u00bb0px||0px||true|false\u00bb border_width_bottom=\u00bb1px\u00bb border_color_bottom=\u00bb#ff611d\u00bb border_width_bottom_tablet=\u00bb\u00bb border_width_bottom_phone=\u00bb0px\u00bb border_width_bottom_last_edited=\u00bbon|phone\u00bb locked=\u00bboff\u00bb global_colors_info=\u00bb{}\u00bb][et_pb_row _builder_version=\u00bb4.16&#8243; _module_preset=\u00bbdefault\u00bb custom_margin=\u00bb0px||0px||true|false\u00bb custom_padding=\u00bb0vw||0vw||true|false\u00bb global_colors_info=\u00bb{}\u00bb][et_pb_column type=\u00bb4_4&#8243; _builder_version=\u00bb4.16&#8243; _module_preset=\u00bbdefault\u00bb global_colors_info=\u00bb{}\u00bb][lwp_divi_breadcrumbs home_text=\u00bb\ue009\u00bb font_icon=\u00bb&#x35;||divi||400&#8243; link_color=\u00bb#ff611d\u00bb separator_color=\u00bb#8e8e8e\u00bb disabled_on=\u00bboff|off|off\u00bb module_class=\u00bbmigadepan\u00bb _builder_version=\u00bb4.16&#8243; _module_preset=\u00bbdefault\u00bb module_font=\u00bbITC Avant Garde Gothic Std &#8211; Demi||||||||\u00bb module_text_align_tablet=\u00bbcenter\u00bb module_text_align_phone=\u00bb\u00bb module_text_align_last_edited=\u00bbon|tablet\u00bb module_font_size_tablet=\u00bb18px\u00bb module_font_size_phone=\u00bb\u00bb module_font_size_last_edited=\u00bbon|phone\u00bb saved_tabs=\u00bball\u00bb global_colors_info=\u00bb{}\u00bb][\/lwp_divi_breadcrumbs][\/et_pb_column][\/et_pb_row][\/et_pb_section][et_pb_section fb_built=\u00bb1&#8243; custom_padding_last_edited=\u00bbon|phone\u00bb disabled_on=\u00bboff|on|on\u00bb admin_label=\u00bbHeader (texto m\u00f3vil)\u00bb _builder_version=\u00bb4.16&#8243; _module_preset=\u00bbdefault\u00bb custom_padding_tablet=\u00bb\u00bb custom_padding_phone=\u00bb||10px||false|false\u00bb locked=\u00bboff\u00bb collapsed=\u00bbon\u00bb global_colors_info=\u00bb{}\u00bb][et_pb_row custom_padding_last_edited=\u00bbon|phone\u00bb _builder_version=\u00bb4.16&#8243; _module_preset=\u00bbdefault\u00bb custom_padding_tablet=\u00bb\u00bb custom_padding_phone=\u00bb0px||0px||false|false\u00bb global_colors_info=\u00bb{}\u00bb][et_pb_column type=\u00bb4_4&#8243; _builder_version=\u00bb4.16&#8243; _module_preset=\u00bbdefault\u00bb global_colors_info=\u00bb{}\u00bb][et_pb_text content_phone=\u00bb<\/p>\n<h1>Imagina un lugar&#8230;<\/h1>\n<p>\u00bb content_last_edited=\u00bboff|phone\u00bb admin_label=\u00bbText (m\u00f3vil)\u00bb _builder_version=\u00bb4.16&#8243; _module_preset=\u00bbdefault\u00bb header_font=\u00bb||||||||\u00bb header_text_align=\u00bbcenter\u00bb header_text_color=\u00bb#ff611d\u00bb header_font_size=\u00bb40px\u00bb header_font_tablet=\u00bb\u00bb header_font_phone=\u00bbITC Avant Garde Gothic Std &#8211; Demi||||||||\u00bb header_font_last_edited=\u00bbon|phone\u00bb header_text_color_tablet=\u00bb\u00bb header_text_color_phone=\u00bb#ff611d\u00bb header_text_color_last_edited=\u00bbon|phone\u00bb header_font_size_phone=\u00bb40px\u00bb header_font_size_last_edited=\u00bboff|phone\u00bb text_orientation_tablet=\u00bb\u00bb text_orientation_phone=\u00bbcenter\u00bb text_orientation_last_edited=\u00bbon|phone\u00bb saved_tabs=\u00bball\u00bb global_colors_info=\u00bb{}\u00bb]<\/p>\n<h1>Hedatuz en Educaci\u00f3n<br \/>Secundaria Obligatoria (ESO)<\/h1>\n<p>[\/et_pb_text][\/et_pb_column][\/et_pb_row][\/et_pb_section][et_pb_section fb_built=\u00bb1&#8243; custom_padding_last_edited=\u00bbon|phone\u00bb _builder_version=\u00bb4.16&#8243; _module_preset=\u00bbdefault\u00bb custom_margin=\u00bb||||false|false\u00bb custom_padding=\u00bb||2px|||\u00bb custom_padding_tablet=\u00bb\u00bb custom_padding_phone=\u00bb0px||||false|false\u00bb locked=\u00bboff\u00bb collapsed=\u00bboff\u00bb global_colors_info=\u00bb{}\u00bb][et_pb_row _builder_version=\u00bb4.16&#8243; _module_preset=\u00bbdefault\u00bb collapsed=\u00bbon\u00bb global_colors_info=\u00bb{}\u00bb][et_pb_column type=\u00bb4_4&#8243; _builder_version=\u00bb4.16&#8243; _module_preset=\u00bbdefault\u00bb global_colors_info=\u00bb{}\u00bb][et_pb_text admin_label=\u00bbTexto Subrayado\u00bb module_class=\u00bbtexto-subrayado\u00bb _builder_version=\u00bb4.16&#8243; _module_preset=\u00bbdefault\u00bb text_font=\u00bbITC Avant Garde Gothic Std &#8211; Book||||||||\u00bb text_text_color=\u00bb#000000&#8243; text_font_size=\u00bb5.5vw\u00bb text_line_height=\u00bb1.2em\u00bb text_orientation=\u00bbcenter\u00bb text_font_size_tablet=\u00bb\u00bb text_font_size_phone=\u00bb32px\u00bb text_font_size_last_edited=\u00bbon|phone\u00bb saved_tabs=\u00bball\u00bb global_colors_info=\u00bb{}\u00bb]Contamos con oportunidades de satisfacer distintos intereses y necesidades de cada persona.[\/et_pb_text][et_pb_image src=\u00bbhttps:\/\/www.stl.eus\/wp-content\/uploads\/Flecha-larga-naranja-bajo.svg\u00bb title_text=\u00bbFlecha Larga Naranja Bajo\u00bb align=\u00bbcenter\u00bb admin_label=\u00bbFlecha abajo\u00bb _builder_version=\u00bb4.16&#8243; _module_preset=\u00bbdefault\u00bb custom_padding=\u00bb20px||||false|false\u00bb global_colors_info=\u00bb{}\u00bb][\/et_pb_image][\/et_pb_column][\/et_pb_row][et_pb_row column_structure=\u00bb1_3,1_3,1_3&#8243; use_custom_gutter=\u00bbon\u00bb gutter_width=\u00bb2&#8243; admin_label=\u00bbTexto tres columnas\u00bb _builder_version=\u00bb4.16&#8243; _module_preset=\u00bbdefault\u00bb collapsed=\u00bbon\u00bb global_colors_info=\u00bb{}\u00bb][et_pb_column type=\u00bb1_3&#8243; _builder_version=\u00bb4.16&#8243; _module_preset=\u00bbdefault\u00bb global_colors_info=\u00bb{}\u00bb][et_pb_text _builder_version=\u00bb4.16&#8243; _module_preset=\u00bbdefault\u00bb text_font=\u00bb||||||||\u00bb text_text_color=\u00bb#000000&#8243; text_font_size=\u00bb30px\u00bb custom_padding_tablet=\u00bb\u00bb custom_padding_phone=\u00bb||20px||false|false\u00bb custom_padding_last_edited=\u00bbon|phone\u00bb text_font_size_tablet=\u00bb\u00bb text_font_size_phone=\u00bb16px\u00bb text_font_size_last_edited=\u00bbon|phone\u00bb custom_css_main_element=\u00bbfont-size: calc( 22px + 0.41vw );\u00bb global_colors_info=\u00bb{}\u00bb]<\/p>\n<p>Ofrecemos una amplia gama de actividades extraescolares destinadas al est\u00edmulo de las aptitudes y aficiones de nuestro alumnado y la b\u00fasqueda de su propio camino, mediante el programa Hedatuz.<\/p>\n<p>En <a href=\"https:\/\/www.stl.eus\/es\/educacion\/educacion-secundaria-oblogatoria\/\" target=\"_blank\" rel=\"noopener\">ESO<\/a>, el programa Hedatuz ofrece la oportunidad de satisfacer los distintos intereses y necesidades de cada persona.<\/p>\n<p>[\/et_pb_text][\/et_pb_column][et_pb_column type=\u00bb1_3&#8243; _builder_version=\u00bb4.16&#8243; _module_preset=\u00bbdefault\u00bb global_colors_info=\u00bb{}\u00bb][et_pb_text _builder_version=\u00bb4.16&#8243; _module_preset=\u00bbdefault\u00bb text_font=\u00bb||||||||\u00bb text_text_color=\u00bb#000000&#8243; text_font_size=\u00bb30px\u00bb custom_padding_tablet=\u00bb\u00bb custom_padding_phone=\u00bb||20px||false|false\u00bb custom_padding_last_edited=\u00bbon|phone\u00bb text_font_size_tablet=\u00bb\u00bb text_font_size_phone=\u00bb16px\u00bb text_font_size_last_edited=\u00bbon|phone\u00bb custom_css_main_element=\u00bbfont-size: calc( 22px + 0.41vw );\u00bb locked=\u00bboff\u00bb global_colors_info=\u00bb{}\u00bb]<\/p>\n<p>Disponemos de un programa de atenci\u00f3n temprana destinado a asesor\u00edas y explicaciones suplementarias dif\u00edciles de compatibilizar con horario regular de ikastola. Se impulsan asimismo actividades que ampl\u00eden su proceso de aprendizaje, tales como lenguas, nuevas tecnolog\u00edas, concienciaci\u00f3n social, creatividad, etc. <\/p>\n<p>[\/et_pb_text][\/et_pb_column][et_pb_column type=\u00bb1_3&#8243; _builder_version=\u00bb4.16&#8243; _module_preset=\u00bbdefault\u00bb global_colors_info=\u00bb{}\u00bb][\/et_pb_column][\/et_pb_row][\/et_pb_section][et_pb_section fb_built=\u00bb1&#8243; _builder_version=\u00bb4.16&#8243; _module_preset=\u00bbdefault\u00bb custom_margin=\u00bb0px||||false|false\u00bb custom_padding=\u00bb0px||||false|false\u00bb locked=\u00bboff\u00bb global_colors_info=\u00bb{}\u00bb][et_pb_row _builder_version=\u00bb4.16&#8243; _module_preset=\u00bbdefault\u00bb custom_margin=\u00bb||0px||false|false\u00bb custom_padding=\u00bb||0px||false|false\u00bb locked=\u00bboff\u00bb collapsed=\u00bbon\u00bb global_colors_info=\u00bb{}\u00bb][et_pb_column type=\u00bb4_4&#8243; _builder_version=\u00bb4.16&#8243; _module_preset=\u00bbdefault\u00bb global_colors_info=\u00bb{}\u00bb][et_pb_text admin_label=\u00bbTexto &#8211; Ongi etorri\u00bb _builder_version=\u00bb4.16&#8243; _module_preset=\u00bbdefault\u00bb text_font=\u00bbITC Avant Garde Gothic Std &#8211; Demi||||||||\u00bb text_text_color=\u00bb#ff611d\u00bb text_font_size=\u00bb27px\u00bb header_line_height=\u00bb1.4em\u00bb header_2_font=\u00bbITC Avant Garde Gothic Std &#8211; Demi||||||||\u00bb header_2_text_color=\u00bb#ff611d\u00bb header_2_font_size=\u00bb27px\u00bb header_2_line_height=\u00bb1.4em\u00bb text_font_size_tablet=\u00bb\u00bb text_font_size_phone=\u00bb19px\u00bb text_font_size_last_edited=\u00bbon|phone\u00bb global_colors_info=\u00bb{}\u00bb]<\/p>\n<h2>Opciones Hedatuz en ESO<\/h2>\n<p>[\/et_pb_text][\/et_pb_column][\/et_pb_row][et_pb_row column_structure=\u00bb1_3,1_3,1_3&#8243; use_custom_gutter=\u00bbon\u00bb gutter_width=\u00bb2&#8243; _builder_version=\u00bb4.16&#8243; _module_preset=\u00bbdefault\u00bb global_colors_info=\u00bb{}\u00bb][et_pb_column type=\u00bb1_3&#8243; _builder_version=\u00bb4.16&#8243; _module_preset=\u00bbdefault\u00bb global_colors_info=\u00bb{}\u00bb][et_pb_text admin_label=\u00bbRobotika &#8211; Proiektu teknologikoak\u00bb module_class=\u00bbFicha FichaHedatuz\u00bb _builder_version=\u00bb4.27.4&#8243; _dynamic_attributes=\u00bblink_option_url\u00bb _module_preset=\u00bbdefault\u00bb text_font=\u00bbITC Avant Garde Gothic Std &#8211; Demi||||||||\u00bb text_text_color=\u00bb#ff611d\u00bb text_font_size=\u00bb4.16vw\u00bb text_line_height=\u00bb0.8em\u00bb background_image=\u00bbhttps:\/\/www.stl.eus\/wp-content\/uploads\/hedatuz-robotika-mini-eskolaz-kanpoko-ekintza-donostia-lizeoa-ikastola001.jpg\u00bb text_orientation=\u00bbcenter\u00bb max_width=\u00bb535px\u00bb height=\u00bb745px\u00bb custom_margin_tablet=\u00bb||10vw||false|false\u00bb custom_margin_phone=\u00bb||10vw||false|false\u00bb custom_margin_last_edited=\u00bbon|tablet\u00bb custom_padding=\u00bb0px|0px|0px|0px|true|true\u00bb link_option_url=\u00bb@ET-DC@eyJkeW5hbWljIjp0cnVlLCJjb250ZW50IjoicG9zdF9saW5rX3VybF9wYWdlIiwic2V0dGluZ3MiOnsicG9zdF9pZCI6IjQ2NDIifX0=@\u00bb text_font_size_tablet=\u00bb\u00bb text_font_size_phone=\u00bb45px\u00bb text_font_size_last_edited=\u00bbon|phone\u00bb global_module=\u00bb5161&#8243; global_colors_info=\u00bb{}\u00bb]<\/p>\n<p>Rob\u00f3tica &#8211; Proyectos tecnol\u00f3gicos<\/p>\n<p>[\/et_pb_text][et_pb_text admin_label=\u00bbMarrazketa eskola\u00bb module_class=\u00bbFicha FichaHedatuz\u00bb _builder_version=\u00bb4.10.8&#8243; _dynamic_attributes=\u00bblink_option_url\u00bb _module_preset=\u00bbdefault\u00bb text_font=\u00bbITC Avant Garde Gothic Std &#8211; Demi||||||||\u00bb text_text_color=\u00bb#ff611d\u00bb text_font_size=\u00bb4.16vw\u00bb text_line_height=\u00bb0.8em\u00bb background_image=\u00bbhttps:\/\/www.stl.eus\/wp-content\/uploads\/hedatuz-marrazketa-mini-eskolaz-kanpoko-ekintza-donostia-lizeoa-ikastola001.jpg\u00bb text_orientation=\u00bbcenter\u00bb max_width=\u00bb535px\u00bb height=\u00bb745px\u00bb custom_margin_tablet=\u00bb||10vw||false|false\u00bb custom_margin_phone=\u00bb||10vw||false|false\u00bb custom_margin_last_edited=\u00bbon|tablet\u00bb custom_padding=\u00bb0px|0px|0px|0px|true|true\u00bb link_option_url=\u00bb@ET-DC@eyJkeW5hbWljIjp0cnVlLCJjb250ZW50IjoicG9zdF9saW5rX3VybF9wYWdlIiwic2V0dGluZ3MiOnsicG9zdF9pZCI6IjQ4MjAifX0=@\u00bb text_font_size_tablet=\u00bb\u00bb text_font_size_phone=\u00bb45px\u00bb text_font_size_last_edited=\u00bbon|phone\u00bb global_module=\u00bb5167&#8243; saved_tabs=\u00bball\u00bb global_colors_info=\u00bb{}\u00bb]<\/p>\n<p>Escuela de dibujo<\/p>\n<p>[\/et_pb_text][et_pb_text admin_label=\u00bbGimnastika erritmikoa\u00bb module_class=\u00bbFicha FichaHedatuz\u00bb _builder_version=\u00bb4.10.5&#8243; _dynamic_attributes=\u00bblink_option_url\u00bb _module_preset=\u00bbdefault\u00bb text_font=\u00bbITC Avant Garde Gothic Std &#8211; Demi||||||||\u00bb text_text_color=\u00bb#ff611d\u00bb text_font_size=\u00bb4.16vw\u00bb text_line_height=\u00bb0.8em\u00bb background_image=\u00bbhttps:\/\/www.stl.eus\/wp-content\/uploads\/hedatuz-gimanastika-erritmikoa-mini-eskolaz-kanpoko-ekintza-donostia-lizeoa-ikastola001.jpg\u00bb text_orientation=\u00bbcenter\u00bb max_width=\u00bb535px\u00bb height=\u00bb745px\u00bb custom_margin_tablet=\u00bb||10vw||false|false\u00bb custom_margin_phone=\u00bb||10vw||false|false\u00bb custom_margin_last_edited=\u00bbon|tablet\u00bb custom_padding=\u00bb0px|0px|0px|0px|true|true\u00bb link_option_url=\u00bb@ET-DC@eyJkeW5hbWljIjp0cnVlLCJjb250ZW50IjoicG9zdF9saW5rX3VybF9wYWdlIiwic2V0dGluZ3MiOnsicG9zdF9pZCI6IjQ2MjMifX0=@\u00bb text_font_size_tablet=\u00bb\u00bb text_font_size_phone=\u00bb45px\u00bb text_font_size_last_edited=\u00bbon|phone\u00bb global_module=\u00bb5152&#8243; global_colors_info=\u00bb{}\u00bb]<\/p>\n<p>Gimnasia r\u00edtmica<\/p>\n<p>[\/et_pb_text][et_pb_text admin_label=\u00bbEaso abesbatza\u00bb module_class=\u00bbFicha FichaHedatuz\u00bb _builder_version=\u00bb4.27.4&#8243; _dynamic_attributes=\u00bblink_option_url\u00bb _module_preset=\u00bbdefault\u00bb text_font=\u00bbITC Avant Garde Gothic Std &#8211; Demi||||||||\u00bb text_text_color=\u00bb#ff611d\u00bb text_font_size=\u00bb4.16vw\u00bb text_line_height=\u00bb0.8em\u00bb background_image=\u00bbhttps:\/\/www.stl.eus\/wp-content\/uploads\/Easo-abesbatzaIIB.jpg\u00bb text_orientation=\u00bbcenter\u00bb max_width=\u00bb535px\u00bb height=\u00bb745px\u00bb custom_margin_tablet=\u00bb||10vw||false|false\u00bb custom_margin_phone=\u00bb||10vw||false|false\u00bb custom_margin_last_edited=\u00bbon|tablet\u00bb custom_padding=\u00bb0px|0px|0px|0px|true|true\u00bb link_option_url=\u00bb@ET-DC@eyJkeW5hbWljIjp0cnVlLCJjb250ZW50IjoicG9zdF9saW5rX3VybF9wYWdlIiwic2V0dGluZ3MiOnsicG9zdF9pZCI6IjE0NTg5In19@\u00bb text_font_size_tablet=\u00bb\u00bb text_font_size_phone=\u00bb45px\u00bb text_font_size_last_edited=\u00bbon|phone\u00bb global_module=\u00bb14602&#8243; locked=\u00bboff\u00bb global_colors_info=\u00bb{}\u00bb]<\/p>\n<p>Coro Easo<\/p>\n<p>[\/et_pb_text][\/et_pb_column][et_pb_column type=\u00bb1_3&#8243; _builder_version=\u00bb4.16&#8243; _module_preset=\u00bbdefault\u00bb global_colors_info=\u00bb{}\u00bb][et_pb_text admin_label=\u00bbTutorizazioa\u00bb module_class=\u00bbFicha FichaHedatuz\u00bb _builder_version=\u00bb4.10.5&#8243; _dynamic_attributes=\u00bblink_option_url\u00bb _module_preset=\u00bbdefault\u00bb text_font=\u00bbITC Avant Garde Gothic Std &#8211; Demi||||||||\u00bb text_text_color=\u00bb#ff611d\u00bb text_font_size=\u00bb4.16vw\u00bb text_line_height=\u00bb0.8em\u00bb background_image=\u00bbhttps:\/\/www.stl.eus\/wp-content\/uploads\/hedatuz-tutorizazio-mini-donostia-lizeoa-ikastola001.jpg\u00bb text_orientation=\u00bbcenter\u00bb max_width=\u00bb535px\u00bb height=\u00bb745px\u00bb custom_margin_tablet=\u00bb||10vw||false|false\u00bb custom_margin_phone=\u00bb||10vw||false|false\u00bb custom_margin_last_edited=\u00bbon|tablet\u00bb custom_padding=\u00bb0px|0px|0px|0px|true|true\u00bb link_option_url=\u00bb@ET-DC@eyJkeW5hbWljIjp0cnVlLCJjb250ZW50IjoicG9zdF9saW5rX3VybF9wYWdlIiwic2V0dGluZ3MiOnsicG9zdF9pZCI6IjQ3OTEifX0=@\u00bb text_font_size_tablet=\u00bb\u00bb text_font_size_phone=\u00bb45px\u00bb text_font_size_last_edited=\u00bbon|phone\u00bb global_module=\u00bb5162&#8243; global_colors_info=\u00bb{}\u00bb]<\/p>\n<p>Tutor\u00eda<\/p>\n<p>[\/et_pb_text][et_pb_text disabled_on=\u00bboff|off|off\u00bb admin_label=\u00bbEntrenatzaile ikastaroa\u00bb module_class=\u00bbFicha FichaHedatuz\u00bb _builder_version=\u00bb4.10.8&#8243; _dynamic_attributes=\u00bblink_option_url\u00bb _module_preset=\u00bbdefault\u00bb text_font=\u00bbITC Avant Garde Gothic Std &#8211; Demi||||||||\u00bb text_text_color=\u00bb#ff611d\u00bb text_font_size=\u00bb4.13vw\u00bb text_line_height=\u00bb0.8em\u00bb background_image=\u00bbhttps:\/\/www.stl.eus\/wp-content\/uploads\/Entrenatzaile-ikastaroa-MIN.jpg\u00bb text_orientation=\u00bbcenter\u00bb max_width=\u00bb535px\u00bb height=\u00bb745px\u00bb custom_margin_tablet=\u00bb||10vw||false|false\u00bb custom_margin_phone=\u00bb||10vw||false|false\u00bb custom_margin_last_edited=\u00bbon|tablet\u00bb custom_padding=\u00bb0px|0px|0px|0px|true|true\u00bb link_option_url=\u00bb@ET-DC@eyJkeW5hbWljIjp0cnVlLCJjb250ZW50IjoicG9zdF9saW5rX3VybF9wYWdlIiwic2V0dGluZ3MiOnsicG9zdF9pZCI6IjEwOTE0In19@\u00bb text_font_size_tablet=\u00bb\u00bb text_font_size_phone=\u00bb45px\u00bb text_font_size_last_edited=\u00bbon|phone\u00bb global_module=\u00bb5169&#8243; saved_tabs=\u00bball\u00bb global_colors_info=\u00bb{}\u00bb]<\/p>\n<p>Curso de entrenador<\/p>\n<p>[\/et_pb_text][et_pb_text admin_label=\u00bbIngelesa Lacunza\u00bb module_class=\u00bbFicha FichaHedatuz\u00bb _builder_version=\u00bb4.27.4&#8243; _dynamic_attributes=\u00bblink_option_url\u00bb _module_preset=\u00bbdefault\u00bb text_font=\u00bbITC Avant Garde Gothic Std &#8211; Demi||||||||\u00bb text_text_color=\u00bb#ff611d\u00bb text_font_size=\u00bb4.13vw\u00bb text_line_height=\u00bb0.8em\u00bb background_image=\u00bbhttps:\/\/www.stl.eus\/wp-content\/uploads\/hedatuz-ingelesa-dbh-mini-eskolaz-kanpoko-ekintza-donostia-lizeoa-ikastola001.jpg\u00bb text_orientation=\u00bbcenter\u00bb max_width=\u00bb535px\u00bb height=\u00bb745px\u00bb custom_margin_tablet=\u00bb||10vw||false|false\u00bb custom_margin_phone=\u00bb||10vw||false|false\u00bb custom_margin_last_edited=\u00bbon|tablet\u00bb custom_padding=\u00bb0px|0px|0px|0px|true|true\u00bb link_option_url=\u00bb@ET-DC@eyJkeW5hbWljIjp0cnVlLCJjb250ZW50IjoicG9zdF9saW5rX3VybF9wYWdlIiwic2V0dGluZ3MiOnsicG9zdF9pZCI6IjQ4ODkiLCJlbmFibGVfaHRtbCI6Im9mZiJ9fQ==@\u00bb text_font_size_tablet=\u00bb\u00bb text_font_size_phone=\u00bb45px\u00bb text_font_size_last_edited=\u00bbon|phone\u00bb global_module=\u00bb5172&#8243; saved_tabs=\u00bball\u00bb locked=\u00bboff\u00bb global_colors_info=\u00bb{}\u00bb]<\/p>\n<p>Ingl\u00e9s Lacunza<\/p>\n<p>[\/et_pb_text][et_pb_text admin_label=\u00bbEuskal Dantza DBH\u00bb module_class=\u00bbFicha FichaHedatuz\u00bb _builder_version=\u00bb4.27.4&#8243; _dynamic_attributes=\u00bblink_option_url\u00bb _module_preset=\u00bbdefault\u00bb text_font=\u00bbITC Avant Garde Gothic Std &#8211; Demi||||||||\u00bb text_text_color=\u00bb#ff611d\u00bb text_font_size=\u00bb4.16vw\u00bb text_line_height=\u00bb0.8em\u00bb background_image=\u00bbhttps:\/\/www.stl.eus\/wp-content\/uploads\/hedatuz-euskal-dantza-mini-eskolaz-kanpoko-ekintza-donostia-lizeoa-ikastola001.jpg\u00bb text_orientation=\u00bbcenter\u00bb max_width=\u00bb535px\u00bb height=\u00bb745px\u00bb custom_margin_tablet=\u00bb||10vw||false|false\u00bb custom_margin_phone=\u00bb||10vw||false|false\u00bb custom_margin_last_edited=\u00bbon|tablet\u00bb custom_padding=\u00bb0px|0px|0px|0px|true|true\u00bb link_option_url=\u00bb@ET-DC@eyJkeW5hbWljIjp0cnVlLCJjb250ZW50IjoicG9zdF9saW5rX3VybF9wYWdlIiwic2V0dGluZ3MiOnsicG9zdF9pZCI6IjE0NzgxIn19@\u00bb text_font_size_tablet=\u00bb\u00bb text_font_size_phone=\u00bb45px\u00bb text_font_size_last_edited=\u00bbon|phone\u00bb locked=\u00bboff\u00bb global_colors_info=\u00bb{}\u00bb global_module=\u00bb14779&#8243; theme_builder_area=\u00bbpost_content\u00bb]<\/p>\n<p>Euskal Dantza<\/p>\n<p>[\/et_pb_text][\/et_pb_column][et_pb_column type=\u00bb1_3&#8243; _builder_version=\u00bb4.16&#8243; _module_preset=\u00bbdefault\u00bb global_colors_info=\u00bb{}\u00bb][et_pb_text disabled_on=\u00bboff|off|off\u00bb admin_label=\u00bbEgun batez irakasle\u00bb module_class=\u00bbFicha FichaHedatuz\u00bb _builder_version=\u00bb4.10.8&#8243; _dynamic_attributes=\u00bblink_option_url\u00bb _module_preset=\u00bbdefault\u00bb text_font=\u00bbITC Avant Garde Gothic Std &#8211; Demi||||||||\u00bb text_text_color=\u00bb#ff611d\u00bb text_font_size=\u00bb4.16vw\u00bb text_line_height=\u00bb0.8em\u00bb background_color=\u00bbRGBA(0,0,0,0)\u00bb background_image=\u00bbhttps:\/\/www.stl.eus\/wp-content\/uploads\/Egun-batez-irakasle_MIN.jpg\u00bb text_orientation=\u00bbcenter\u00bb max_width=\u00bb535px\u00bb height=\u00bb745px\u00bb custom_margin_tablet=\u00bb||10vw||false|false\u00bb custom_margin_phone=\u00bb||10vw||false|false\u00bb custom_margin_last_edited=\u00bbon|desktop\u00bb custom_padding=\u00bb0px|0px|0px|0px|true|true\u00bb link_option_url=\u00bb@ET-DC@eyJkeW5hbWljIjp0cnVlLCJjb250ZW50IjoicG9zdF9saW5rX3VybF9wYWdlIiwic2V0dGluZ3MiOnsicG9zdF9pZCI6IjEwOTA1In19@\u00bb text_font_size_tablet=\u00bb\u00bb text_font_size_phone=\u00bb45px\u00bb text_font_size_last_edited=\u00bbon|phone\u00bb global_module=\u00bb5170&#8243; saved_tabs=\u00bball\u00bb global_colors_info=\u00bb{}\u00bb]<\/p>\n<p>Profesor por un d\u00eda<\/p>\n<p>[\/et_pb_text][et_pb_text admin_label=\u00bbBertso eskola\u00bb module_class=\u00bbFicha FichaHedatuz\u00bb _builder_version=\u00bb4.10.8&#8243; _dynamic_attributes=\u00bblink_option_url\u00bb _module_preset=\u00bbdefault\u00bb text_font=\u00bbITC Avant Garde Gothic Std &#8211; Demi||||||||\u00bb text_text_color=\u00bb#ff611d\u00bb text_font_size=\u00bb4.16vw\u00bb text_line_height=\u00bb0.8em\u00bb background_image=\u00bbhttps:\/\/www.stl.eus\/wp-content\/uploads\/hedatuz-bertso-eskola-mini-eskolaz-kanpoko-ekintza-donostia-lizeoa-ikastola001.jpg\u00bb text_orientation=\u00bbcenter\u00bb max_width=\u00bb535px\u00bb height=\u00bb745px\u00bb custom_margin_tablet=\u00bb||10vw||false|false\u00bb custom_margin_phone=\u00bb||10vw||false|false\u00bb custom_margin_last_edited=\u00bbon|tablet\u00bb custom_padding=\u00bb0px|0px|0px|0px|true|true\u00bb link_option_url=\u00bb@ET-DC@eyJkeW5hbWljIjp0cnVlLCJjb250ZW50IjoicG9zdF9saW5rX3VybF9wYWdlIiwic2V0dGluZ3MiOnsicG9zdF9pZCI6IjQ4NDMifX0=@\u00bb text_font_size_tablet=\u00bb\u00bb text_font_size_phone=\u00bb45px\u00bb text_font_size_last_edited=\u00bbon|phone\u00bb global_module=\u00bb5168&#8243; saved_tabs=\u00bball\u00bb global_colors_info=\u00bb{}\u00bb]<\/p>\n<p>Escuela de Bertso<\/p>\n<p>[\/et_pb_text][et_pb_text admin_label=\u00bbOxford Test of English\u00bb module_class=\u00bbFicha FichaHedatuz\u00bb _builder_version=\u00bb4.27.4&#8243; _dynamic_attributes=\u00bblink_option_url\u00bb _module_preset=\u00bbdefault\u00bb text_font=\u00bbITC Avant Garde Gothic Std &#8211; Demi||||||||\u00bb text_text_color=\u00bb#ff611d\u00bb text_font_size=\u00bb4.16vw\u00bb text_line_height=\u00bb0.8em\u00bb background_image=\u00bbhttps:\/\/www.stl.eus\/wp-content\/uploads\/hedatuz-oxford-mini-eskolaz-kanpoko-ekintza-donostia-lizeoa-ikastola001.jpg\u00bb text_orientation=\u00bbcenter\u00bb max_width=\u00bb535px\u00bb height=\u00bb745px\u00bb custom_margin_tablet=\u00bb||10vw||false|false\u00bb custom_margin_phone=\u00bb||10vw||false|false\u00bb custom_margin_last_edited=\u00bbon|tablet\u00bb custom_padding=\u00bb0px|0px|0px|0px|true|true\u00bb link_option_url=\u00bb@ET-DC@eyJkeW5hbWljIjp0cnVlLCJjb250ZW50IjoicG9zdF9saW5rX3VybF9wYWdlIiwic2V0dGluZ3MiOnsicG9zdF9pZCI6IjQ4OTgiLCJlbmFibGVfaHRtbCI6Im9mZiJ9fQ==@\u00bb text_font_size_tablet=\u00bb\u00bb text_font_size_phone=\u00bb45px\u00bb text_font_size_last_edited=\u00bbon|phone\u00bb global_module=\u00bb5173&#8243; saved_tabs=\u00bball\u00bb global_colors_info=\u00bb{}\u00bb]<\/p>\n<p>Oxford Test of English &amp; Cambridge<\/p>\n<p>\n[\/et_pb_text][\/et_pb_column][\/et_pb_row][\/et_pb_section]<\/p>\n","protected":false},"excerpt":{"rendered":"<p>Hedatuz en Educaci\u00f3n Secundaria Obligatoria (ESO)<div class=\"et_pb_module lwp_divi_breadcrumbs lwp_divi_breadcrumbs_0 migadepan\">\n\t\t\t\t\n\t\t\t\t\n\t\t\t\t\n\t\t\t\t\n\t\t\t\t\n\t\t\t\t\n\t\t\t\t<div class=\"et_pb_module_inner\">\n\t\t\t\t\t<div class=\"lwp-breadcrumbs\"> <span class=\"before\"><\/span> <span vocab=\"https:\/\/schema.org\/\" typeof=\"BreadcrumbList\"><span property=\"itemListElement\" typeof=\"ListItem\"><a property=\"item\" typeof=\"WebPage\" href=\"https:\/\/www.stl.eus\/es\/\" class=\"home\"><span property=\"name\">\ue009<\/span><\/a><meta property=\"position\" content=\"1\"><\/span> <span class=\"separator et-pb-icon\">5<\/span> <\/span><\/div>\n\t\t\t\t<\/div>\n\t\t\t<\/div>Hedatuz en Educaci\u00f3nSecundaria Obligatoria (ESO)Contamos con oportunidades de satisfacer distintos intereses y necesidades de cada persona.Ofrecemos una amplia gama de actividades extraescolares destinadas al est\u00edmulo de las [&hellip;]<\/p>\n","protected":false},"author":1,"featured_media":0,"parent":4464,"menu_order":0,"comment_status":"closed","ping_status":"closed","template":"","meta":{"_et_pb_use_builder":"on","_et_pb_old_content":"","_et_gb_content_width":"","footnotes":""},"class_list":["post-4287","page","type-page","status-publish","hentry"],"yoast_head":"<!-- This site is optimized with the Yoast SEO plugin v27.5 - https:\/\/yoast.com\/product\/yoast-seo-wordpress\/ -->\n<title>Educaci\u00f3n Secundaria \u2022 Ikastola Santo Tomas Lizeoa<\/title>\n<meta name=\"description\" content=\"En Educaci\u00f3n Secundaria Obligatoria se ofrecer\u00e1 oportunidades de diferente naturaleza a cada joven, favoreciendo el estudio aut\u00f3nomo.\" \/>\n<meta name=\"robots\" content=\"index, follow, max-snippet:-1, max-image-preview:large, max-video-preview:-1\" \/>\n<link rel=\"canonical\" href=\"https:\/\/www.stl.eus\/es\/hedatuz\/educacion-secundaria-obligatoria-12-16-anos\/\" \/>\n<meta property=\"og:locale\" content=\"es_ES\" \/>\n<meta property=\"og:type\" content=\"article\" \/>\n<meta property=\"og:title\" content=\"Educaci\u00f3n Secundaria \u2022 Ikastola Santo Tomas Lizeoa\" \/>\n<meta property=\"og:description\" content=\"En Educaci\u00f3n Secundaria Obligatoria se ofrecer\u00e1 oportunidades de diferente naturaleza a cada joven, favoreciendo el estudio aut\u00f3nomo.\" \/>\n<meta property=\"og:url\" content=\"https:\/\/www.stl.eus\/es\/hedatuz\/educacion-secundaria-obligatoria-12-16-anos\/\" \/>\n<meta property=\"og:site_name\" content=\"Santo Tomas Lizeoa\" \/>\n<meta property=\"article:modified_time\" content=\"2025-06-20T07:02:16+00:00\" \/>\n<meta name=\"twitter:card\" content=\"summary_large_image\" \/>\n<meta name=\"twitter:site\" content=\"@stl_ikastola\" \/>\n<meta name=\"twitter:label1\" content=\"Tiempo de lectura\" \/>\n\t<meta name=\"twitter:data1\" content=\"4 minutos\" \/>\n<script type=\"application\/ld+json\" class=\"yoast-schema-graph\">{\"@context\":\"https:\\\/\\\/schema.org\",\"@graph\":[{\"@type\":\"WebPage\",\"@id\":\"https:\\\/\\\/www.stl.eus\\\/es\\\/hedatuz\\\/educacion-secundaria-obligatoria-12-16-anos\\\/\",\"url\":\"https:\\\/\\\/www.stl.eus\\\/es\\\/hedatuz\\\/educacion-secundaria-obligatoria-12-16-anos\\\/\",\"name\":\"Educaci\u00f3n Secundaria \u2022 Ikastola Santo Tomas Lizeoa\",\"isPartOf\":{\"@id\":\"https:\\\/\\\/www.stl.eus\\\/es\\\/#website\"},\"datePublished\":\"2021-08-13T11:42:26+00:00\",\"dateModified\":\"2025-06-20T07:02:16+00:00\",\"description\":\"En Educaci\u00f3n Secundaria Obligatoria se ofrecer\u00e1 oportunidades de diferente naturaleza a cada joven, favoreciendo el estudio aut\u00f3nomo.\",\"breadcrumb\":{\"@id\":\"https:\\\/\\\/www.stl.eus\\\/es\\\/hedatuz\\\/educacion-secundaria-obligatoria-12-16-anos\\\/#breadcrumb\"},\"inLanguage\":\"es\",\"potentialAction\":[{\"@type\":\"ReadAction\",\"target\":[\"https:\\\/\\\/www.stl.eus\\\/es\\\/hedatuz\\\/educacion-secundaria-obligatoria-12-16-anos\\\/\"]}]},{\"@type\":\"BreadcrumbList\",\"@id\":\"https:\\\/\\\/www.stl.eus\\\/es\\\/hedatuz\\\/educacion-secundaria-obligatoria-12-16-anos\\\/#breadcrumb\",\"itemListElement\":[{\"@type\":\"ListItem\",\"position\":1,\"name\":\"Home\",\"item\":\"https:\\\/\\\/www.stl.eus\\\/es\\\/\"},{\"@type\":\"ListItem\",\"position\":2,\"name\":\"Hedatuz\",\"item\":\"https:\\\/\\\/www.stl.eus\\\/es\\\/hedatuz\\\/\"},{\"@type\":\"ListItem\",\"position\":3,\"name\":\"Educaci\u00f3n Secundaria Obligatoria (12-16 a\u00f1os)\"}]},{\"@type\":\"WebSite\",\"@id\":\"https:\\\/\\\/www.stl.eus\\\/es\\\/#website\",\"url\":\"https:\\\/\\\/www.stl.eus\\\/es\\\/\",\"name\":\"Santo Tomas Lizeoa\",\"description\":\"\",\"publisher\":{\"@id\":\"https:\\\/\\\/www.stl.eus\\\/es\\\/#organization\"},\"potentialAction\":[{\"@type\":\"SearchAction\",\"target\":{\"@type\":\"EntryPoint\",\"urlTemplate\":\"https:\\\/\\\/www.stl.eus\\\/es\\\/?s={search_term_string}\"},\"query-input\":{\"@type\":\"PropertyValueSpecification\",\"valueRequired\":true,\"valueName\":\"search_term_string\"}}],\"inLanguage\":\"es\"},{\"@type\":\"Organization\",\"@id\":\"https:\\\/\\\/www.stl.eus\\\/es\\\/#organization\",\"name\":\"Santo Tomas Lizeoa\",\"url\":\"https:\\\/\\\/www.stl.eus\\\/es\\\/\",\"logo\":{\"@type\":\"ImageObject\",\"inLanguage\":\"es\",\"@id\":\"https:\\\/\\\/www.stl.eus\\\/es\\\/#\\\/schema\\\/logo\\\/image\\\/\",\"url\":\"https:\\\/\\\/www.stl.eus\\\/wp-content\\\/uploads\\\/2021\\\/06\\\/SantoTomasLizeoa-logo-naranja.svg\",\"contentUrl\":\"https:\\\/\\\/www.stl.eus\\\/wp-content\\\/uploads\\\/2021\\\/06\\\/SantoTomasLizeoa-logo-naranja.svg\",\"width\":1,\"height\":1,\"caption\":\"Santo Tomas Lizeoa\"},\"image\":{\"@id\":\"https:\\\/\\\/www.stl.eus\\\/es\\\/#\\\/schema\\\/logo\\\/image\\\/\"},\"sameAs\":[\"https:\\\/\\\/x.com\\\/stl_ikastola\",\"https:\\\/\\\/www.instagram.com\\\/p\\\/CTzVTj3r8NQ\\\/\",\"https:\\\/\\\/www.youtube.com\\\/c\\\/SantoTomasLizeoaIkastola\"]}]}<\/script>\n<!-- \/ Yoast SEO plugin. -->","yoast_head_json":{"title":"Educaci\u00f3n Secundaria \u2022 Ikastola Santo Tomas Lizeoa","description":"En Educaci\u00f3n Secundaria Obligatoria se ofrecer\u00e1 oportunidades de diferente naturaleza a cada joven, favoreciendo el estudio aut\u00f3nomo.","robots":{"index":"index","follow":"follow","max-snippet":"max-snippet:-1","max-image-preview":"max-image-preview:large","max-video-preview":"max-video-preview:-1"},"canonical":"https:\/\/www.stl.eus\/es\/hedatuz\/educacion-secundaria-obligatoria-12-16-anos\/","og_locale":"es_ES","og_type":"article","og_title":"Educaci\u00f3n Secundaria \u2022 Ikastola Santo Tomas Lizeoa","og_description":"En Educaci\u00f3n Secundaria Obligatoria se ofrecer\u00e1 oportunidades de diferente naturaleza a cada joven, favoreciendo el estudio aut\u00f3nomo.","og_url":"https:\/\/www.stl.eus\/es\/hedatuz\/educacion-secundaria-obligatoria-12-16-anos\/","og_site_name":"Santo Tomas Lizeoa","article_modified_time":"2025-06-20T07:02:16+00:00","twitter_card":"summary_large_image","twitter_site":"@stl_ikastola","twitter_misc":{"Tiempo de lectura":"4 minutos"},"schema":{"@context":"https:\/\/schema.org","@graph":[{"@type":"WebPage","@id":"https:\/\/www.stl.eus\/es\/hedatuz\/educacion-secundaria-obligatoria-12-16-anos\/","url":"https:\/\/www.stl.eus\/es\/hedatuz\/educacion-secundaria-obligatoria-12-16-anos\/","name":"Educaci\u00f3n Secundaria \u2022 Ikastola Santo Tomas Lizeoa","isPartOf":{"@id":"https:\/\/www.stl.eus\/es\/#website"},"datePublished":"2021-08-13T11:42:26+00:00","dateModified":"2025-06-20T07:02:16+00:00","description":"En Educaci\u00f3n Secundaria Obligatoria se ofrecer\u00e1 oportunidades de diferente naturaleza a cada joven, favoreciendo el estudio aut\u00f3nomo.","breadcrumb":{"@id":"https:\/\/www.stl.eus\/es\/hedatuz\/educacion-secundaria-obligatoria-12-16-anos\/#breadcrumb"},"inLanguage":"es","potentialAction":[{"@type":"ReadAction","target":["https:\/\/www.stl.eus\/es\/hedatuz\/educacion-secundaria-obligatoria-12-16-anos\/"]}]},{"@type":"BreadcrumbList","@id":"https:\/\/www.stl.eus\/es\/hedatuz\/educacion-secundaria-obligatoria-12-16-anos\/#breadcrumb","itemListElement":[{"@type":"ListItem","position":1,"name":"Home","item":"https:\/\/www.stl.eus\/es\/"},{"@type":"ListItem","position":2,"name":"Hedatuz","item":"https:\/\/www.stl.eus\/es\/hedatuz\/"},{"@type":"ListItem","position":3,"name":"Educaci\u00f3n Secundaria Obligatoria (12-16 a\u00f1os)"}]},{"@type":"WebSite","@id":"https:\/\/www.stl.eus\/es\/#website","url":"https:\/\/www.stl.eus\/es\/","name":"Santo Tomas Lizeoa","description":"","publisher":{"@id":"https:\/\/www.stl.eus\/es\/#organization"},"potentialAction":[{"@type":"SearchAction","target":{"@type":"EntryPoint","urlTemplate":"https:\/\/www.stl.eus\/es\/?s={search_term_string}"},"query-input":{"@type":"PropertyValueSpecification","valueRequired":true,"valueName":"search_term_string"}}],"inLanguage":"es"},{"@type":"Organization","@id":"https:\/\/www.stl.eus\/es\/#organization","name":"Santo Tomas Lizeoa","url":"https:\/\/www.stl.eus\/es\/","logo":{"@type":"ImageObject","inLanguage":"es","@id":"https:\/\/www.stl.eus\/es\/#\/schema\/logo\/image\/","url":"https:\/\/www.stl.eus\/wp-content\/uploads\/2021\/06\/SantoTomasLizeoa-logo-naranja.svg","contentUrl":"https:\/\/www.stl.eus\/wp-content\/uploads\/2021\/06\/SantoTomasLizeoa-logo-naranja.svg","width":1,"height":1,"caption":"Santo Tomas Lizeoa"},"image":{"@id":"https:\/\/www.stl.eus\/es\/#\/schema\/logo\/image\/"},"sameAs":["https:\/\/x.com\/stl_ikastola","https:\/\/www.instagram.com\/p\/CTzVTj3r8NQ\/","https:\/\/www.youtube.com\/c\/SantoTomasLizeoaIkastola"]}]}},"_links":{"self":[{"href":"https:\/\/www.stl.eus\/es\/wp-json\/wp\/v2\/pages\/4287","targetHints":{"allow":["GET"]}}],"collection":[{"href":"https:\/\/www.stl.eus\/es\/wp-json\/wp\/v2\/pages"}],"about":[{"href":"https:\/\/www.stl.eus\/es\/wp-json\/wp\/v2\/types\/page"}],"author":[{"embeddable":true,"href":"https:\/\/www.stl.eus\/es\/wp-json\/wp\/v2\/users\/1"}],"replies":[{"embeddable":true,"href":"https:\/\/www.stl.eus\/es\/wp-json\/wp\/v2\/comments?post=4287"}],"version-history":[{"count":0,"href":"https:\/\/www.stl.eus\/es\/wp-json\/wp\/v2\/pages\/4287\/revisions"}],"up":[{"embeddable":true,"href":"https:\/\/www.stl.eus\/es\/wp-json\/wp\/v2\/pages\/4464"}],"wp:attachment":[{"href":"https:\/\/www.stl.eus\/es\/wp-json\/wp\/v2\/media?parent=4287"}],"curies":[{"name":"wp","href":"https:\/\/api.w.org\/{rel}","templated":true}]}}