{"id":4260,"date":"2021-08-13T12:06:21","date_gmt":"2021-08-13T10:06:21","guid":{"rendered":"https:\/\/berria.santotomaslizeoa.net\/ep-6-11-anos\/"},"modified":"2025-04-11T15:11:56","modified_gmt":"2025-04-11T13:11:56","slug":"educacion-primaria","status":"publish","type":"page","link":"https:\/\/www.stl.eus\/es\/educacion\/educacion-primaria\/","title":{"rendered":"Primaria \u00b7 6-11 a\u00f1os"},"content":{"rendered":"<p>[et_pb_section fb_built=\u00bb1&#8243; fullwidth=\u00bbon\u00bb _builder_version=\u00bb4.16&#8243; _module_preset=\u00bbdefault\u00bb custom_margin=\u00bb0px|0px|0px|0px|true|true\u00bb custom_padding=\u00bb0px|0px|0px|0px|true|true\u00bb locked=\u00bboff\u00bb collapsed=\u00bboff\u00bb global_colors_info=\u00bb{}\u00bb][et_pb_fullwidth_header _builder_version=\u00bb4.16&#8243; _module_preset=\u00bbdefault\u00bb title_font=\u00bbITC Avant Garde Gothic Std &#8211; Demi||||||||\u00bb title_text_align=\u00bbcenter\u00bb title_text_color=\u00bb#ff611d\u00bb title_font_size=\u00bb5.36vw\u00bb background_color=\u00bb#FFFFFF\u00bb background_enable_color=\u00bboff\u00bb background_image=\u00bbhttps:\/\/www.stl.eus\/wp-content\/uploads\/lehen-hezkuntza-2-ikasleak-taldean-pozik-saltoka-terrazan-lizeoa-ikastola.jpg\u00bb custom_margin=\u00bb0px|0px|0px|0px|true|true\u00bb custom_padding=\u00bb0px|0px|0px|0px|true|true\u00bb title_font_size_tablet=\u00bb\u00bb title_font_size_phone=\u00bb0px\u00bb title_font_size_last_edited=\u00bbon|desktop\u00bb custom_css_main_element=\u00bb||\u00bb custom_css_header_container=\u00bbheight: 50vh;||min-height: 33vw;\u00bb custom_css_title=\u00bb||||\u00bb saved_tabs=\u00bball\u00bb global_colors_info=\u00bb{}\u00bb]<\/p>\n<h1>Educaci\u00f3n Primaria<\/h1>\n<p>[\/et_pb_fullwidth_header][\/et_pb_section][et_pb_section fb_built=\u00bb1&#8243; disabled_on=\u00bboff|off|off\u00bb _builder_version=\u00bb4.16&#8243; _module_preset=\u00bbdefault\u00bb custom_margin=\u00bb0px||0px||true|false\u00bb custom_padding=\u00bb0px||0px||true|false\u00bb border_width_bottom=\u00bb1px\u00bb border_color_bottom=\u00bb#ff611d\u00bb locked=\u00bboff\u00bb global_colors_info=\u00bb{}\u00bb][et_pb_row module_class=\u00bbmigadepanFlex\u00bb _builder_version=\u00bb4.16&#8243; _module_preset=\u00bbdefault\u00bb custom_margin=\u00bb0px||0px||true|false\u00bb custom_padding=\u00bb0vw||0vw||true|false\u00bb global_colors_info=\u00bb{}\u00bb][et_pb_column type=\u00bb4_4&#8243; _builder_version=\u00bb4.16&#8243; _module_preset=\u00bbdefault\u00bb global_colors_info=\u00bb{}\u00bb][lwp_divi_breadcrumbs home_text=\u00bb\ue009\u00bb font_icon=\u00bb&#x35;||divi||400&#8243; link_color=\u00bb#ff611d\u00bb separator_color=\u00bb#8e8e8e\u00bb disabled_on=\u00bboff|off|off\u00bb module_class=\u00bbmigadepan\u00bb _builder_version=\u00bb4.16&#8243; _module_preset=\u00bbdefault\u00bb module_font=\u00bbITC Avant Garde Gothic Std &#8211; Demi||||||||\u00bb module_text_align_tablet=\u00bbcenter\u00bb module_text_align_last_edited=\u00bboff|tablet\u00bb module_font_size_tablet=\u00bb18px\u00bb module_font_size_phone=\u00bb\u00bb module_font_size_last_edited=\u00bbon|phone\u00bb saved_tabs=\u00bball\u00bb global_colors_info=\u00bb{}\u00bb][\/lwp_divi_breadcrumbs][et_pb_text disabled_on=\u00bboff|off|off\u00bb admin_label=\u00bbAnclas\u00bb module_class=\u00bbanclas\u00bb _builder_version=\u00bb4.27.4&#8243; _module_preset=\u00bbdefault\u00bb link_font=\u00bbITC Avant Garde Gothic Std &#8211; Book||||||||\u00bb link_text_color=\u00bb#ff611d\u00bb link_font_size=\u00bb20px\u00bb hover_enabled=\u00bb0&#8243; link_font_size_tablet=\u00bb18px\u00bb link_font_size_phone=\u00bb16px\u00bb link_font_size_last_edited=\u00bbon|phone\u00bb text_orientation_tablet=\u00bbcenter\u00bb text_orientation_phone=\u00bb\u00bb text_orientation_last_edited=\u00bbon|phone\u00bb border_width_all_last_edited=\u00bboff|desktop\u00bb border_width_left_tablet=\u00bb0px\u00bb border_width_left_phone=\u00bb\u00bb border_width_left_last_edited=\u00bbon|tablet\u00bb global_colors_info=\u00bb{}\u00bb sticky_enabled=\u00bb0&#8243;]<\/p>\n<p><a href=\"#intro\">Introducci\u00f3n<\/a> <a href=\"#info-erabilgarria\">Informaci\u00f3n \u00fatil<\/a><a href=\"#kirolak\">Deportes<\/a><a href=\"#hedatuz\">Hedatuz<\/a><\/p>\n<p>[\/et_pb_text][\/et_pb_column][\/et_pb_row][\/et_pb_section][et_pb_section fb_built=\u00bb1&#8243; custom_padding_last_edited=\u00bbon|phone\u00bb disabled_on=\u00bboff|on|on\u00bb admin_label=\u00bbHeader (texto m\u00f3vil)\u00bb _builder_version=\u00bb4.16&#8243; _module_preset=\u00bbdefault\u00bb custom_padding_tablet=\u00bb\u00bb custom_padding_phone=\u00bb||10px||false|false\u00bb locked=\u00bboff\u00bb collapsed=\u00bbon\u00bb global_colors_info=\u00bb{}\u00bb][et_pb_row custom_padding_last_edited=\u00bbon|phone\u00bb _builder_version=\u00bb4.16&#8243; _module_preset=\u00bbdefault\u00bb custom_padding_tablet=\u00bb\u00bb custom_padding_phone=\u00bb0px||0px||false|false\u00bb global_colors_info=\u00bb{}\u00bb][et_pb_column type=\u00bb4_4&#8243; _builder_version=\u00bb4.16&#8243; _module_preset=\u00bbdefault\u00bb global_colors_info=\u00bb{}\u00bb][et_pb_text content_phone=\u00bb<\/p>\n<h1>Imagina un lugar&#8230;<\/h1>\n<p>\u00bb content_last_edited=\u00bboff|phone\u00bb admin_label=\u00bbText (m\u00f3vil)\u00bb _builder_version=\u00bb4.16&#8243; _module_preset=\u00bbdefault\u00bb header_font=\u00bb||||||||\u00bb header_text_align=\u00bbcenter\u00bb header_text_color=\u00bb#ff611d\u00bb header_font_size=\u00bb40px\u00bb header_font_tablet=\u00bb\u00bb header_font_phone=\u00bbITC Avant Garde Gothic Std &#8211; Demi||||||||\u00bb header_font_last_edited=\u00bbon|phone\u00bb header_text_color_tablet=\u00bb\u00bb header_text_color_phone=\u00bb#ff611d\u00bb header_text_color_last_edited=\u00bbon|phone\u00bb header_font_size_phone=\u00bb40px\u00bb header_font_size_last_edited=\u00bboff|phone\u00bb text_orientation_tablet=\u00bb\u00bb text_orientation_phone=\u00bbcenter\u00bb text_orientation_last_edited=\u00bbon|phone\u00bb saved_tabs=\u00bball\u00bb global_colors_info=\u00bb{}\u00bb]<\/p>\n<h1 style=\"text-align: left;\">Educaci\u00f3n Primaria<\/h1>\n<p>[\/et_pb_text][\/et_pb_column][\/et_pb_row][\/et_pb_section][et_pb_section fb_built=\u00bb1&#8243; custom_padding_last_edited=\u00bbon|desktop\u00bb _builder_version=\u00bb4.16&#8243; _module_preset=\u00bbdefault\u00bb custom_margin_tablet=\u00bb\u00bb custom_margin_phone=\u00bb0px||||false|false\u00bb custom_margin_last_edited=\u00bbon|phone\u00bb custom_padding_tablet=\u00bb\u00bb custom_padding_phone=\u00bb0px||||false|false\u00bb locked=\u00bboff\u00bb global_colors_info=\u00bb{}\u00bb][et_pb_row column_structure=\u00bb1_3,1_3,1_3&#8243; use_custom_gutter=\u00bbon\u00bb gutter_width=\u00bb2&#8243; module_id=\u00bbintro\u00bb _builder_version=\u00bb4.16&#8243; _module_preset=\u00bbdefault\u00bb global_colors_info=\u00bb{}\u00bb][et_pb_column type=\u00bb1_3&#8243; _builder_version=\u00bb4.16&#8243; _module_preset=\u00bbdefault\u00bb global_colors_info=\u00bb{}\u00bb][et_pb_text _builder_version=\u00bb4.16&#8243; _module_preset=\u00bbdefault\u00bb text_text_color=\u00bb#000000&#8243; text_font_size_tablet=\u00bb18px\u00bb text_font_size_phone=\u00bb16px\u00bb text_font_size_last_edited=\u00bbon|phone\u00bb global_colors_info=\u00bb{}\u00bb]<\/p>\n<p><span>La\/el alumna\/o trabajar\u00e1 las competencias b\u00e1sicas necesarias para su participaci\u00f3n en la ikastola, la sociedad y la familia. Dispondr\u00e1 del apoyo y las oportunidades precisas para el desarrollo de su <strong>personalidad<\/strong> y sus aptitudes en un clima de confianza. <\/span><\/p>\n<p>&nbsp;<\/p>\n<p>[\/et_pb_text][\/et_pb_column][et_pb_column type=\u00bb1_3&#8243; _builder_version=\u00bb4.16&#8243; _module_preset=\u00bbdefault\u00bb global_colors_info=\u00bb{}\u00bb][et_pb_text _builder_version=\u00bb4.16&#8243; _module_preset=\u00bbdefault\u00bb text_text_color=\u00bb#000000&#8243; text_font_size_tablet=\u00bb18px\u00bb text_font_size_phone=\u00bb16px\u00bb text_font_size_last_edited=\u00bbon|phone\u00bb global_colors_info=\u00bb{}\u00bb]<\/p>\n<p>Durante la<strong> educaci\u00f3n primaria<\/strong>, el alumnado materializar\u00e1 en diferentes situaciones y proyectos de aprendizaje las aptitudes y habilidades necesarias para los mismos. El cuidado minucioso del \u00e1rea emocional mediante la construcci\u00f3n de una s\u00f3lida autoconfianza le permitir\u00e1 establecer los cimientos para la organizaci\u00f3n de su ense\u00f1anza de una forma aut\u00f3noma.<\/p>\n<p>&nbsp;<\/p>\n<p>[\/et_pb_text][\/et_pb_column][et_pb_column type=\u00bb1_3&#8243; _builder_version=\u00bb4.16&#8243; _module_preset=\u00bbdefault\u00bb global_colors_info=\u00bb{}\u00bb][et_pb_text _builder_version=\u00bb4.16&#8243; _module_preset=\u00bbdefault\u00bb text_text_color=\u00bb#000000&#8243; text_font_size_tablet=\u00bb18px\u00bb text_font_size_phone=\u00bb16px\u00bb text_font_size_last_edited=\u00bbon|phone\u00bb global_colors_info=\u00bb{}\u00bb]<\/p>\n<p>Contando en este empe\u00f1o con el acompa\u00f1amiento de otras\/os alumnas\/os y profesoras\/es, mediante la interacci\u00f3n con sus iguales, podr\u00e1 realizar la tarea que se proponga de forma cooperativa. El est\u00edmulo de la curiosidad del ni\u00f1o o ni\u00f1a se cimentar\u00e1 sobre experiencias significativas y cercanas, expandiendo sus experiencias a medida que progresa la etapa.<\/p>\n<p>[\/et_pb_text][\/et_pb_column][\/et_pb_row][\/et_pb_section][et_pb_section fb_built=\u00bb1&#8243; fullwidth=\u00bbon\u00bb _builder_version=\u00bb4.16&#8243; _module_preset=\u00bbdefault\u00bb locked=\u00bboff\u00bb global_colors_info=\u00bb{}\u00bb][et_pb_fullwidth_image src=\u00bbhttps:\/\/www.stl.eus\/wp-content\/uploads\/lehen-hezkuntza-1-ikasleak-gelan-irakaslearekin-lizeoa-ikastola.jpg\u00bb title_text=\u00bbEducaci\u00f3n Primaria 1 Alumnado En clase con el profesor Lizeoa Escuela\u00bb _builder_version=\u00bb4.16&#8243; _module_preset=\u00bbdefault\u00bb global_colors_info=\u00bb{}\u00bb][\/et_pb_fullwidth_image][\/et_pb_section][et_pb_section fb_built=\u00bb1&#8243; _builder_version=\u00bb4.16&#8243; _module_preset=\u00bbdefault\u00bb custom_margin=\u00bb||0px||false|false\u00bb custom_padding=\u00bb||0px||false|false\u00bb locked=\u00bboff\u00bb global_colors_info=\u00bb{}\u00bb][et_pb_row _builder_version=\u00bb4.16&#8243; _module_preset=\u00bbdefault\u00bb locked=\u00bboff\u00bb collapsed=\u00bbon\u00bb global_colors_info=\u00bb{}\u00bb][et_pb_column type=\u00bb4_4&#8243; _builder_version=\u00bb4.16&#8243; _module_preset=\u00bbdefault\u00bb global_colors_info=\u00bb{}\u00bb][et_pb_text admin_label=\u00bbTexto Subrayado\u00bb module_class=\u00bbtexto-subrayado\u00bb _builder_version=\u00bb4.16&#8243; _module_preset=\u00bbdefault\u00bb text_font=\u00bbITC Avant Garde Gothic Std &#8211; Book||||||||\u00bb text_text_color=\u00bb#000000&#8243; text_font_size=\u00bb5.5vw\u00bb text_line_height=\u00bb1.2em\u00bb text_orientation=\u00bbcenter\u00bb text_font_size_tablet=\u00bb\u00bb text_font_size_phone=\u00bb32px\u00bb text_font_size_last_edited=\u00bbon|phone\u00bb saved_tabs=\u00bball\u00bb global_colors_info=\u00bb{}\u00bb]Dispondr\u00e1 del apoyo y las oportunidades precisas para el desarrollo de su <span class=\"raya-azulclaro\">personalidad<\/span> y sus <span class=\"raya-amarillo\">aptitudes<\/span> en un clima de <span class=\"raya-azuloscuro\">confianza<\/span>.[\/et_pb_text][et_pb_image src=\u00bbhttps:\/\/www.stl.eus\/wp-content\/uploads\/Flecha-larga-naranja-bajo.svg\u00bb title_text=\u00bbFlecha Larga Naranja Bajo\u00bb align=\u00bbcenter\u00bb admin_label=\u00bbFlecha abajo\u00bb _builder_version=\u00bb4.16&#8243; _module_preset=\u00bbdefault\u00bb custom_padding=\u00bb20px||||false|false\u00bb global_colors_info=\u00bb{}\u00bb][\/et_pb_image][\/et_pb_column][\/et_pb_row][et_pb_row column_structure=\u00bb1_4,1_4,1_4,1_4&#8243; use_custom_gutter=\u00bbon\u00bb gutter_width=\u00bb2&#8243; module_id=\u00bbinfo-erabilgarria\u00bb _builder_version=\u00bb4.16&#8243; _module_preset=\u00bbdefault\u00bb global_colors_info=\u00bb{}\u00bb][et_pb_column type=\u00bb1_4&#8243; _builder_version=\u00bb4.16&#8243; _module_preset=\u00bbdefault\u00bb global_colors_info=\u00bb{}\u00bb][et_pb_text _builder_version=\u00bb4.16&#8243; _module_preset=\u00bbdefault\u00bb text_text_color=\u00bb#000000&#8243; header_2_font=\u00bbITC Avant Garde Gothic Std &#8211; Demi||||||||\u00bb header_2_text_color=\u00bb#ff611d\u00bb header_2_font_size=\u00bb1.4vw\u00bb custom_margin=\u00bb10px||10px||true|false\u00bb custom_padding=\u00bb10px||10px||true|false\u00bb text_font_size_tablet=\u00bb18px\u00bb text_font_size_phone=\u00bb16px\u00bb text_font_size_last_edited=\u00bbon|phone\u00bb header_2_font_size_tablet=\u00bb2.8vw\u00bb header_2_font_size_phone=\u00bb19px\u00bb header_2_font_size_last_edited=\u00bbon|tablet\u00bb global_colors_info=\u00bb{}\u00bb]<\/p>\n<h2>COMPA\u00d1EROS DE VIAJE<\/h2>\n<p>El equipo docente, en colaboraci\u00f3n con el\/la tutor\/a y el Equipo Orientador, realizar\u00e1 el seguimiento de cada alumno\/a en colaboraci\u00f3n con las familias. Seguimos manteniendo al comienzo de la etapa el servicio de logopedia, destinado a orientar el trabajo de lectura\/escritura. Los proyectos de convivencia entre alumnos y alumnas revisten una gran importancia durante toda la etapa, realiz\u00e1ndose varias actividades encaminadas al aprendizaje de una gesti\u00f3n adecuada de las relaciones entre iguales.  <\/p>\n<p>[\/et_pb_text][\/et_pb_column][et_pb_column type=\u00bb1_4&#8243; _builder_version=\u00bb4.16&#8243; _module_preset=\u00bbdefault\u00bb global_colors_info=\u00bb{}\u00bb][et_pb_text _builder_version=\u00bb4.16&#8243; _module_preset=\u00bbdefault\u00bb text_text_color=\u00bb#000000&#8243; header_2_font=\u00bbITC Avant Garde Gothic Std &#8211; Demi||||||||\u00bb header_2_text_color=\u00bb#ff611d\u00bb header_2_font_size=\u00bb1.4vw\u00bb custom_margin=\u00bb10px||10px||true|false\u00bb custom_padding=\u00bb10px||10px||true|false\u00bb text_font_size_tablet=\u00bb18px\u00bb text_font_size_phone=\u00bb16px\u00bb text_font_size_last_edited=\u00bbon|phone\u00bb header_2_font_size_tablet=\u00bb2.8vw\u00bb header_2_font_size_phone=\u00bb19px\u00bb header_2_font_size_last_edited=\u00bbon|tablet\u00bb locked=\u00bboff\u00bb global_colors_info=\u00bb{}\u00bb]<\/p>\n<h2>MULTILING\u00dcISMO<\/h2>\n<p>Entendemos el euskera y la cultura vasca como eje esencial para la consecuci\u00f3n del multiling\u00fcismo, mediante el empleo de recursos verbales, escritos y digitales de cara a la consecuci\u00f3n de una comunicaci\u00f3n eficaz. Por otra parte, el ingl\u00e9s ha venido fortaleci\u00e9ndose durante el paso de los a\u00f1os; nuestras\/os alumnas\/os desarrollar\u00e1n asimismo la lengua castellana a partir del tercer curso. <\/p>\n<p>[\/et_pb_text][\/et_pb_column][et_pb_column type=\u00bb1_4&#8243; _builder_version=\u00bb4.16&#8243; _module_preset=\u00bbdefault\u00bb global_colors_info=\u00bb{}\u00bb][et_pb_text _builder_version=\u00bb4.16&#8243; _module_preset=\u00bbdefault\u00bb text_text_color=\u00bb#000000&#8243; header_2_font=\u00bbITC Avant Garde Gothic Std &#8211; Demi||||||||\u00bb header_2_text_color=\u00bb#ff611d\u00bb header_2_font_size=\u00bb1.4vw\u00bb custom_margin=\u00bb10px||10px||true|false\u00bb custom_padding=\u00bb10px||10px||true|false\u00bb text_font_size_tablet=\u00bb18px\u00bb text_font_size_phone=\u00bb16px\u00bb text_font_size_last_edited=\u00bbon|phone\u00bb header_2_font_size_tablet=\u00bb2.8vw\u00bb header_2_font_size_phone=\u00bb19px\u00bb header_2_font_size_last_edited=\u00bbon|tablet\u00bb locked=\u00bboff\u00bb global_colors_info=\u00bb{}\u00bb]<\/p>\n<h2>ORGANIZACI\u00d3N<\/h2>\n<p>Ofrecemos flexibilidad y opciones para responder a las diversas necesidades y anhelos del alumnado y familias, para lo cual se dispone de comedor, transporte y servicio de guardia, as\u00ed como de las actividades y deportes del<a href=\"https:\/\/www.stl.eus\/es\/hedatuz\/programa-hedatuz\/\" target=\"_blank\" rel=\"noopener\"> programa Hedatuz<\/a>.<\/p>\n<p>[\/et_pb_text][\/et_pb_column][et_pb_column type=\u00bb1_4&#8243; _builder_version=\u00bb4.16&#8243; _module_preset=\u00bbdefault\u00bb global_colors_info=\u00bb{}\u00bb][et_pb_text _builder_version=\u00bb4.16&#8243; _module_preset=\u00bbdefault\u00bb text_text_color=\u00bb#000000&#8243; header_2_font=\u00bbITC Avant Garde Gothic Std &#8211; Demi||||||||\u00bb header_2_text_color=\u00bb#ff611d\u00bb header_2_font_size=\u00bb1.4vw\u00bb custom_margin=\u00bb10px||10px||true|false\u00bb custom_padding=\u00bb10px||10px||true|false\u00bb text_font_size_tablet=\u00bb18px\u00bb text_font_size_phone=\u00bb16px\u00bb text_font_size_last_edited=\u00bbon|phone\u00bb header_2_font_size_tablet=\u00bb2.8vw\u00bb header_2_font_size_phone=\u00bb19px\u00bb header_2_font_size_last_edited=\u00bbon|tablet\u00bb locked=\u00bboff\u00bb global_colors_info=\u00bb{}\u00bb]<\/p>\n<h2>HORARIO<\/h2>\n<p><strong>Ma\u00f1ana<\/strong><br \/>Entrada: 08:45-9:00, Salida: 12:30.<\/p>\n<p><strong>Tarde<\/strong><br \/>Entrada: 14:25-14:40, Salida: 16:30.<\/p>\n<p>[\/et_pb_text][\/et_pb_column][\/et_pb_row][et_pb_row column_structure=\u00bb1_2,1_2&#8243; module_id=\u00bbkirolak\u00bb _builder_version=\u00bb4.16&#8243; _module_preset=\u00bbdefault\u00bb custom_margin=\u00bb||0px||false|false\u00bb custom_padding=\u00bb||0px||false|false\u00bb locked=\u00bboff\u00bb global_colors_info=\u00bb{}\u00bb][et_pb_column type=\u00bb1_2&#8243; _builder_version=\u00bb4.16&#8243; _module_preset=\u00bbdefault\u00bb global_colors_info=\u00bb{}\u00bb][et_pb_text _builder_version=\u00bb4.16&#8243; _module_preset=\u00bbdefault\u00bb text_font=\u00bbITC Avant Garde Gothic Std &#8211; Demi||||||||\u00bb text_text_color=\u00bb#ff611d\u00bb text_font_size=\u00bb1.4vw\u00bb text_font_size_tablet=\u00bb2.8vw\u00bb text_font_size_phone=\u00bb19px\u00bb text_font_size_last_edited=\u00bbon|tablet\u00bb global_colors_info=\u00bb{}\u00bb]<\/p>\n<p>DEPORTES en Educaci\u00f3n Infantil<\/p>\n<p>[\/et_pb_text][\/et_pb_column][et_pb_column type=\u00bb1_2&#8243; _builder_version=\u00bb4.16&#8243; _module_preset=\u00bbdefault\u00bb global_colors_info=\u00bb{}\u00bb][\/et_pb_column][\/et_pb_row][\/et_pb_section][et_pb_section fb_built=\u00bb1&#8243; admin_label=\u00bbSection &#8211; SWIPER DEPORTES\u00bb module_id=\u00bbdeportes\u00bb _builder_version=\u00bb4.16&#8243; _module_preset=\u00bbdefault\u00bb custom_margin=\u00bb||0px||false|false\u00bb custom_padding=\u00bb0px||0px||false|false\u00bb locked=\u00bboff\u00bb collapsed=\u00bboff\u00bb global_colors_info=\u00bb{}\u00bb][et_pb_row _builder_version=\u00bb4.16&#8243; _module_preset=\u00bbdefault\u00bb custom_margin=\u00bb0px|0px|0px|0px|true|true\u00bb custom_padding=\u00bb0px|0px|0px|0px|true|true\u00bb global_colors_info=\u00bb{}\u00bb][et_pb_column type=\u00bb4_4&#8243; _builder_version=\u00bb4.16&#8243; _module_preset=\u00bbdefault\u00bb global_colors_info=\u00bb{}\u00bb][et_pb_text admin_label=\u00bbBotones anterior\/siguiente\u00bb _builder_version=\u00bb4.16&#8243; _module_preset=\u00bbdefault\u00bb text_orientation=\u00bbright\u00bb custom_margin=\u00bb0px|0px|10px|0px|false|true\u00bb custom_padding=\u00bb0px|0px|0px|0px|true|true\u00bb global_colors_info=\u00bb{}\u00bb]<span class=\"swiper-button-prev-kirola swiper-button-prev-custom\"><\/span><span class=\"swiper-button-next-kirola swiper-button-next-custom\"><\/span>[\/et_pb_text][\/et_pb_column][\/et_pb_row][et_pb_row use_custom_gutter=\u00bbon\u00bb gutter_width=\u00bb2&#8243; module_class=\u00bbSwiper-Kirola swiper-container\u00bb _builder_version=\u00bb4.16&#8243; _module_preset=\u00bbdefault\u00bb width=\u00bb100%\u00bb overflow-x=\u00bbhidden\u00bb custom_margin=\u00bb0px|0px|0px|0px|true|true\u00bb custom_padding=\u00bb0px|0px|0px|0px|true|true\u00bb locked=\u00bboff\u00bb global_colors_info=\u00bb{}\u00bb][et_pb_column type=\u00bb4_4&#8243; module_class=\u00bbswiper-wrapper\u00bb _builder_version=\u00bb4.16&#8243; _module_preset=\u00bbdefault\u00bb global_colors_info=\u00bb{}\u00bb][et_pb_text admin_label=\u00bbAtletismoa\u00bb module_class=\u00bbFicha FichaKirola\u00bb _builder_version=\u00bb4.10.5&#8243; _dynamic_attributes=\u00bblink_option_url\u00bb _module_preset=\u00bbdefault\u00bb text_font=\u00bbITC Avant Garde Gothic Std &#8211; Demi||||||||\u00bb text_text_color=\u00bb#ff611d\u00bb text_font_size=\u00bb4.16vw\u00bb text_line_height=\u00bb0.8em\u00bb background_image=\u00bbhttps:\/\/www.stl.eus\/wp-content\/uploads\/kirola-mini-atletismoa-donostia-lizeoa-ikastola001-1.jpg\u00bb text_orientation=\u00bbcenter\u00bb max_width=\u00bb535px\u00bb height=\u00bb745px\u00bb custom_margin_tablet=\u00bb||10vw||false|false\u00bb custom_margin_phone=\u00bb||10vw||false|false\u00bb custom_margin_last_edited=\u00bbon|tablet\u00bb custom_padding=\u00bb0px|0px|0px|0px|true|true\u00bb link_option_url=\u00bb@ET-DC@eyJkeW5hbWljIjp0cnVlLCJjb250ZW50IjoicG9zdF9saW5rX3VybF9wYWdlIiwic2V0dGluZ3MiOnsicG9zdF9pZCI6IjQ5NTcifX0=@\u00bb text_font_size_tablet=\u00bb\u00bb text_font_size_phone=\u00bb45px\u00bb text_font_size_last_edited=\u00bbon|phone\u00bb global_module=\u00bb5132&#8243; saved_tabs=\u00bball\u00bb global_colors_info=\u00bb{}\u00bb]<\/p>\n<p>Atletismo<\/p>\n<p>[\/et_pb_text][et_pb_text admin_label=\u00bbSaskibaloia\u00bb module_class=\u00bbFicha FichaKirola\u00bb _builder_version=\u00bb4.10.5&#8243; _dynamic_attributes=\u00bblink_option_url\u00bb _module_preset=\u00bbdefault\u00bb text_font=\u00bbITC Avant Garde Gothic Std &#8211; Demi||||||||\u00bb text_text_color=\u00bb#ff611d\u00bb text_font_size=\u00bb3.8vw\u00bb text_line_height=\u00bb0.8em\u00bb background_image=\u00bbhttps:\/\/www.stl.eus\/wp-content\/uploads\/kirola-mini-saskibaloia-donostia-lizeoa-ikastola001-1.jpg\u00bb text_orientation=\u00bbcenter\u00bb max_width=\u00bb535px\u00bb height=\u00bb745px\u00bb custom_margin_tablet=\u00bb||10vw||false|false\u00bb custom_margin_phone=\u00bb||10vw||false|false\u00bb custom_margin_last_edited=\u00bbon|tablet\u00bb custom_padding=\u00bb0px|0px|0px|0px|true|true\u00bb link_option_url=\u00bb@ET-DC@eyJkeW5hbWljIjp0cnVlLCJjb250ZW50IjoicG9zdF9saW5rX3VybF9wYWdlIiwic2V0dGluZ3MiOnsicG9zdF9pZCI6IjQ5OTIifX0=@\u00bb text_font_size_tablet=\u00bb\u00bb text_font_size_phone=\u00bb45px\u00bb text_font_size_last_edited=\u00bbon|phone\u00bb global_module=\u00bb5135&#8243; saved_tabs=\u00bball\u00bb global_colors_info=\u00bb{}\u00bb]<\/p>\n<p>Baloncesto<\/p>\n<p>[\/et_pb_text][et_pb_text admin_label=\u00bbKirol alternatiboak\u00bb module_class=\u00bbFicha FichaKirola\u00bb _builder_version=\u00bb4.10.5&#8243; _dynamic_attributes=\u00bblink_option_url\u00bb _module_preset=\u00bbdefault\u00bb text_font=\u00bbITC Avant Garde Gothic Std &#8211; Demi||||||||\u00bb text_text_color=\u00bb#ff611d\u00bb text_font_size=\u00bb3.1vw\u00bb text_line_height=\u00bb0.8em\u00bb background_image=\u00bbhttps:\/\/www.stl.eus\/wp-content\/uploads\/kirola-mini-kirol-alternatiboak-2-donostia-lizeoa-ikastola001.jpg\u00bb text_orientation=\u00bbcenter\u00bb max_width=\u00bb535px\u00bb height=\u00bb745px\u00bb custom_margin_tablet=\u00bb||10vw||false|false\u00bb custom_margin_phone=\u00bb||10vw||false|false\u00bb custom_margin_last_edited=\u00bbon|tablet\u00bb custom_padding=\u00bb0px|0px|0px|0px|true|true\u00bb link_option_url=\u00bb@ET-DC@eyJkeW5hbWljIjp0cnVlLCJjb250ZW50IjoicG9zdF9saW5rX3VybF9wYWdlIiwic2V0dGluZ3MiOnsicG9zdF9pZCI6IjQ5NzYifX0=@\u00bb text_font_size_tablet=\u00bb\u00bb text_font_size_phone=\u00bb45px\u00bb text_font_size_last_edited=\u00bbon|phone\u00bb global_module=\u00bb5138&#8243; saved_tabs=\u00bball\u00bb global_colors_info=\u00bb{}\u00bb]<\/p>\n<p>Deportes alternativos<\/p>\n<p>[\/et_pb_text][et_pb_text admin_label=\u00bbIgeriketa\u00bb module_class=\u00bbFicha FichaKirola\u00bb _builder_version=\u00bb4.10.5&#8243; _dynamic_attributes=\u00bblink_option_url\u00bb _module_preset=\u00bbdefault\u00bb text_font=\u00bbITC Avant Garde Gothic Std &#8211; Demi||||||||\u00bb text_text_color=\u00bb#ff611d\u00bb text_font_size=\u00bb4.13vw\u00bb text_line_height=\u00bb0.8em\u00bb background_image=\u00bbhttps:\/\/www.stl.eus\/wp-content\/uploads\/kirola-mini-igeriketa-taula-donostia-lizeoa-ikastola001.jpg\u00bb text_orientation=\u00bbcenter\u00bb max_width=\u00bb535px\u00bb height=\u00bb745px\u00bb custom_margin_tablet=\u00bb||10vw||false|false\u00bb custom_margin_phone=\u00bb||10vw||false|false\u00bb custom_margin_last_edited=\u00bbon|tablet\u00bb custom_padding=\u00bb0px|0px|0px|0px|true|true\u00bb link_option_url=\u00bb@ET-DC@eyJkeW5hbWljIjp0cnVlLCJjb250ZW50IjoicG9zdF9saW5rX3VybF9wYWdlIiwic2V0dGluZ3MiOnsicG9zdF9pZCI6IjQ5NjgifX0=@\u00bb text_font_size_tablet=\u00bb\u00bb text_font_size_phone=\u00bb45px\u00bb text_font_size_last_edited=\u00bbon|phone\u00bb global_module=\u00bb5133&#8243; saved_tabs=\u00bball\u00bb global_colors_info=\u00bb{}\u00bb]<\/p>\n<p>Nataci\u00f3n<\/p>\n<p>[\/et_pb_text][et_pb_text admin_label=\u00bbHockeya\u00bb module_class=\u00bbFicha FichaKirola\u00bb _builder_version=\u00bb4.10.5&#8243; _dynamic_attributes=\u00bblink_option_url\u00bb _module_preset=\u00bbdefault\u00bb text_font=\u00bbITC Avant Garde Gothic Std &#8211; Demi||||||||\u00bb text_text_color=\u00bb#ff611d\u00bb text_font_size=\u00bb4.16vw\u00bb text_line_height=\u00bb1em\u00bb background_image=\u00bbhttps:\/\/www.stl.eus\/wp-content\/uploads\/kirola-mini-hockey-2-donostia-lizeoa-ikastola001.jpg\u00bb text_orientation=\u00bbcenter\u00bb max_width=\u00bb535px\u00bb height=\u00bb745px\u00bb custom_margin_tablet=\u00bb||10vw||false|false\u00bb custom_margin_phone=\u00bb||10vw||false|false\u00bb custom_margin_last_edited=\u00bbon|tablet\u00bb custom_padding=\u00bb0px|0px|0px|0px|true|true\u00bb link_option_url=\u00bb@ET-DC@eyJkeW5hbWljIjp0cnVlLCJjb250ZW50IjoicG9zdF9saW5rX3VybF9wYWdlIiwic2V0dGluZ3MiOnsicG9zdF9pZCI6IjUwMDAifX0=@\u00bb text_font_size_tablet=\u00bb\u00bb text_font_size_phone=\u00bb45px\u00bb text_font_size_last_edited=\u00bbon|phone\u00bb global_module=\u00bb5136&#8243; saved_tabs=\u00bball\u00bb global_colors_info=\u00bb{}\u00bb]<\/p>\n<p>Hockey<\/p>\n<p>[\/et_pb_text][et_pb_text admin_label=\u00bbPilota\u00bb module_class=\u00bbFicha FichaKirola\u00bb _builder_version=\u00bb4.10.5&#8243; _dynamic_attributes=\u00bblink_option_url\u00bb _module_preset=\u00bbdefault\u00bb text_font=\u00bbITC Avant Garde Gothic Std &#8211; Demi||||||||\u00bb text_text_color=\u00bb#ff611d\u00bb text_font_size=\u00bb4.16vw\u00bb text_line_height=\u00bb0.8em\u00bb background_image=\u00bbhttps:\/\/www.stl.eus\/wp-content\/uploads\/kirola-mini-pilota-donostia-lizeoa-ikastola001.jpg\u00bb text_orientation=\u00bbcenter\u00bb max_width=\u00bb535px\u00bb height=\u00bb745px\u00bb custom_margin_tablet=\u00bb||10vw||false|false\u00bb custom_margin_phone=\u00bb||10vw||false|false\u00bb custom_margin_last_edited=\u00bbon|tablet\u00bb custom_padding=\u00bb0px|0px|0px|0px|true|true\u00bb link_option_url=\u00bb@ET-DC@eyJkeW5hbWljIjp0cnVlLCJjb250ZW50IjoicG9zdF9saW5rX3VybF9wYWdlIiwic2V0dGluZ3MiOnsicG9zdF9pZCI6IjQ5ODQifX0=@\u00bb text_font_size_tablet=\u00bb\u00bb text_font_size_phone=\u00bb45px\u00bb text_font_size_last_edited=\u00bbon|phone\u00bb global_module=\u00bb5134&#8243; saved_tabs=\u00bball\u00bb global_colors_info=\u00bb{}\u00bb]<\/p>\n<p>Pelota<\/p>\n<p>[\/et_pb_text][et_pb_text admin_label=\u00bbFutbola\u00bb module_class=\u00bbFicha FichaKirola\u00bb _builder_version=\u00bb4.10.5&#8243; _dynamic_attributes=\u00bblink_option_url\u00bb _module_preset=\u00bbdefault\u00bb text_font=\u00bbITC Avant Garde Gothic Std &#8211; Demi||||||||\u00bb text_text_color=\u00bb#ff611d\u00bb text_font_size=\u00bb4.13vw\u00bb text_line_height=\u00bb0.8em\u00bb background_image=\u00bbhttps:\/\/www.stl.eus\/wp-content\/uploads\/kirola-mini-futbola-1-donostia-lizeoa-ikastola001.jpg\u00bb text_orientation=\u00bbcenter\u00bb max_width=\u00bb535px\u00bb height=\u00bb745px\u00bb custom_margin_tablet=\u00bb||10vw||false|false\u00bb custom_margin_phone=\u00bb||10vw||false|false\u00bb custom_margin_last_edited=\u00bbon|tablet\u00bb custom_padding=\u00bb0px|0px|0px|0px|true|true\u00bb link_option_url=\u00bb@ET-DC@eyJkeW5hbWljIjp0cnVlLCJjb250ZW50IjoicG9zdF9saW5rX3VybF9wYWdlIiwic2V0dGluZ3MiOnsicG9zdF9pZCI6IjUwMDgifX0=@\u00bb text_font_size_tablet=\u00bb\u00bb text_font_size_phone=\u00bb45px\u00bb text_font_size_last_edited=\u00bbon|phone\u00bb global_module=\u00bb5137&#8243; saved_tabs=\u00bball\u00bb global_colors_info=\u00bb{}\u00bb]<\/p>\n<p>F\u00fatbol<\/p>\n<p>[\/et_pb_text][\/et_pb_column][\/et_pb_row][\/et_pb_section][et_pb_section fb_built=\u00bb1&#8243; _builder_version=\u00bb4.16&#8243; _module_preset=\u00bbdefault\u00bb custom_margin=\u00bb0px||0px||true|false\u00bb custom_padding=\u00bb0px||0px||true|false\u00bb locked=\u00bboff\u00bb global_colors_info=\u00bb{}\u00bb][et_pb_row column_structure=\u00bb1_2,1_2&#8243; module_id=\u00bbhedatuz\u00bb _builder_version=\u00bb4.16&#8243; _module_preset=\u00bbdefault\u00bb custom_margin=\u00bb||0px||false|false\u00bb custom_padding=\u00bb||0px||false|false\u00bb global_colors_info=\u00bb{}\u00bb][et_pb_column type=\u00bb1_2&#8243; _builder_version=\u00bb4.16&#8243; _module_preset=\u00bbdefault\u00bb global_colors_info=\u00bb{}\u00bb][et_pb_text admin_label=\u00bbEKINTZAK\u00bb _builder_version=\u00bb4.16&#8243; _module_preset=\u00bbdefault\u00bb text_font=\u00bbITC Avant Garde Gothic Std &#8211; Demi||||||||\u00bb text_text_color=\u00bb#ff611d\u00bb text_font_size=\u00bb1.4vw\u00bb text_font_size_tablet=\u00bb2.8vw\u00bb text_font_size_phone=\u00bb19px\u00bb text_font_size_last_edited=\u00bbon|tablet\u00bb global_colors_info=\u00bb{}\u00bb]<\/p>\n<p>Actividades HEDATUZ en Educaci\u00f3n Infantil<\/p>\n<p>[\/et_pb_text][\/et_pb_column][et_pb_column type=\u00bb1_2&#8243; _builder_version=\u00bb4.16&#8243; _module_preset=\u00bbdefault\u00bb global_colors_info=\u00bb{}\u00bb][\/et_pb_column][\/et_pb_row][\/et_pb_section][et_pb_section fb_built=\u00bb1&#8243; admin_label=\u00bbSection &#8211; SWIPER actividades\u00bb module_id=\u00bbexpandiendo\u00bb _builder_version=\u00bb4.16&#8243; _module_preset=\u00bbdefault\u00bb custom_margin=\u00bb||0px||false|false\u00bb custom_padding=\u00bb0px||0px||false|false\u00bb locked=\u00bboff\u00bb collapsed=\u00bboff\u00bb global_colors_info=\u00bb{}\u00bb][et_pb_row _builder_version=\u00bb4.16&#8243; _module_preset=\u00bbdefault\u00bb custom_margin=\u00bb0px|0px|0px|0px|true|true\u00bb custom_padding=\u00bb0px|0px|0px|0px|true|true\u00bb global_colors_info=\u00bb{}\u00bb][et_pb_column type=\u00bb4_4&#8243; _builder_version=\u00bb4.16&#8243; _module_preset=\u00bbdefault\u00bb global_colors_info=\u00bb{}\u00bb][et_pb_text admin_label=\u00bbBotones anterior\/siguiente\u00bb _builder_version=\u00bb4.16&#8243; _module_preset=\u00bbdefault\u00bb text_orientation=\u00bbright\u00bb custom_margin=\u00bb0px|0px|10px|0px|false|true\u00bb custom_padding=\u00bb0px|0px|0px|0px|true|true\u00bb global_colors_info=\u00bb{}\u00bb]<span class=\"swiper-button-prev-ekintzak swiper-button-prev-custom\"><\/span><span class=\"swiper-button-next-ekintzak swiper-button-next-custom\"><\/span>[\/et_pb_text][\/et_pb_column][\/et_pb_row][et_pb_row use_custom_gutter=\u00bbon\u00bb gutter_width=\u00bb2&#8243; module_class=\u00bbSwiper-ekintzak swiper-container\u00bb _builder_version=\u00bb4.16&#8243; _module_preset=\u00bbdefault\u00bb width=\u00bb100%\u00bb overflow-x=\u00bbhidden\u00bb custom_margin=\u00bb0px|0px|0px|0px|true|true\u00bb custom_padding=\u00bb0px|0px|0px|0px|true|true\u00bb locked=\u00bboff\u00bb global_colors_info=\u00bb{}\u00bb][et_pb_column type=\u00bb4_4&#8243; module_class=\u00bbswiper-wrapper\u00bb _builder_version=\u00bb4.16&#8243; _module_preset=\u00bbdefault\u00bb global_colors_info=\u00bb{}\u00bb][et_pb_text admin_label=\u00bbMusika tailerra\u00bb module_class=\u00bbFicha FichaHedatuz\u00bb _builder_version=\u00bb4.10.5&#8243; _dynamic_attributes=\u00bblink_option_url\u00bb _module_preset=\u00bbdefault\u00bb text_font=\u00bbITC Avant Garde Gothic Std &#8211; Demi||||||||\u00bb text_text_color=\u00bb#ff611d\u00bb text_font_size=\u00bb4.16vw\u00bb text_line_height=\u00bb0.8em\u00bb background_image=\u00bbhttps:\/\/www.stl.eus\/wp-content\/uploads\/hedatuz-musika-tailerra-mini-eskolaz-kanpoko-ekintza-donostia-lizeoa-ikastola001-1.jpg\u00bb text_orientation=\u00bbcenter\u00bb max_width=\u00bb535px\u00bb height=\u00bb745px\u00bb custom_margin_tablet=\u00bb||10vw||false|false\u00bb custom_margin_phone=\u00bb||10vw||false|false\u00bb custom_margin_last_edited=\u00bbon|tablet\u00bb custom_padding=\u00bb0px|0px|0px|0px|true|true\u00bb link_option_url=\u00bb@ET-DC@eyJkeW5hbWljIjp0cnVlLCJjb250ZW50IjoicG9zdF9saW5rX3VybF9wYWdlIiwic2V0dGluZ3MiOnsicG9zdF9pZCI6IjQ2MzQifX0=@\u00bb text_font_size_tablet=\u00bb\u00bb text_font_size_phone=\u00bb45px\u00bb text_font_size_last_edited=\u00bbon|phone\u00bb global_module=\u00bb5149&#8243; global_colors_info=\u00bb{}\u00bb]<\/p>\n<p>Taller de m\u00fasica<\/p>\n<p>[\/et_pb_text][et_pb_text admin_label=\u00bbYoga\u00bb module_class=\u00bbFicha FichaHedatuz\u00bb _builder_version=\u00bb4.10.5&#8243; _dynamic_attributes=\u00bblink_option_url\u00bb _module_preset=\u00bbdefault\u00bb text_font=\u00bbITC Avant Garde Gothic Std &#8211; Demi||||||||\u00bb text_text_color=\u00bb#ff611d\u00bb text_font_size=\u00bb4.16vw\u00bb text_line_height=\u00bb0.8em\u00bb background_image=\u00bbhttps:\/\/www.stl.eus\/wp-content\/uploads\/hedatuz-yoga-1-mini-eskolaz-kanpoko-ekintza-donostia-lizeoa-ikastola001.jpg\u00bb text_orientation=\u00bbcenter\u00bb max_width=\u00bb535px\u00bb height=\u00bb745px\u00bb custom_margin_tablet=\u00bb||10vw||false|false\u00bb custom_margin_phone=\u00bb||10vw||false|false\u00bb custom_margin_last_edited=\u00bbon|tablet\u00bb custom_padding=\u00bb0px|0px|0px|0px|true|true\u00bb link_option_url=\u00bb@ET-DC@eyJkeW5hbWljIjp0cnVlLCJjb250ZW50IjoicG9zdF9saW5rX3VybF9wYWdlIiwic2V0dGluZ3MiOnsicG9zdF9pZCI6IjQ2NTMifX0=@\u00bb text_font_size_tablet=\u00bb\u00bb text_font_size_phone=\u00bb45px\u00bb text_font_size_last_edited=\u00bbon|phone\u00bb global_module=\u00bb5151&#8243; global_colors_info=\u00bb{}\u00bb]<\/p>\n<p>Yoga<\/p>\n<p>\n[\/et_pb_text][et_pb_text admin_label=\u00bbGimnastika erritmikoa\u00bb module_class=\u00bbFicha FichaHedatuz\u00bb _builder_version=\u00bb4.10.5&#8243; _dynamic_attributes=\u00bblink_option_url\u00bb _module_preset=\u00bbdefault\u00bb text_font=\u00bbITC Avant Garde Gothic Std &#8211; Demi||||||||\u00bb text_text_color=\u00bb#ff611d\u00bb text_font_size=\u00bb4.16vw\u00bb text_line_height=\u00bb0.8em\u00bb background_image=\u00bbhttps:\/\/www.stl.eus\/wp-content\/uploads\/hedatuz-gimanastika-erritmikoa-mini-eskolaz-kanpoko-ekintza-donostia-lizeoa-ikastola001.jpg\u00bb text_orientation=\u00bbcenter\u00bb max_width=\u00bb535px\u00bb height=\u00bb745px\u00bb custom_margin_tablet=\u00bb||10vw||false|false\u00bb custom_margin_phone=\u00bb||10vw||false|false\u00bb custom_margin_last_edited=\u00bbon|tablet\u00bb custom_padding=\u00bb0px|0px|0px|0px|true|true\u00bb link_option_url=\u00bb@ET-DC@eyJkeW5hbWljIjp0cnVlLCJjb250ZW50IjoicG9zdF9saW5rX3VybF9wYWdlIiwic2V0dGluZ3MiOnsicG9zdF9pZCI6IjQ2MjMifX0=@\u00bb text_font_size_tablet=\u00bb\u00bb text_font_size_phone=\u00bb45px\u00bb text_font_size_last_edited=\u00bbon|phone\u00bb global_module=\u00bb5152&#8243; global_colors_info=\u00bb{}\u00bb]<\/p>\n<p>Gimnasia r\u00edtmica<\/p>\n<p>[\/et_pb_text][et_pb_text admin_label=\u00bbSormen tailerra\u00bb module_class=\u00bbFicha FichaHedatuz\u00bb _builder_version=\u00bb4.10.5&#8243; _dynamic_attributes=\u00bblink_option_url\u00bb _module_preset=\u00bbdefault\u00bb text_font=\u00bbITC Avant Garde Gothic Std &#8211; Demi||||||||\u00bb text_text_color=\u00bb#ff611d\u00bb text_font_size=\u00bb4.16vw\u00bb text_line_height=\u00bb0.8em\u00bb background_image=\u00bbhttps:\/\/www.stl.eus\/wp-content\/uploads\/hedatuz-sormen-tailerra-mini-eskolaz-kanpoko-ekintza-donostia-lizeoa-ikastola001.jpg\u00bb text_orientation=\u00bbcenter\u00bb max_width=\u00bb535px\u00bb height=\u00bb745px\u00bb custom_margin_tablet=\u00bb||10vw||false|false\u00bb custom_margin_phone=\u00bb||10vw||false|false\u00bb custom_margin_last_edited=\u00bbon|tablet\u00bb custom_padding=\u00bb0px|0px|0px|0px|true|true\u00bb link_option_url=\u00bb@ET-DC@eyJkeW5hbWljIjp0cnVlLCJjb250ZW50IjoicG9zdF9saW5rX3VybF9wYWdlIiwic2V0dGluZ3MiOnsicG9zdF9pZCI6IjQ2ODQifX0=@\u00bb text_font_size_tablet=\u00bb\u00bb text_font_size_phone=\u00bb45px\u00bb text_font_size_last_edited=\u00bbon|phone\u00bb global_module=\u00bb5153&#8243; global_colors_info=\u00bb{}\u00bb]<\/p>\n<p>Taller de creaci\u00f3n<\/p>\n<p>[\/et_pb_text][et_pb_text admin_label=\u00bbXakea \u00bb module_class=\u00bbFicha FichaHedatuz\u00bb _builder_version=\u00bb4.10.8&#8243; _dynamic_attributes=\u00bblink_option_url\u00bb _module_preset=\u00bbdefault\u00bb text_font=\u00bbITC Avant Garde Gothic Std &#8211; Demi||||||||\u00bb text_text_color=\u00bb#ff611d\u00bb text_font_size=\u00bb4.16vw\u00bb text_line_height=\u00bb0.8em\u00bb background_image=\u00bbhttps:\/\/www.stl.eus\/wp-content\/uploads\/hedatuz-xakea-mini-eskolaz-kanpoko-ekintza-donostia-lizeoa-ikastola001.jpg\u00bb text_orientation=\u00bbcenter\u00bb max_width=\u00bb535px\u00bb height=\u00bb745px\u00bb custom_margin_tablet=\u00bb||10vw||false|false\u00bb custom_margin_phone=\u00bb||10vw||false|false\u00bb custom_margin_last_edited=\u00bbon|tablet\u00bb custom_padding=\u00bb0px|0px|0px|0px|true|true\u00bb link_option_url=\u00bb@ET-DC@eyJkeW5hbWljIjp0cnVlLCJjb250ZW50IjoicG9zdF9saW5rX3VybF9wYWdlIiwic2V0dGluZ3MiOnsicG9zdF9pZCI6IjQ3NDQifX0=@\u00bb text_font_size_tablet=\u00bb\u00bb text_font_size_phone=\u00bb45px\u00bb text_font_size_last_edited=\u00bbon|phone\u00bb global_module=\u00bb5154&#8243; saved_tabs=\u00bball\u00bb locked=\u00bboff\u00bb global_colors_info=\u00bb{}\u00bb]<\/p>\n<p>Ajedrez<\/p>\n<p>[\/et_pb_text][et_pb_text admin_label=\u00bbPanderoa\u00bb module_class=\u00bbFicha FichaHedatuz\u00bb _builder_version=\u00bb4.10.5&#8243; _dynamic_attributes=\u00bblink_option_url\u00bb _module_preset=\u00bbdefault\u00bb text_font=\u00bbITC Avant Garde Gothic Std &#8211; Demi||||||||\u00bb text_text_color=\u00bb#ff611d\u00bb text_font_size=\u00bb4.16vw\u00bb text_line_height=\u00bb0.8em\u00bb background_image=\u00bbhttps:\/\/www.stl.eus\/wp-content\/uploads\/hedatuz-panderoa-mini-eskolaz-kanpoko-ekintza-donostia-lizeoa-ikastola001.jpg\u00bb text_orientation=\u00bbcenter\u00bb max_width=\u00bb535px\u00bb height=\u00bb745px\u00bb custom_margin_tablet=\u00bb||10vw||false|false\u00bb custom_margin_phone=\u00bb||10vw||false|false\u00bb custom_margin_last_edited=\u00bbon|tablet\u00bb custom_padding=\u00bb0px|0px|0px|0px|true|true\u00bb link_option_url=\u00bb@ET-DC@eyJkeW5hbWljIjp0cnVlLCJjb250ZW50IjoicG9zdF9saW5rX3VybF9wYWdlIiwic2V0dGluZ3MiOnsicG9zdF9pZCI6IjQ3MjEifX0=@\u00bb text_font_size_tablet=\u00bb\u00bb text_font_size_phone=\u00bb45px\u00bb text_font_size_last_edited=\u00bbon|phone\u00bb global_module=\u00bb5155&#8243; global_colors_info=\u00bb{}\u00bb]<\/p>\n<p>Pandero<\/p>\n<p>[\/et_pb_text][et_pb_text admin_label=\u00bbAntzerkia\u00bb module_class=\u00bbFicha FichaHedatuz\u00bb _builder_version=\u00bb4.10.5&#8243; _dynamic_attributes=\u00bblink_option_url\u00bb _module_preset=\u00bbdefault\u00bb text_font=\u00bbITC Avant Garde Gothic Std &#8211; Demi||||||||\u00bb text_text_color=\u00bb#ff611d\u00bb text_font_size=\u00bb4.16vw\u00bb text_line_height=\u00bb0.8em\u00bb background_image=\u00bbhttps:\/\/www.stl.eus\/wp-content\/uploads\/hedatuz-antzerkia-mini-kanpoko-ekintza-donostia-lizeoa-ikastola001.jpg\u00bb text_orientation=\u00bbcenter\u00bb max_width=\u00bb535px\u00bb height=\u00bb745px\u00bb custom_margin_tablet=\u00bb||10vw||false|false\u00bb custom_margin_phone=\u00bb||10vw||false|false\u00bb custom_margin_last_edited=\u00bbon|tablet\u00bb custom_padding=\u00bb0px|0px|0px|0px|true|true\u00bb link_option_url=\u00bb@ET-DC@eyJkeW5hbWljIjp0cnVlLCJjb250ZW50IjoicG9zdF9saW5rX3VybF9wYWdlIiwic2V0dGluZ3MiOnsicG9zdF9pZCI6IjQ2OTQifX0=@\u00bb text_font_size_tablet=\u00bb\u00bb text_font_size_phone=\u00bb45px\u00bb text_font_size_last_edited=\u00bbon|phone\u00bb global_module=\u00bb5156&#8243; global_colors_info=\u00bb{}\u00bb]<\/p>\n<p>Teatro<\/p>\n<p>[\/et_pb_text][et_pb_text admin_label=\u00bbEuskal dantza\u00bb module_class=\u00bbFicha FIchaHedatuz\u00bb _builder_version=\u00bb4.10.5&#8243; _dynamic_attributes=\u00bblink_option_url\u00bb _module_preset=\u00bbdefault\u00bb text_font=\u00bbITC Avant Garde Gothic Std &#8211; Demi||||||||\u00bb text_text_color=\u00bb#ff611d\u00bb text_font_size=\u00bb4.16vw\u00bb text_line_height=\u00bb0.8em\u00bb background_image=\u00bbhttps:\/\/www.stl.eus\/wp-content\/uploads\/hedatuz-euskal-dantza-mini-eskolaz-kanpoko-ekintza-donostia-lizeoa-ikastola001.jpg\u00bb text_orientation=\u00bbcenter\u00bb max_width=\u00bb535px\u00bb height=\u00bb745px\u00bb custom_margin_tablet=\u00bb||10vw||false|false\u00bb custom_margin_phone=\u00bb||10vw||false|false\u00bb custom_margin_last_edited=\u00bbon|tablet\u00bb custom_padding=\u00bb0px|0px|0px|0px|true|true\u00bb link_option_url=\u00bb@ET-DC@eyJkeW5hbWljIjp0cnVlLCJjb250ZW50IjoicG9zdF9saW5rX3VybF9wYWdlIiwic2V0dGluZ3MiOnsicG9zdF9pZCI6IjQ3MTEifX0=@\u00bb text_font_size_tablet=\u00bb\u00bb text_font_size_phone=\u00bb45px\u00bb text_font_size_last_edited=\u00bbon|phone\u00bb global_module=\u00bb5157&#8243; global_colors_info=\u00bb{}\u00bb]<\/p>\n<p>Euskal dantza<\/p>\n<p>\n[\/et_pb_text][et_pb_text admin_label=\u00bbMarrazketa\u00bb module_class=\u00bbFicha FichaHedatuz\u00bb _builder_version=\u00bb4.10.5&#8243; _dynamic_attributes=\u00bblink_option_url\u00bb _module_preset=\u00bbdefault\u00bb text_font=\u00bbITC Avant Garde Gothic Std &#8211; Demi||||||||\u00bb text_text_color=\u00bb#ff611d\u00bb text_font_size=\u00bb4.16vw\u00bb text_line_height=\u00bb0.8em\u00bb background_image=\u00bbhttps:\/\/www.stl.eus\/wp-content\/uploads\/hedatuz-marrazketa-mini-eskola-margoak-eskolaz-kanpoko-ekintza-donostia-lizeoa-ikastola001.jpg\u00bb text_orientation=\u00bbcenter\u00bb max_width=\u00bb535px\u00bb height=\u00bb745px\u00bb custom_margin_tablet=\u00bb||10vw||false|false\u00bb custom_margin_phone=\u00bb||10vw||false|false\u00bb custom_margin_last_edited=\u00bbon|tablet\u00bb custom_padding=\u00bb0px|0px|0px|0px|true|true\u00bb link_option_url=\u00bb@ET-DC@eyJkeW5hbWljIjp0cnVlLCJjb250ZW50IjoicG9zdF9saW5rX3VybF9wYWdlIiwic2V0dGluZ3MiOnsicG9zdF9pZCI6IjQ3MzIifX0=@\u00bb text_font_size_tablet=\u00bb\u00bb text_font_size_phone=\u00bb45px\u00bb text_font_size_last_edited=\u00bbon|phone\u00bb global_module=\u00bb5158&#8243; global_colors_info=\u00bb{}\u00bb]<\/p>\n<p>Dibujo<\/p>\n<p>[\/et_pb_text][et_pb_text admin_label=\u00bbIngelesa LH 1-2&#8243; module_class=\u00bbFicha FichaHedatuz\u00bb _builder_version=\u00bb4.10.7&#8243; _dynamic_attributes=\u00bblink_option_url\u00bb _module_preset=\u00bbdefault\u00bb text_font=\u00bbITC Avant Garde Gothic Std &#8211; Demi||||||||\u00bb text_text_color=\u00bb#ff611d\u00bb text_font_size=\u00bb4.16vw\u00bb text_line_height=\u00bb1em\u00bb background_image=\u00bbhttps:\/\/www.stl.eus\/wp-content\/uploads\/hedatuz-ingelera-bh-mini-eskolaz-kanpoko-ekintza-donostia-lizeoa-ikastola001.jpg\u00bb text_orientation=\u00bbcenter\u00bb max_width=\u00bb535px\u00bb height=\u00bb745px\u00bb custom_margin_tablet=\u00bb||10vw||false|false\u00bb custom_margin_phone=\u00bb||10vw||false|false\u00bb custom_margin_last_edited=\u00bbon|tablet\u00bb custom_padding=\u00bb0px|0px|0px|0px|true|true\u00bb link_option_url=\u00bb@ET-DC@eyJkeW5hbWljIjp0cnVlLCJjb250ZW50IjoicG9zdF9saW5rX3VybF9wYWdlIiwic2V0dGluZ3MiOnsicG9zdF9pZCI6IjQ3NDkifX0=@\u00bb text_font_size_tablet=\u00bb\u00bb text_font_size_phone=\u00bb45px\u00bb text_font_size_last_edited=\u00bbon|phone\u00bb global_module=\u00bb5159&#8243; global_colors_info=\u00bb{}\u00bb]<\/p>\n<p>Ingl\u00e9s<span class=\"br\"><\/span> 1\u00ba-2\u00ba EP<\/p>\n<p>[\/et_pb_text][et_pb_text admin_label=\u00bbIngelesa LH 3-6&#8243; module_class=\u00bbFicha FichaHedatuz\u00bb _builder_version=\u00bb4.10.7&#8243; _dynamic_attributes=\u00bblink_option_url\u00bb _module_preset=\u00bbdefault\u00bb text_font=\u00bbITC Avant Garde Gothic Std &#8211; Demi||||||||\u00bb text_text_color=\u00bb#ff611d\u00bb text_font_size=\u00bb4.16vw\u00bb text_line_height=\u00bb1em\u00bb background_image=\u00bbhttps:\/\/www.stl.eus\/wp-content\/uploads\/hedatuz-ingelera-LH-3-6-mini-eskolaz-kanpoko-ekintza-donostia-lizeoa-ikastola001.jpg\u00bb text_orientation=\u00bbcenter\u00bb max_width=\u00bb535px\u00bb height=\u00bb745px\u00bb custom_margin_tablet=\u00bb||10vw||false|false\u00bb custom_margin_phone=\u00bb||10vw||false|false\u00bb custom_margin_last_edited=\u00bbon|tablet\u00bb custom_padding=\u00bb0px|0px|0px|0px|true|true\u00bb link_option_url=\u00bb@ET-DC@eyJkeW5hbWljIjp0cnVlLCJjb250ZW50IjoicG9zdF9saW5rX3VybF9wYWdlIiwic2V0dGluZ3MiOnsicG9zdF9pZCI6IjQ3NTgifX0=@\u00bb text_font_size_tablet=\u00bb\u00bb text_font_size_phone=\u00bb45px\u00bb text_font_size_last_edited=\u00bbon|phone\u00bb global_module=\u00bb5160&#8243; global_colors_info=\u00bb{}\u00bb]<\/p>\n<p>Ingl\u00e9s<span class=\"br\"><\/span> 3\u00ba-6\u00ba EP<\/p>\n<p>[\/et_pb_text][et_pb_text admin_label=\u00bbRobotika &#8211; Proiektu teknologikoak\u00bb module_class=\u00bbFicha FichaHedatuz\u00bb _builder_version=\u00bb4.27.4&#8243; _dynamic_attributes=\u00bblink_option_url\u00bb _module_preset=\u00bbdefault\u00bb text_font=\u00bbITC Avant Garde Gothic Std &#8211; Demi||||||||\u00bb text_text_color=\u00bb#ff611d\u00bb text_font_size=\u00bb4.16vw\u00bb text_line_height=\u00bb0.8em\u00bb background_image=\u00bbhttps:\/\/www.stl.eus\/wp-content\/uploads\/hedatuz-robotika-mini-eskolaz-kanpoko-ekintza-donostia-lizeoa-ikastola001.jpg\u00bb text_orientation=\u00bbcenter\u00bb max_width=\u00bb535px\u00bb height=\u00bb745px\u00bb custom_margin_tablet=\u00bb||10vw||false|false\u00bb custom_margin_phone=\u00bb||10vw||false|false\u00bb custom_margin_last_edited=\u00bbon|tablet\u00bb custom_padding=\u00bb0px|0px|0px|0px|true|true\u00bb link_option_url=\u00bb@ET-DC@eyJkeW5hbWljIjp0cnVlLCJjb250ZW50IjoicG9zdF9saW5rX3VybF9wYWdlIiwic2V0dGluZ3MiOnsicG9zdF9pZCI6IjQ2NDIifX0=@\u00bb text_font_size_tablet=\u00bb\u00bb text_font_size_phone=\u00bb45px\u00bb text_font_size_last_edited=\u00bbon|phone\u00bb global_module=\u00bb5161&#8243; global_colors_info=\u00bb{}\u00bb]<\/p>\n<p>Rob\u00f3tica &#8211; Proyectos tecnol\u00f3gicos<\/p>\n<p>[\/et_pb_text][\/et_pb_column][\/et_pb_row][\/et_pb_section][et_pb_section fb_built=\u00bb1&#8243; _builder_version=\u00bb4.16&#8243; _module_preset=\u00bbdefault\u00bb custom_margin=\u00bb0px||0px||true|false\u00bb custom_padding=\u00bb0px||0px||true|false\u00bb locked=\u00bboff\u00bb global_colors_info=\u00bb{}\u00bb][et_pb_row column_structure=\u00bb1_2,1_2&#8243; disabled_on=\u00bboff|off|off\u00bb module_id=\u00bbalbisteak\u00bb _builder_version=\u00bb4.27.4&#8243; _module_preset=\u00bbdefault\u00bb custom_margin=\u00bb||0px||false|false\u00bb custom_padding=\u00bb||0px||false|false\u00bb global_colors_info=\u00bb{}\u00bb][et_pb_column type=\u00bb1_2&#8243; _builder_version=\u00bb4.16&#8243; _module_preset=\u00bbdefault\u00bb global_colors_info=\u00bb{}\u00bb][et_pb_text admin_label=\u00bbALBISTEAK\u00bb _builder_version=\u00bb4.16&#8243; _module_preset=\u00bbdefault\u00bb text_font=\u00bbITC Avant Garde Gothic Std &#8211; Demi||||||||\u00bb text_text_color=\u00bb#ff611d\u00bb text_font_size=\u00bb1.4vw\u00bb text_font_size_tablet=\u00bb2.8vw\u00bb text_font_size_phone=\u00bb19px\u00bb text_font_size_last_edited=\u00bbon|tablet\u00bb global_colors_info=\u00bb{}\u00bb]<\/p>\n<p>El mundo de Educaci\u00f3n Infantil<\/p>\n<p>[\/et_pb_text][\/et_pb_column][et_pb_column type=\u00bb1_2&#8243; _builder_version=\u00bb4.16&#8243; _module_preset=\u00bbdefault\u00bb global_colors_info=\u00bb{}\u00bb][\/et_pb_column][\/et_pb_row][\/et_pb_section][et_pb_section fb_built=\u00bb1&#8243; _builder_version=\u00bb4.16&#8243; _module_preset=\u00bbdefault\u00bb custom_margin=\u00bb||21px|||\u00bb custom_padding=\u00bb0px||||false|false\u00bb locked=\u00bboff\u00bb global_colors_info=\u00bb{}\u00bb][et_pb_row _builder_version=\u00bb4.16&#8243; _module_preset=\u00bbdefault\u00bb custom_padding=\u00bb0px||||false|false\u00bb global_colors_info=\u00bb{}\u00bb][et_pb_column type=\u00bb4_4&#8243; _builder_version=\u00bb4.16&#8243; _module_preset=\u00bbdefault\u00bb global_colors_info=\u00bb{}\u00bb][et_pb_text disabled_on=\u00bbon|on|on\u00bb _builder_version=\u00bb4.27.4&#8243; _module_preset=\u00bbdefault\u00bb hover_enabled=\u00bb0&#8243; global_colors_info=\u00bb{}\u00bb disabled=\u00bbon\u00bb sticky_enabled=\u00bb0&#8243;]<\/p>\n\t\t<div id=\"sbi_mod_error\" >\n\t\t\t<span> Este mensaje de error solo es visible para los administradores de WordPress<\/span><br\/>\n\t\t\t<p><strong>Error: No hay ninguna cuenta conectada.<\/strong>\n\t\t\t<p>Ve a la p\u00e1gina de ajustes del feed de Instagram para conectar una cuenta.<\/p>\n\t\t<\/div>\n\t\t\n<p>[\/et_pb_text][\/et_pb_column][\/et_pb_row][\/et_pb_section][et_pb_section fb_built=\u00bb1&#8243; fullwidth=\u00bbon\u00bb _builder_version=\u00bb4.16&#8243; _module_preset=\u00bbdefault\u00bb global_colors_info=\u00bb{}\u00bb][et_pb_fullwidth_post_slider include_categories=\u00bb172&#8243; show_pagination=\u00bboff\u00bb more_text=\u00bbSeguir leyendo\u00bb show_meta=\u00bboff\u00bb disabled_on=\u00bbon|on|on\u00bb _builder_version=\u00bb4.16&#8243; _module_preset=\u00bbdefault\u00bb custom_button=\u00bbon\u00bb button_bg_color=\u00bb#ff611d\u00bb disabled=\u00bbon\u00bb global_colors_info=\u00bb{}\u00bb][\/et_pb_fullwidth_post_slider][\/et_pb_section][et_pb_section fb_built=\u00bb1&#8243; module_id=\u00bbactualidades\u00bb _builder_version=\u00bb4.16&#8243; _module_preset=\u00bbdefault\u00bb custom_margin=\u00bb0px||||false|false\u00bb custom_padding=\u00bb0px||||false|false\u00bb locked=\u00bboff\u00bb global_colors_info=\u00bb{}\u00bb][et_pb_row use_custom_gutter=\u00bbon\u00bb gutter_width=\u00bb2&#8243; disabled_on=\u00bbon|on|on\u00bb _builder_version=\u00bb4.16&#8243; _module_preset=\u00bbdefault\u00bb disabled=\u00bbon\u00bb global_colors_info=\u00bb{}\u00bb custom_css_main_element_last_edited=\u00bboff|phone\u00bb][et_pb_column type=\u00bb4_4&#8243; _builder_version=\u00bb4.16&#8243; _module_preset=\u00bbdefault\u00bb global_colors_info=\u00bb{}\u00bb][et_pb_blog posts_number=\u00bb4&#8243; include_categories=\u00bb169&#8243; excerpt_length=\u00bb100&#8243; show_author=\u00bboff\u00bb show_date=\u00bboff\u00bb show_categories=\u00bboff\u00bb module_class=\u00bbblog-module1 blog-image\u00bb _builder_version=\u00bb4.16&#8243; _module_preset=\u00bbdefault\u00bb header_font=\u00bbDIN Next LT Pro &#8211; Medium||||||||\u00bb header_text_color=\u00bb#ff611d\u00bb header_font_size=\u00bb22px\u00bb body_text_color=\u00bb#000000&#8243; header_font_size_tablet=\u00bb18px\u00bb header_font_size_phone=\u00bb16px\u00bb header_font_size_last_edited=\u00bbon|phone\u00bb body_font_size_tablet=\u00bb18px\u00bb body_font_size_phone=\u00bb16px\u00bb body_font_size_last_edited=\u00bbon|phone\u00bb border_width_all=\u00bb0px\u00bb global_colors_info=\u00bb{}\u00bb custom_css_featured_image_last_edited=\u00bboff|tablet\u00bb][\/et_pb_blog][\/et_pb_column][\/et_pb_row][\/et_pb_section]<\/p>\n","protected":false},"excerpt":{"rendered":"<p>Educaci\u00f3n Primaria<div class=\"et_pb_module lwp_divi_breadcrumbs lwp_divi_breadcrumbs_0 migadepan\">\n\t\t\t\t\n\t\t\t\t\n\t\t\t\t\n\t\t\t\t\n\t\t\t\t\n\t\t\t\t\n\t\t\t\t<div class=\"et_pb_module_inner\">\n\t\t\t\t\t<div class=\"lwp-breadcrumbs\"> <span class=\"before\"><\/span> <span vocab=\"https:\/\/schema.org\/\" typeof=\"BreadcrumbList\"><span property=\"itemListElement\" typeof=\"ListItem\"><a property=\"item\" typeof=\"WebPage\" href=\"https:\/\/www.stl.eus\/es\/\" class=\"home\"><span property=\"name\">\ue009<\/span><\/a><meta property=\"position\" content=\"1\"><\/span> <span class=\"separator et-pb-icon\">5<\/span> <\/span><\/div>\n\t\t\t\t<\/div>\n\t\t\t<\/div>Introducci\u00f3n Informaci\u00f3n \u00fatilDeportesHedatuzEducaci\u00f3n PrimariaLa\/el alumna\/o trabajar\u00e1 las competencias b\u00e1sicas necesarias para su participaci\u00f3n en la ikastola, la sociedad y la familia. Dispondr\u00e1 del apoyo y las oportunidades precisas para el desarrollo de [&hellip;]<\/p>\n","protected":false},"author":1,"featured_media":0,"parent":4466,"menu_order":0,"comment_status":"closed","ping_status":"closed","template":"","meta":{"_et_pb_use_builder":"on","_et_pb_old_content":"","_et_gb_content_width":"","footnotes":""},"class_list":["post-4260","page","type-page","status-publish","hentry"],"yoast_head":"<!-- This site is optimized with the Yoast SEO plugin v27.5 - https:\/\/yoast.com\/product\/yoast-seo-wordpress\/ -->\n<title>Educaci\u00f3n Primaria (6-11 a\u00f1os) \u2022 Santo Tomas Lizeoa<\/title>\n<meta name=\"description\" content=\"La Educaci\u00f3n Primaria de la Ikastola abarca desde los 6 a\u00f1os y hasta los 11 a\u00f1os de edad. El alumnado trabajar\u00e1 competencias b\u00e1sicas para su desarrollo.\" \/>\n<meta name=\"robots\" content=\"index, follow, max-snippet:-1, max-image-preview:large, max-video-preview:-1\" \/>\n<link rel=\"canonical\" href=\"https:\/\/www.stl.eus\/es\/educacion\/educacion-primaria\/\" \/>\n<meta property=\"og:locale\" content=\"es_ES\" \/>\n<meta property=\"og:type\" content=\"article\" \/>\n<meta property=\"og:title\" content=\"Educaci\u00f3n Primaria (6-11 a\u00f1os) \u2022 Santo Tomas Lizeoa\" \/>\n<meta property=\"og:description\" content=\"La Educaci\u00f3n Primaria de la Ikastola abarca desde los 6 a\u00f1os y hasta los 11 a\u00f1os de edad. El alumnado trabajar\u00e1 competencias b\u00e1sicas para su desarrollo.\" \/>\n<meta property=\"og:url\" content=\"https:\/\/www.stl.eus\/es\/educacion\/educacion-primaria\/\" \/>\n<meta property=\"og:site_name\" content=\"Santo Tomas Lizeoa\" \/>\n<meta property=\"article:modified_time\" content=\"2025-04-11T13:11:56+00:00\" \/>\n<meta name=\"twitter:card\" content=\"summary_large_image\" \/>\n<meta name=\"twitter:site\" content=\"@stl_ikastola\" \/>\n<meta name=\"twitter:label1\" content=\"Tiempo de lectura\" \/>\n\t<meta name=\"twitter:data1\" content=\"8 minutos\" \/>\n<script type=\"application\/ld+json\" class=\"yoast-schema-graph\">{\"@context\":\"https:\\\/\\\/schema.org\",\"@graph\":[{\"@type\":\"WebPage\",\"@id\":\"https:\\\/\\\/www.stl.eus\\\/es\\\/educacion\\\/educacion-primaria\\\/\",\"url\":\"https:\\\/\\\/www.stl.eus\\\/es\\\/educacion\\\/educacion-primaria\\\/\",\"name\":\"Educaci\u00f3n Primaria (6-11 a\u00f1os) \u2022 Santo Tomas Lizeoa\",\"isPartOf\":{\"@id\":\"https:\\\/\\\/www.stl.eus\\\/es\\\/#website\"},\"datePublished\":\"2021-08-13T10:06:21+00:00\",\"dateModified\":\"2025-04-11T13:11:56+00:00\",\"description\":\"La Educaci\u00f3n Primaria de la Ikastola abarca desde los 6 a\u00f1os y hasta los 11 a\u00f1os de edad. El alumnado trabajar\u00e1 competencias b\u00e1sicas para su desarrollo.\",\"breadcrumb\":{\"@id\":\"https:\\\/\\\/www.stl.eus\\\/es\\\/educacion\\\/educacion-primaria\\\/#breadcrumb\"},\"inLanguage\":\"es\",\"potentialAction\":[{\"@type\":\"ReadAction\",\"target\":[\"https:\\\/\\\/www.stl.eus\\\/es\\\/educacion\\\/educacion-primaria\\\/\"]}]},{\"@type\":\"BreadcrumbList\",\"@id\":\"https:\\\/\\\/www.stl.eus\\\/es\\\/educacion\\\/educacion-primaria\\\/#breadcrumb\",\"itemListElement\":[{\"@type\":\"ListItem\",\"position\":1,\"name\":\"Home\",\"item\":\"https:\\\/\\\/www.stl.eus\\\/es\\\/\"},{\"@type\":\"ListItem\",\"position\":2,\"name\":\"Educaci\u00f3n\",\"item\":\"https:\\\/\\\/www.stl.eus\\\/es\\\/educacion\\\/\"},{\"@type\":\"ListItem\",\"position\":3,\"name\":\"Primaria \u00b7 6-11 a\u00f1os\"}]},{\"@type\":\"WebSite\",\"@id\":\"https:\\\/\\\/www.stl.eus\\\/es\\\/#website\",\"url\":\"https:\\\/\\\/www.stl.eus\\\/es\\\/\",\"name\":\"Santo Tomas Lizeoa\",\"description\":\"\",\"publisher\":{\"@id\":\"https:\\\/\\\/www.stl.eus\\\/es\\\/#organization\"},\"potentialAction\":[{\"@type\":\"SearchAction\",\"target\":{\"@type\":\"EntryPoint\",\"urlTemplate\":\"https:\\\/\\\/www.stl.eus\\\/es\\\/?s={search_term_string}\"},\"query-input\":{\"@type\":\"PropertyValueSpecification\",\"valueRequired\":true,\"valueName\":\"search_term_string\"}}],\"inLanguage\":\"es\"},{\"@type\":\"Organization\",\"@id\":\"https:\\\/\\\/www.stl.eus\\\/es\\\/#organization\",\"name\":\"Santo Tomas Lizeoa\",\"url\":\"https:\\\/\\\/www.stl.eus\\\/es\\\/\",\"logo\":{\"@type\":\"ImageObject\",\"inLanguage\":\"es\",\"@id\":\"https:\\\/\\\/www.stl.eus\\\/es\\\/#\\\/schema\\\/logo\\\/image\\\/\",\"url\":\"https:\\\/\\\/www.stl.eus\\\/wp-content\\\/uploads\\\/2021\\\/06\\\/SantoTomasLizeoa-logo-naranja.svg\",\"contentUrl\":\"https:\\\/\\\/www.stl.eus\\\/wp-content\\\/uploads\\\/2021\\\/06\\\/SantoTomasLizeoa-logo-naranja.svg\",\"width\":1,\"height\":1,\"caption\":\"Santo Tomas Lizeoa\"},\"image\":{\"@id\":\"https:\\\/\\\/www.stl.eus\\\/es\\\/#\\\/schema\\\/logo\\\/image\\\/\"},\"sameAs\":[\"https:\\\/\\\/x.com\\\/stl_ikastola\",\"https:\\\/\\\/www.instagram.com\\\/p\\\/CTzVTj3r8NQ\\\/\",\"https:\\\/\\\/www.youtube.com\\\/c\\\/SantoTomasLizeoaIkastola\"]}]}<\/script>\n<!-- \/ Yoast SEO plugin. -->","yoast_head_json":{"title":"Educaci\u00f3n Primaria (6-11 a\u00f1os) \u2022 Santo Tomas Lizeoa","description":"La Educaci\u00f3n Primaria de la Ikastola abarca desde los 6 a\u00f1os y hasta los 11 a\u00f1os de edad. El alumnado trabajar\u00e1 competencias b\u00e1sicas para su desarrollo.","robots":{"index":"index","follow":"follow","max-snippet":"max-snippet:-1","max-image-preview":"max-image-preview:large","max-video-preview":"max-video-preview:-1"},"canonical":"https:\/\/www.stl.eus\/es\/educacion\/educacion-primaria\/","og_locale":"es_ES","og_type":"article","og_title":"Educaci\u00f3n Primaria (6-11 a\u00f1os) \u2022 Santo Tomas Lizeoa","og_description":"La Educaci\u00f3n Primaria de la Ikastola abarca desde los 6 a\u00f1os y hasta los 11 a\u00f1os de edad. El alumnado trabajar\u00e1 competencias b\u00e1sicas para su desarrollo.","og_url":"https:\/\/www.stl.eus\/es\/educacion\/educacion-primaria\/","og_site_name":"Santo Tomas Lizeoa","article_modified_time":"2025-04-11T13:11:56+00:00","twitter_card":"summary_large_image","twitter_site":"@stl_ikastola","twitter_misc":{"Tiempo de lectura":"8 minutos"},"schema":{"@context":"https:\/\/schema.org","@graph":[{"@type":"WebPage","@id":"https:\/\/www.stl.eus\/es\/educacion\/educacion-primaria\/","url":"https:\/\/www.stl.eus\/es\/educacion\/educacion-primaria\/","name":"Educaci\u00f3n Primaria (6-11 a\u00f1os) \u2022 Santo Tomas Lizeoa","isPartOf":{"@id":"https:\/\/www.stl.eus\/es\/#website"},"datePublished":"2021-08-13T10:06:21+00:00","dateModified":"2025-04-11T13:11:56+00:00","description":"La Educaci\u00f3n Primaria de la Ikastola abarca desde los 6 a\u00f1os y hasta los 11 a\u00f1os de edad. El alumnado trabajar\u00e1 competencias b\u00e1sicas para su desarrollo.","breadcrumb":{"@id":"https:\/\/www.stl.eus\/es\/educacion\/educacion-primaria\/#breadcrumb"},"inLanguage":"es","potentialAction":[{"@type":"ReadAction","target":["https:\/\/www.stl.eus\/es\/educacion\/educacion-primaria\/"]}]},{"@type":"BreadcrumbList","@id":"https:\/\/www.stl.eus\/es\/educacion\/educacion-primaria\/#breadcrumb","itemListElement":[{"@type":"ListItem","position":1,"name":"Home","item":"https:\/\/www.stl.eus\/es\/"},{"@type":"ListItem","position":2,"name":"Educaci\u00f3n","item":"https:\/\/www.stl.eus\/es\/educacion\/"},{"@type":"ListItem","position":3,"name":"Primaria \u00b7 6-11 a\u00f1os"}]},{"@type":"WebSite","@id":"https:\/\/www.stl.eus\/es\/#website","url":"https:\/\/www.stl.eus\/es\/","name":"Santo Tomas Lizeoa","description":"","publisher":{"@id":"https:\/\/www.stl.eus\/es\/#organization"},"potentialAction":[{"@type":"SearchAction","target":{"@type":"EntryPoint","urlTemplate":"https:\/\/www.stl.eus\/es\/?s={search_term_string}"},"query-input":{"@type":"PropertyValueSpecification","valueRequired":true,"valueName":"search_term_string"}}],"inLanguage":"es"},{"@type":"Organization","@id":"https:\/\/www.stl.eus\/es\/#organization","name":"Santo Tomas Lizeoa","url":"https:\/\/www.stl.eus\/es\/","logo":{"@type":"ImageObject","inLanguage":"es","@id":"https:\/\/www.stl.eus\/es\/#\/schema\/logo\/image\/","url":"https:\/\/www.stl.eus\/wp-content\/uploads\/2021\/06\/SantoTomasLizeoa-logo-naranja.svg","contentUrl":"https:\/\/www.stl.eus\/wp-content\/uploads\/2021\/06\/SantoTomasLizeoa-logo-naranja.svg","width":1,"height":1,"caption":"Santo Tomas Lizeoa"},"image":{"@id":"https:\/\/www.stl.eus\/es\/#\/schema\/logo\/image\/"},"sameAs":["https:\/\/x.com\/stl_ikastola","https:\/\/www.instagram.com\/p\/CTzVTj3r8NQ\/","https:\/\/www.youtube.com\/c\/SantoTomasLizeoaIkastola"]}]}},"_links":{"self":[{"href":"https:\/\/www.stl.eus\/es\/wp-json\/wp\/v2\/pages\/4260","targetHints":{"allow":["GET"]}}],"collection":[{"href":"https:\/\/www.stl.eus\/es\/wp-json\/wp\/v2\/pages"}],"about":[{"href":"https:\/\/www.stl.eus\/es\/wp-json\/wp\/v2\/types\/page"}],"author":[{"embeddable":true,"href":"https:\/\/www.stl.eus\/es\/wp-json\/wp\/v2\/users\/1"}],"replies":[{"embeddable":true,"href":"https:\/\/www.stl.eus\/es\/wp-json\/wp\/v2\/comments?post=4260"}],"version-history":[{"count":0,"href":"https:\/\/www.stl.eus\/es\/wp-json\/wp\/v2\/pages\/4260\/revisions"}],"up":[{"embeddable":true,"href":"https:\/\/www.stl.eus\/es\/wp-json\/wp\/v2\/pages\/4466"}],"wp:attachment":[{"href":"https:\/\/www.stl.eus\/es\/wp-json\/wp\/v2\/media?parent=4260"}],"curies":[{"name":"wp","href":"https:\/\/api.w.org\/{rel}","templated":true}]}}