{"id":15725,"date":"2025-12-11T11:55:19","date_gmt":"2025-12-11T10:55:19","guid":{"rendered":"https:\/\/www.stl.eus\/matrikulazioa-meg\/"},"modified":"2026-03-05T09:16:09","modified_gmt":"2026-03-05T08:16:09","slug":"matrikulazioa-meg","status":"publish","type":"page","link":"https:\/\/www.stl.eus\/es\/matriculacion\/matrikulazioa-meg\/","title":{"rendered":"Preguntas frecuentes"},"content":{"rendered":"<p>[et_pb_section fb_built=\u00bb1&#8243; fullwidth=\u00bbon\u00bb _builder_version=\u00bb4.16&#8243; _module_preset=\u00bbdefault\u00bb global_colors_info=\u00bb{}\u00bb][et_pb_fullwidth_header admin_label=\u00bbFullwidth Header\u00bb _builder_version=\u00bb4.27.5&#8243; _dynamic_attributes=\u00bbbackground_image\u00bb _module_preset=\u00bbdefault\u00bb title_font=\u00bbITC Avant Garde Gothic Std &#8211; Demi||||||||\u00bb title_text_align=\u00bbcenter\u00bb title_text_color=\u00bb#ff611d\u00bb title_font_size=\u00bb4vw\u00bb background_enable_color=\u00bboff\u00bb background_image=\u00bbhttps:\/\/www.stl.eus\/wp-content\/uploads\/home-matrikulazioa-donostia-natura-espazioa-lagunak-jolasa-salto-lizeoa-ikastola.jpg\u00bb custom_margin=\u00bb0px|0px|0px|0px|true|true\u00bb custom_padding=\u00bb0px|0px|0px|0px|true|true\u00bb title_font_size_tablet=\u00bb\u00bb title_font_size_phone=\u00bb0px\u00bb title_font_size_last_edited=\u00bbon|desktop\u00bb custom_css_main_element=\u00bb||\u00bb custom_css_header_container=\u00bbheight: 50vh;||min-height: 33vw;\u00bb custom_css_title=\u00bb||||\u00bb global_module=\u00bb1372&#8243; saved_tabs=\u00bball\u00bb global_colors_info=\u00bb{}\u00bb]<\/p>\n<h1>\u00a1Bienvenida\u00b7os!<\/h1>\n<p>[\/et_pb_fullwidth_header][\/et_pb_section][et_pb_section fb_built=\u00bb1&#8243; disabled_on=\u00bboff|off|off\u00bb _builder_version=\u00bb4.16&#8243; _module_preset=\u00bbdefault\u00bb custom_margin=\u00bb0px||0px||true|false\u00bb custom_padding=\u00bb0px||0px||true|false\u00bb border_width_bottom=\u00bb1px\u00bb border_color_bottom=\u00bb#ff611d\u00bb border_width_bottom_tablet=\u00bb\u00bb border_width_bottom_phone=\u00bb0px\u00bb border_width_bottom_last_edited=\u00bbon|phone\u00bb global_colors_info=\u00bb{}\u00bb][et_pb_row module_class=\u00bbmigadepanFlex\u00bb _builder_version=\u00bb4.16&#8243; _module_preset=\u00bbdefault\u00bb custom_margin=\u00bb0px||0px||true|false\u00bb custom_padding=\u00bb0vw||0vw||true|false\u00bb global_colors_info=\u00bb{}\u00bb][et_pb_column type=\u00bb4_4&#8243; _builder_version=\u00bb4.16&#8243; _module_preset=\u00bbdefault\u00bb global_colors_info=\u00bb{}\u00bb][lwp_divi_breadcrumbs home_text=\u00bb\ue009\u00bb font_icon=\u00bb%%20%%\u00bb link_color=\u00bb#ff611d\u00bb separator_color=\u00bb#8e8e8e\u00bb disabled_on=\u00bboff|off|off\u00bb module_class=\u00bbmigadepan\u00bb _builder_version=\u00bb4.10.7&#8243; _module_preset=\u00bbdefault\u00bb module_font=\u00bbITC Avant Garde Gothic Std &#8211; Demi||||||||\u00bb custom_padding=\u00bb||1px|||\u00bb module_text_align_tablet=\u00bbcenter\u00bb module_text_align_last_edited=\u00bboff|tablet\u00bb module_font_size_tablet=\u00bb18px\u00bb module_font_size_phone=\u00bb\u00bb module_font_size_last_edited=\u00bbon|phone\u00bb global_module=\u00bb3745&#8243; saved_tabs=\u00bball\u00bb global_colors_info=\u00bb{}\u00bb][\/lwp_divi_breadcrumbs][\/et_pb_column][\/et_pb_row][\/et_pb_section][et_pb_section fb_built=\u00bb1&#8243; custom_padding_last_edited=\u00bbon|phone\u00bb _builder_version=\u00bb4.16&#8243; _module_preset=\u00bbdefault\u00bb custom_margin=\u00bb||||false|false\u00bb custom_margin_tablet=\u00bb\u00bb custom_margin_phone=\u00bb0px||||false|false\u00bb custom_margin_last_edited=\u00bbon|phone\u00bb custom_padding=\u00bb||||false|false\u00bb custom_padding_tablet=\u00bb\u00bb custom_padding_phone=\u00bb0px||||false|false\u00bb global_colors_info=\u00bb{}\u00bb][et_pb_row _builder_version=\u00bb4.27.5&#8243; _module_preset=\u00bbdefault\u00bb global_colors_info=\u00bb{}\u00bb][et_pb_column type=\u00bb4_4&#8243; _builder_version=\u00bb4.27.5&#8243; _module_preset=\u00bbdefault\u00bb global_colors_info=\u00bb{}\u00bb][et_pb_blurb title=\u00bb\u00bfCu\u00e1les son las preguntas que nos hicieron en la jornada de puertas abiertas?\u00bb use_icon=\u00bbon\u00bb font_icon=\u00bb&#xf059;||fa||900&#8243; icon_color=\u00bb#000000&#8243; image_icon_width=\u00bb90px\u00bb image_icon_width_tablet=\u00bb75px\u00bb image_icon_width_phone=\u00bb70px\u00bb image_icon_width_last_edited=\u00bbon|desktop\u00bb _builder_version=\u00bb4.27.5&#8243; _module_preset=\u00bbdefault\u00bb header_level=\u00bbh1&#8243; header_font=\u00bb|700|||||||\u00bb header_text_align=\u00bbcenter\u00bb header_font_size=\u00bb36px\u00bb header_line_height=\u00bb1.5em\u00bb body_text_align=\u00bbcenter\u00bb body_letter_spacing=\u00bb1px\u00bb body_line_height=\u00bb2em\u00bb header_font_size_tablet=\u00bb26px\u00bb header_font_size_phone=\u00bb22px\u00bb header_font_size_last_edited=\u00bbon|desktop\u00bb body_text_color_tablet=\u00bb\u00bb body_text_color_phone=\u00bb\u00bb body_text_color_last_edited=\u00bbon|desktop\u00bb global_colors_info=\u00bb{}\u00bb][\/et_pb_blurb][\/et_pb_column][\/et_pb_row][et_pb_row _builder_version=\u00bb4.27.5&#8243; _module_preset=\u00bbdefault\u00bb global_colors_info=\u00bb{}\u00bb][et_pb_column type=\u00bb4_4&#8243; _builder_version=\u00bb4.27.5&#8243; _module_preset=\u00bbdefault\u00bb global_colors_info=\u00bb{}\u00bb][et_pb_accordion _builder_version=\u00bb4.27.5&#8243; _module_preset=\u00bbdefault\u00bb hover_enabled=\u00bb0&#8243; global_colors_info=\u00bb{}\u00bb sticky_enabled=\u00bb0&#8243;][et_pb_accordion_item title=\u00bb\u00bfEs recomendable enviar a los ni\u00f1os y ni\u00f1as a la escuela a los 2 a\u00f1os? \u00bb open=\u00bbon\u00bb open_toggle_background_color=\u00bb#FFFFFF\u00bb closed_toggle_text_color=\u00bbgcid-c826b7ab-48b3-4ace-8ac4-89dfe89833ce\u00bb closed_toggle_background_color=\u00bb#FFFFFF\u00bb icon_color=\u00bb#000000&#8243; toggle_icon=\u00bb&#x33;||divi||400&#8243; use_icon_font_size=\u00bbon\u00bb icon_font_size=\u00bb25px\u00bb _builder_version=\u00bb4.27.5&#8243; _module_preset=\u00bbdefault\u00bb body_font_size_tablet=\u00bb20px\u00bb body_font_size_phone=\u00bb18px\u00bb body_font_size_last_edited=\u00bbon|tablet\u00bb global_colors_info=\u00bb{%22gcid-c826b7ab-48b3-4ace-8ac4-89dfe89833ce%22:%91%22toggle_text_color%22,%22closed_toggle_text_color%22%93}\u00bb toggle_text_color=\u00bbgcid-c826b7ab-48b3-4ace-8ac4-89dfe89833ce\u00bb toggle_level=\u00bbh2&#8243; toggle_font=\u00bb||||||||\u00bb closed_toggle_font_size=\u00bb26px\u00bb toggle_font_size_tablet=\u00bb22px\u00bb toggle_font_size_phone=\u00bb18px\u00bb toggle_font_size_last_edited=\u00bbon|desktop\u00bb closed_toggle_font_size_tablet=\u00bb22px\u00bb closed_toggle_font_size_phone=\u00bb18px\u00bb closed_toggle_font_size_last_edited=\u00bbon|phone\u00bb]<\/p>\n<p><span data-contrast=\"auto\" xml:lang=\"EU-ES\" lang=\"EU-ES\" class=\"TextRun SCXW189715713 BCX0\"><span class=\"NormalTextRun SCXW189715713 BCX0\">Esto es muy personal. Para asegurar una plaza, es recomendable matricularse a los 2 a\u00f1os. Si el proceso de escolarizaci\u00f3n puede ser progresivo, es recomendable que el ni\u00f1o o ni\u00f1a est\u00e9 escolarizado o escolarizada a los 2 a\u00f1os (socializaci\u00f3n, atenci\u00f3n temprana, lenguaje, etc.).  <\/span><\/span><\/p>\n<p>[\/et_pb_accordion_item][et_pb_accordion_item title=\u00bb\u00bfCu\u00e1les son las fechas de inscripci\u00f3n? \u00bb open_toggle_background_color=\u00bb#FFFFFF\u00bb closed_toggle_text_color=\u00bbgcid-c826b7ab-48b3-4ace-8ac4-89dfe89833ce\u00bb closed_toggle_background_color=\u00bb#FFFFFF\u00bb icon_color=\u00bb#000000&#8243; toggle_icon=\u00bb&#x33;||divi||400&#8243; use_icon_font_size=\u00bbon\u00bb icon_font_size=\u00bb25px\u00bb _builder_version=\u00bb4.27.5&#8243; _module_preset=\u00bbdefault\u00bb body_font_size_tablet=\u00bb20px\u00bb body_font_size_phone=\u00bb18px\u00bb body_font_size_last_edited=\u00bbon|tablet\u00bb global_colors_info=\u00bb{%22gcid-c826b7ab-48b3-4ace-8ac4-89dfe89833ce%22:%91%22toggle_text_color%22,%22closed_toggle_text_color%22%93}\u00bb toggle_text_color=\u00bbgcid-c826b7ab-48b3-4ace-8ac4-89dfe89833ce\u00bb toggle_level=\u00bbh2&#8243; toggle_font=\u00bb||||||||\u00bb closed_toggle_font_size=\u00bb26px\u00bb toggle_font_size_tablet=\u00bb22px\u00bb toggle_font_size_phone=\u00bb18px\u00bb toggle_font_size_last_edited=\u00bbon|desktop\u00bb closed_toggle_font_size_tablet=\u00bb22px\u00bb closed_toggle_font_size_phone=\u00bb18px\u00bb closed_toggle_font_size_last_edited=\u00bbon|phone\u00bb open=\u00bboff\u00bb]<\/p>\n<p><strong>Entre el 2 y el 13 de febrero.<\/strong> La inscripci\u00f3n puede realizarse en l\u00ednea o en la ikastola. La informaci\u00f3n requerida es b\u00e1sica: documentos de identidad familiar y un certificado de empadronamiento. <\/p>\n<p>Importante: Puedes seleccionar tantos centros como quieras, en orden de preferencia. El centro que quieras priorizar debe ser la primera opci\u00f3n de la lista.  <\/p>\n<p>[\/et_pb_accordion_item][et_pb_accordion_item title=\u00bbOpciones de inscripci\u00f3n. C\u00f3mo ganar puntos \u00bb open_toggle_background_color=\u00bb#FFFFFF\u00bb closed_toggle_text_color=\u00bbgcid-c826b7ab-48b3-4ace-8ac4-89dfe89833ce\u00bb closed_toggle_background_color=\u00bb#FFFFFF\u00bb icon_color=\u00bb#000000&#8243; toggle_icon=\u00bb&#x33;||divi||400&#8243; use_icon_font_size=\u00bbon\u00bb icon_font_size=\u00bb25px\u00bb _builder_version=\u00bb4.27.5&#8243; _module_preset=\u00bbdefault\u00bb body_font_size_tablet=\u00bb20px\u00bb body_font_size_phone=\u00bb18px\u00bb body_font_size_last_edited=\u00bbon|tablet\u00bb global_colors_info=\u00bb{%22gcid-c826b7ab-48b3-4ace-8ac4-89dfe89833ce%22:%91%22toggle_text_color%22,%22closed_toggle_text_color%22%93}\u00bb toggle_text_color=\u00bbgcid-c826b7ab-48b3-4ace-8ac4-89dfe89833ce\u00bb toggle_level=\u00bbh2&#8243; toggle_font=\u00bb||||||||\u00bb closed_toggle_font_size=\u00bb26px\u00bb toggle_font_size_tablet=\u00bb22px\u00bb toggle_font_size_phone=\u00bb18px\u00bb toggle_font_size_last_edited=\u00bbon|desktop\u00bb closed_toggle_font_size_tablet=\u00bb22px\u00bb closed_toggle_font_size_phone=\u00bb18px\u00bb closed_toggle_font_size_last_edited=\u00bbon|phone\u00bb open=\u00bboff\u00bb]<\/p>\n<p><span data-contrast=\"auto\">La matr\u00edcula tiene sus propios plazos, fases y requisitos. La orden de admisi\u00f3n para el curso 26-27 a\u00fan no se ha publicado, pero sabemos que ser\u00e1 entre el 2 y el 13 de febrero. <\/span><span data-ccp-props=\"{}\"> <\/span><\/p>\n<p>Por otro lado, est\u00e1n los baremos de matr\u00edcula, es decir, para cada familia, el censo, d\u00f3nde trabaja, si es exalumno o exalumna o no&#8230; Esta informaci\u00f3n, podr\u00edas encontrarla en<a href=\"https:\/\/www.euskadi.eus\/onarpena-haur-lehen-eta-derrigorrezko-bigarren-hezkuntza\/web01-a2hikast\/eu\/\"> este enlace.<\/a><span data-ccp-props=\"{}\"> <\/span><\/p>\n<p>Para nuestro encuentro con las familias del Liceo, nosotros usamos <a href=\"https:\/\/view.genially.com\/63c92a43cf87fb0012f8d457\">esta informaci\u00f3n<\/a>.<span data-ccp-props=\"{}\"> <\/span><\/p>\n<p>[\/et_pb_accordion_item][et_pb_accordion_item title=\u00bbHorarios \u00bb open_toggle_background_color=\u00bb#FFFFFF\u00bb closed_toggle_text_color=\u00bbgcid-c826b7ab-48b3-4ace-8ac4-89dfe89833ce\u00bb closed_toggle_background_color=\u00bb#FFFFFF\u00bb icon_color=\u00bb#000000&#8243; toggle_icon=\u00bb&#x33;||divi||400&#8243; use_icon_font_size=\u00bbon\u00bb icon_font_size=\u00bb25px\u00bb _builder_version=\u00bb4.27.5&#8243; _module_preset=\u00bbdefault\u00bb body_font_size_tablet=\u00bb20px\u00bb body_font_size_phone=\u00bb18px\u00bb body_font_size_last_edited=\u00bbon|tablet\u00bb global_colors_info=\u00bb{%22gcid-c826b7ab-48b3-4ace-8ac4-89dfe89833ce%22:%91%22toggle_text_color%22,%22closed_toggle_text_color%22%93}\u00bb toggle_text_color=\u00bbgcid-c826b7ab-48b3-4ace-8ac4-89dfe89833ce\u00bb toggle_level=\u00bbh2&#8243; toggle_font=\u00bb||||||||\u00bb closed_toggle_font_size=\u00bb26px\u00bb toggle_font_size_tablet=\u00bb22px\u00bb toggle_font_size_phone=\u00bb18px\u00bb toggle_font_size_last_edited=\u00bbon|desktop\u00bb closed_toggle_font_size_tablet=\u00bb22px\u00bb closed_toggle_font_size_phone=\u00bb18px\u00bb closed_toggle_font_size_last_edited=\u00bbon|phone\u00bb open=\u00bboff\u00bb]<\/p>\n<p><span data-contrast=\"auto\">En Educaci\u00f3n Infantil los horarios de llegada y salida son flexibles (8:45h \u2013 16:30h).<\/span><span data-ccp-props=\"{}\"> <\/span><\/p>\n<p><span data-contrast=\"auto\">Los ni\u00f1os y ni\u00f1as de 2 a\u00f1os podr\u00e1n ser recogidos o recogidas durante el d\u00eda:<\/span><span data-ccp-props=\"{}\"> <\/span><\/p>\n<ul>\n<li><span data-contrast=\"auto\">12:00 antes de la comida<\/span><span data-ccp-props=\"{}\"> <\/span><\/li>\n<li><span data-contrast=\"auto\">12:30 despu\u00e9s de la comida<\/span><span data-ccp-props=\"{}\"> <\/span><\/li>\n<li><span data-contrast=\"auto\">15:15 despu\u00e9s de la siesta<\/span><span data-ccp-props=\"{}\"> <\/span><\/li>\n<li><span data-contrast=\"auto\">En cualquier momento hasta las 4:30 p.m.<\/span><span data-ccp-props=\"{}\"> <\/span><\/li>\n<\/ul>\n<p>[\/et_pb_accordion_item][et_pb_accordion_item title=\u00bb\u00bfC\u00f3mo funciona el servicio de guardia? \u00bb open_toggle_background_color=\u00bb#FFFFFF\u00bb closed_toggle_text_color=\u00bbgcid-c826b7ab-48b3-4ace-8ac4-89dfe89833ce\u00bb closed_toggle_background_color=\u00bb#FFFFFF\u00bb icon_color=\u00bb#000000&#8243; toggle_icon=\u00bb&#x33;||divi||400&#8243; use_icon_font_size=\u00bbon\u00bb icon_font_size=\u00bb25px\u00bb _builder_version=\u00bb4.27.5&#8243; _module_preset=\u00bbdefault\u00bb body_font_size_tablet=\u00bb20px\u00bb body_font_size_phone=\u00bb18px\u00bb body_font_size_last_edited=\u00bbon|tablet\u00bb global_colors_info=\u00bb{%22gcid-c826b7ab-48b3-4ace-8ac4-89dfe89833ce%22:%91%22toggle_text_color%22,%22closed_toggle_text_color%22%93}\u00bb toggle_text_color=\u00bbgcid-c826b7ab-48b3-4ace-8ac4-89dfe89833ce\u00bb toggle_level=\u00bbh2&#8243; toggle_font=\u00bb||||||||\u00bb closed_toggle_font_size=\u00bb26px\u00bb toggle_font_size_tablet=\u00bb22px\u00bb toggle_font_size_phone=\u00bb18px\u00bb toggle_font_size_last_edited=\u00bbon|desktop\u00bb closed_toggle_font_size_tablet=\u00bb22px\u00bb closed_toggle_font_size_phone=\u00bb18px\u00bb closed_toggle_font_size_last_edited=\u00bbon|phone\u00bb open=\u00bboff\u00bb]<\/p>\n<p><a class=\"Hyperlink SCXW175590001 BCX0\" href=\"https:\/\/www.stl.eus\/es\/servicios\/guardia\/\" target=\"_blank\" rel=\"noreferrer noopener\">Ofrecemos dos tipos de guardias<\/a>, la de Educaci\u00f3n Infantil y la de Primaria. En ambos casos, proporcionamos los recursos necesarios si necesita que sus hijos\/as est\u00e9n en la ikastola a partir de las 7:45 h.<span class=\"EOP SCXW175590001 BCX0\" data-ccp-props=\"{}\"> <\/span><\/p>\n<p>[\/et_pb_accordion_item][et_pb_accordion_item title=\u00bbRatios de clase \u00bb open_toggle_background_color=\u00bb#FFFFFF\u00bb closed_toggle_text_color=\u00bbgcid-c826b7ab-48b3-4ace-8ac4-89dfe89833ce\u00bb closed_toggle_background_color=\u00bb#FFFFFF\u00bb icon_color=\u00bb#000000&#8243; toggle_icon=\u00bb&#x33;||divi||400&#8243; use_icon_font_size=\u00bbon\u00bb icon_font_size=\u00bb25px\u00bb _builder_version=\u00bb4.27.5&#8243; _module_preset=\u00bbdefault\u00bb body_font_size_tablet=\u00bb20px\u00bb body_font_size_phone=\u00bb18px\u00bb body_font_size_last_edited=\u00bbon|tablet\u00bb global_colors_info=\u00bb{%22gcid-c826b7ab-48b3-4ace-8ac4-89dfe89833ce%22:%91%22toggle_text_color%22,%22closed_toggle_text_color%22%93}\u00bb toggle_text_color=\u00bbgcid-c826b7ab-48b3-4ace-8ac4-89dfe89833ce\u00bb toggle_level=\u00bbh2&#8243; toggle_font=\u00bb||||||||\u00bb closed_toggle_font_size=\u00bb26px\u00bb toggle_font_size_tablet=\u00bb22px\u00bb toggle_font_size_phone=\u00bb18px\u00bb toggle_font_size_last_edited=\u00bbon|desktop\u00bb closed_toggle_font_size_tablet=\u00bb22px\u00bb closed_toggle_font_size_phone=\u00bb18px\u00bb closed_toggle_font_size_last_edited=\u00bbon|phone\u00bb open=\u00bboff\u00bb]<\/p>\n<p><span data-contrast=\"auto\">\u00bfCu\u00e1l es el n\u00famero m\u00e1ximo de estudiantes por clase?<\/span><span data-ccp-props=\"{}\"> <\/span><\/p>\n<ul>\n<li><span data-contrast=\"auto\">Ni\u00f1os y ni\u00f1as de 2 a\u00f1os: 17<\/span><span data-ccp-props=\"{}\"> <\/span><\/li>\n<li><span data-contrast=\"auto\">En Educaci\u00f3n Infantil y Primaria: 25 alumnos o alumnas<\/span><span data-ccp-props=\"{}\"> <\/span><\/li>\n<li><span data-contrast=\"auto\">En toda la ESO: 30 alumnos o alumnas<\/span><span data-ccp-props=\"{}\"> <\/span><\/li>\n<li><span data-contrast=\"auto\">En Bachillerato: 35 alumnos o alumnas<\/span><span data-ccp-props=\"{}\"> <\/span><\/li>\n<\/ul>\n<p><span data-contrast=\"auto\">Estas cifras son generales. En algunas sesiones espec\u00edficas, puede haber dos profesores por clase para atender la diversidad del alumnado. <\/span><span data-ccp-props=\"{}\"> <\/span><\/p>\n<p>[\/et_pb_accordion_item][et_pb_accordion_item title=\u00bb\u00bfLos ni\u00f1os y ni\u00f1as de 2 a\u00f1os usan el autob\u00fas? \u00bb open_toggle_background_color=\u00bb#FFFFFF\u00bb closed_toggle_text_color=\u00bbgcid-c826b7ab-48b3-4ace-8ac4-89dfe89833ce\u00bb closed_toggle_background_color=\u00bb#FFFFFF\u00bb icon_color=\u00bb#000000&#8243; toggle_icon=\u00bb&#x33;||divi||400&#8243; use_icon_font_size=\u00bbon\u00bb icon_font_size=\u00bb25px\u00bb _builder_version=\u00bb4.27.5&#8243; _module_preset=\u00bbdefault\u00bb body_font_size_tablet=\u00bb20px\u00bb body_font_size_phone=\u00bb18px\u00bb body_font_size_last_edited=\u00bbon|tablet\u00bb global_colors_info=\u00bb{%22gcid-c826b7ab-48b3-4ace-8ac4-89dfe89833ce%22:%91%22toggle_text_color%22,%22closed_toggle_text_color%22%93}\u00bb toggle_text_color=\u00bbgcid-c826b7ab-48b3-4ace-8ac4-89dfe89833ce\u00bb toggle_level=\u00bbh2&#8243; toggle_font=\u00bb||||||||\u00bb closed_toggle_font_size=\u00bb26px\u00bb toggle_font_size_tablet=\u00bb22px\u00bb toggle_font_size_phone=\u00bb18px\u00bb toggle_font_size_last_edited=\u00bbon|desktop\u00bb closed_toggle_font_size_tablet=\u00bb22px\u00bb closed_toggle_font_size_phone=\u00bb18px\u00bb closed_toggle_font_size_last_edited=\u00bbon|phone\u00bb open=\u00bboff\u00bb]<\/p>\n<p><span data-contrast=\"auto\" xml:lang=\"EU-ES\" lang=\"EU-ES\" class=\"TextRun SCXW173903726 BCX0\"><span class=\"NormalTextRun SCXW173903726 BCX0\">Todos los estudiantes pueden usar nuestro transporte, incluso los m\u00e1s peque\u00f1os. Para m\u00e1s informaci\u00f3n sobre el servicio,  <\/span><\/span><a class=\"Hyperlink SCXW173903726 BCX0\" href=\"https:\/\/www.stl.eus\/es\/servicios\/transporte\/\" target=\"_blank\" rel=\"noreferrer noopener\">este enlace<\/a>.<span class=\"EOP SCXW173903726 BCX0\" data-ccp-props=\"{}\"> <\/span><\/p>\n<p>[\/et_pb_accordion_item][et_pb_accordion_item title=\u00bb\u00bfC\u00f3mo se organiza la adaptaci\u00f3n del alumnado de 3 a\u00f1os? \u00bb open_toggle_background_color=\u00bb#FFFFFF\u00bb closed_toggle_text_color=\u00bbgcid-c826b7ab-48b3-4ace-8ac4-89dfe89833ce\u00bb closed_toggle_background_color=\u00bb#FFFFFF\u00bb icon_color=\u00bb#000000&#8243; toggle_icon=\u00bb&#x33;||divi||400&#8243; use_icon_font_size=\u00bbon\u00bb icon_font_size=\u00bb25px\u00bb _builder_version=\u00bb4.27.5&#8243; _module_preset=\u00bbdefault\u00bb body_font_size_tablet=\u00bb20px\u00bb body_font_size_phone=\u00bb18px\u00bb body_font_size_last_edited=\u00bbon|tablet\u00bb global_colors_info=\u00bb{%22gcid-c826b7ab-48b3-4ace-8ac4-89dfe89833ce%22:%91%22toggle_text_color%22,%22closed_toggle_text_color%22%93}\u00bb toggle_text_color=\u00bbgcid-c826b7ab-48b3-4ace-8ac4-89dfe89833ce\u00bb toggle_level=\u00bbh2&#8243; toggle_font=\u00bb||||||||\u00bb closed_toggle_font_size=\u00bb26px\u00bb toggle_font_size_tablet=\u00bb22px\u00bb toggle_font_size_phone=\u00bb18px\u00bb toggle_font_size_last_edited=\u00bbon|desktop\u00bb closed_toggle_font_size_tablet=\u00bb22px\u00bb closed_toggle_font_size_phone=\u00bb18px\u00bb closed_toggle_font_size_last_edited=\u00bbon|phone\u00bb open=\u00bboff\u00bb]<\/p>\n<p><span data-contrast=\"auto\">2 d\u00edas con las familias en la ikastola<\/span><span data-ccp-props=\"{}\"> <\/span><\/p>\n<p><span data-contrast=\"auto\">5 d\u00edas por la ma\u00f1ana (servicios en funcionamiento)<\/span><span data-ccp-props=\"{}\"> <\/span><\/p>\n<p><span data-contrast=\"auto\">5 d\u00edas por la ma\u00f1ana + comedor<\/span><span data-ccp-props=\"{}\"> <\/span><\/p>\n<p>[\/et_pb_accordion_item][et_pb_accordion_item title=\u00bb\u00bfC\u00f3mo se organizan los ciclos? \u00bb open_toggle_background_color=\u00bb#FFFFFF\u00bb closed_toggle_text_color=\u00bbgcid-c826b7ab-48b3-4ace-8ac4-89dfe89833ce\u00bb closed_toggle_background_color=\u00bb#FFFFFF\u00bb icon_color=\u00bb#000000&#8243; toggle_icon=\u00bb&#x33;||divi||400&#8243; use_icon_font_size=\u00bbon\u00bb icon_font_size=\u00bb25px\u00bb _builder_version=\u00bb4.27.5&#8243; _module_preset=\u00bbdefault\u00bb body_font_size_tablet=\u00bb20px\u00bb body_font_size_phone=\u00bb18px\u00bb body_font_size_last_edited=\u00bbon|tablet\u00bb global_colors_info=\u00bb{%22gcid-c826b7ab-48b3-4ace-8ac4-89dfe89833ce%22:%91%22toggle_text_color%22,%22closed_toggle_text_color%22%93}\u00bb toggle_text_color=\u00bbgcid-c826b7ab-48b3-4ace-8ac4-89dfe89833ce\u00bb toggle_level=\u00bbh2&#8243; toggle_font=\u00bb||||||||\u00bb closed_toggle_font_size=\u00bb26px\u00bb toggle_font_size_tablet=\u00bb22px\u00bb toggle_font_size_phone=\u00bb18px\u00bb toggle_font_size_last_edited=\u00bbon|desktop\u00bb closed_toggle_font_size_tablet=\u00bb22px\u00bb closed_toggle_font_size_phone=\u00bb18px\u00bb closed_toggle_font_size_last_edited=\u00bbon|phone\u00bb open=\u00bboff\u00bb]<\/p>\n<p><span data-contrast=\"auto\" xml:lang=\"EU-ES\" lang=\"EU-ES\" class=\"TextRun SCXW265020870 BCX0\"><span class=\"NormalTextRun SCXW265020870 BCX0\">En Educaci\u00f3n Infantil, los ni\u00f1os y ni\u00f1as trabajan con el mismo profesor o profesora durante dos a\u00f1os (3-4 o 4-5).<\/span><\/span><span class=\"EOP SCXW265020870 BCX0\" data-ccp-props=\"{}\"> <\/span><\/p>\n<p>[\/et_pb_accordion_item][et_pb_accordion_item title=\u00bb\u00bfHay un autob\u00fas al mediod\u00eda? \u00bb open_toggle_background_color=\u00bb#FFFFFF\u00bb closed_toggle_text_color=\u00bbgcid-c826b7ab-48b3-4ace-8ac4-89dfe89833ce\u00bb closed_toggle_background_color=\u00bb#FFFFFF\u00bb icon_color=\u00bb#000000&#8243; toggle_icon=\u00bb&#x33;||divi||400&#8243; use_icon_font_size=\u00bbon\u00bb icon_font_size=\u00bb25px\u00bb _builder_version=\u00bb4.27.5&#8243; _module_preset=\u00bbdefault\u00bb body_font_size_tablet=\u00bb20px\u00bb body_font_size_phone=\u00bb18px\u00bb body_font_size_last_edited=\u00bbon|tablet\u00bb global_colors_info=\u00bb{%22gcid-c826b7ab-48b3-4ace-8ac4-89dfe89833ce%22:%91%22toggle_text_color%22,%22closed_toggle_text_color%22%93}\u00bb toggle_text_color=\u00bbgcid-c826b7ab-48b3-4ace-8ac4-89dfe89833ce\u00bb toggle_level=\u00bbh2&#8243; toggle_font=\u00bb||||||||\u00bb closed_toggle_font_size=\u00bb26px\u00bb toggle_font_size_tablet=\u00bb22px\u00bb toggle_font_size_phone=\u00bb18px\u00bb toggle_font_size_last_edited=\u00bbon|desktop\u00bb closed_toggle_font_size_tablet=\u00bb22px\u00bb closed_toggle_font_size_phone=\u00bb18px\u00bb closed_toggle_font_size_last_edited=\u00bbon|phone\u00bb open=\u00bboff\u00bb]<\/p>\n<p><span data-contrast=\"auto\" xml:lang=\"EU-ES\" lang=\"EU-ES\" class=\"TextRun SCXW161238479 BCX0\"><span class=\"NormalTextRun SCXW161238479 BCX0\">No hay autobuses al mediod\u00eda. <\/span><span class=\"NormalTextRun SCXW161238479 BCX0\">Cuando los ni\u00f1os y ni\u00f1as son peque\u00f1os, tenemos horarios flexibles para recogerlos.<\/span><\/span><span class=\"EOP SCXW161238479 BCX0\" data-ccp-props=\"{}\"> <\/span><\/p>\n<p>[\/et_pb_accordion_item][et_pb_accordion_item title=\u00bbLa siesta, \u00bfD\u00f3nde y cu\u00e1ndo? \u00bb open_toggle_background_color=\u00bb#FFFFFF\u00bb closed_toggle_text_color=\u00bbgcid-c826b7ab-48b3-4ace-8ac4-89dfe89833ce\u00bb closed_toggle_background_color=\u00bb#FFFFFF\u00bb icon_color=\u00bb#000000&#8243; toggle_icon=\u00bb&#x33;||divi||400&#8243; use_icon_font_size=\u00bbon\u00bb icon_font_size=\u00bb25px\u00bb _builder_version=\u00bb4.27.5&#8243; _module_preset=\u00bbdefault\u00bb body_font_size_tablet=\u00bb20px\u00bb body_font_size_phone=\u00bb18px\u00bb body_font_size_last_edited=\u00bbon|tablet\u00bb global_colors_info=\u00bb{%22gcid-c826b7ab-48b3-4ace-8ac4-89dfe89833ce%22:%91%22toggle_text_color%22,%22closed_toggle_text_color%22%93}\u00bb toggle_text_color=\u00bbgcid-c826b7ab-48b3-4ace-8ac4-89dfe89833ce\u00bb toggle_level=\u00bbh2&#8243; toggle_font=\u00bb||||||||\u00bb closed_toggle_font_size=\u00bb26px\u00bb toggle_font_size_tablet=\u00bb22px\u00bb toggle_font_size_phone=\u00bb18px\u00bb toggle_font_size_last_edited=\u00bbon|desktop\u00bb closed_toggle_font_size_tablet=\u00bb22px\u00bb closed_toggle_font_size_phone=\u00bb18px\u00bb closed_toggle_font_size_last_edited=\u00bbon|phone\u00bb open=\u00bboff\u00bb]<\/p>\n<p><span data-contrast=\"auto\">Los ni\u00f1os y ni\u00f1as de 2 a\u00f1os van a la siesta entre las 12:30 y las 12:45. Algunos duermen en sus propias aulas. Otros, en aulas espec\u00edficas.  <\/span><span data-ccp-props=\"{}\"> <\/span><\/p>\n<p><span data-contrast=\"auto\">Los ni\u00f1os y ni\u00f1as de 3 a\u00f1os se echan la siesta alrededor de la 1:15 p.m. Duermen la siesta en sus aulas. <\/span><span data-ccp-props=\"{}\"> <\/span><\/p>\n<p><span data-ccp-props=\"{}\">En principio no ofrecemos siestas a los ni\u00f1os y ni\u00f1as de 4 a\u00f1os en adelante, pero si alg\u00fan ni\u00f1o o ni\u00f1a tiene mucha necesidad le ofrecemos la oportunidad en la biblioteca.<\/span><\/p>\n<p>[\/et_pb_accordion_item][et_pb_accordion_item title=\u00bb\u00bfLa ikastola tiene cocina propia? \u00bb open_toggle_background_color=\u00bb#FFFFFF\u00bb closed_toggle_text_color=\u00bbgcid-c826b7ab-48b3-4ace-8ac4-89dfe89833ce\u00bb closed_toggle_background_color=\u00bb#FFFFFF\u00bb icon_color=\u00bb#000000&#8243; toggle_icon=\u00bb&#x33;||divi||400&#8243; use_icon_font_size=\u00bbon\u00bb icon_font_size=\u00bb25px\u00bb _builder_version=\u00bb4.27.5&#8243; _module_preset=\u00bbdefault\u00bb body_font_size_tablet=\u00bb20px\u00bb body_font_size_phone=\u00bb18px\u00bb body_font_size_last_edited=\u00bbon|tablet\u00bb global_colors_info=\u00bb{%22gcid-c826b7ab-48b3-4ace-8ac4-89dfe89833ce%22:%91%22toggle_text_color%22,%22closed_toggle_text_color%22%93}\u00bb toggle_text_color=\u00bbgcid-c826b7ab-48b3-4ace-8ac4-89dfe89833ce\u00bb toggle_level=\u00bbh2&#8243; toggle_font=\u00bb||||||||\u00bb closed_toggle_font_size=\u00bb26px\u00bb toggle_font_size_tablet=\u00bb22px\u00bb toggle_font_size_phone=\u00bb18px\u00bb toggle_font_size_last_edited=\u00bbon|desktop\u00bb closed_toggle_font_size_tablet=\u00bb22px\u00bb closed_toggle_font_size_phone=\u00bb18px\u00bb closed_toggle_font_size_last_edited=\u00bbon|phone\u00bb open=\u00bboff\u00bb]<\/p>\n<p><span data-contrast=\"auto\">La comida se prepara a diario en nuestra cocina. Hay cuatro comedores en la ikastola, y casi todos los estudiantes y muchos miembros del personal comen all\u00ed. <\/span><span data-ccp-props=\"{}\"> <\/span><\/p>\n<p><span data-contrast=\"auto\">Los comedores tambi\u00e9n son espacios educativos.<\/span><span data-ccp-props=\"{}\"> <\/span><\/p>\n<p>[\/et_pb_accordion_item][et_pb_accordion_item title=\u00bbEl almuerzo\u00bb open_toggle_background_color=\u00bb#FFFFFF\u00bb closed_toggle_text_color=\u00bbgcid-c826b7ab-48b3-4ace-8ac4-89dfe89833ce\u00bb closed_toggle_background_color=\u00bb#FFFFFF\u00bb icon_color=\u00bb#000000&#8243; toggle_icon=\u00bb&#x33;||divi||400&#8243; use_icon_font_size=\u00bbon\u00bb icon_font_size=\u00bb25px\u00bb _builder_version=\u00bb4.27.5&#8243; _module_preset=\u00bbdefault\u00bb hover_enabled=\u00bb0&#8243; body_font_size_tablet=\u00bb20px\u00bb body_font_size_phone=\u00bb18px\u00bb body_font_size_last_edited=\u00bbon|tablet\u00bb global_colors_info=\u00bb{%22gcid-c826b7ab-48b3-4ace-8ac4-89dfe89833ce%22:%91%22toggle_text_color%22,%22closed_toggle_text_color%22%93}\u00bb toggle_text_color=\u00bbgcid-c826b7ab-48b3-4ace-8ac4-89dfe89833ce\u00bb toggle_level=\u00bbh2&#8243; toggle_font=\u00bb||||||||\u00bb closed_toggle_font_size=\u00bb26px\u00bb toggle_font_size_tablet=\u00bb22px\u00bb toggle_font_size_phone=\u00bb18px\u00bb toggle_font_size_last_edited=\u00bbon|desktop\u00bb closed_toggle_font_size_tablet=\u00bb22px\u00bb closed_toggle_font_size_phone=\u00bb18px\u00bb closed_toggle_font_size_last_edited=\u00bbon|phone\u00bb open=\u00bboff\u00bb sticky_enabled=\u00bb0&#8243;]<\/p>\n<div class=\"x_elementToProof\" data-olk-copy-source=\"MessageBody\">A los de 2 a\u00f1os se les reparte fruta para el almuerzo. Van rotando y cada d\u00eda hay dos ni\u00f1os encargados de la fruta. Antes van con una tarjeta a casa para recordarles que tienen que traer fruta para el almuerzo. Adem\u00e1s, cada uno puede traer de casa lo que quiera, pero en la ikastola se les ofrecer\u00e1 fruta todos los d\u00edas.   <\/div>\n<div class=\"x_elementToProof\"><\/div>\n<div class=\"x_elementToProof\">A los de 3, 4 y 5 a\u00f1os se les reparte fruta por la tarde. Para el almuerzo cada uno trae la suya de casa.  <\/div>\n<p>[\/et_pb_accordion_item][et_pb_accordion_item title=\u00bb\u00bfEl horario es flexible? \u00bb open_toggle_background_color=\u00bb#FFFFFF\u00bb closed_toggle_text_color=\u00bbgcid-c826b7ab-48b3-4ace-8ac4-89dfe89833ce\u00bb closed_toggle_background_color=\u00bb#FFFFFF\u00bb icon_color=\u00bb#000000&#8243; toggle_icon=\u00bb&#x33;||divi||400&#8243; use_icon_font_size=\u00bbon\u00bb icon_font_size=\u00bb25px\u00bb _builder_version=\u00bb4.27.5&#8243; _module_preset=\u00bbdefault\u00bb body_font_size_tablet=\u00bb20px\u00bb body_font_size_phone=\u00bb18px\u00bb body_font_size_last_edited=\u00bbon|tablet\u00bb global_colors_info=\u00bb{%22gcid-c826b7ab-48b3-4ace-8ac4-89dfe89833ce%22:%91%22toggle_text_color%22,%22closed_toggle_text_color%22%93}\u00bb toggle_text_color=\u00bbgcid-c826b7ab-48b3-4ace-8ac4-89dfe89833ce\u00bb toggle_level=\u00bbh2&#8243; toggle_font=\u00bb||||||||\u00bb closed_toggle_font_size=\u00bb26px\u00bb toggle_font_size_tablet=\u00bb22px\u00bb toggle_font_size_phone=\u00bb18px\u00bb toggle_font_size_last_edited=\u00bbon|desktop\u00bb closed_toggle_font_size_tablet=\u00bb22px\u00bb closed_toggle_font_size_phone=\u00bb18px\u00bb closed_toggle_font_size_last_edited=\u00bbon|phone\u00bb open=\u00bboff\u00bb]<\/p>\n<p><span data-contrast=\"auto\"><span data-contrast=\"auto\" xml:lang=\"EU-ES\" lang=\"EU-ES\" class=\"TextRun SCXW117477979 BCX0\">En Educaci\u00f3n Infantil los horarios de entrada y salida son flexibles.<\/span><span class=\"EOP SCXW117477979 BCX0\" data-ccp-props=\"{}\"> <\/span><\/span><span data-ccp-props=\"{}\"><\/span><\/p>\n<p>[\/et_pb_accordion_item][et_pb_accordion_item title=\u00bb\u00bfSe puede recoger a los ni\u00f1os y ni\u00f1as despu\u00e9s de comer? \u00bb open_toggle_background_color=\u00bb#FFFFFF\u00bb closed_toggle_text_color=\u00bbgcid-c826b7ab-48b3-4ace-8ac4-89dfe89833ce\u00bb closed_toggle_background_color=\u00bb#FFFFFF\u00bb icon_color=\u00bb#000000&#8243; toggle_icon=\u00bb&#x33;||divi||400&#8243; use_icon_font_size=\u00bbon\u00bb icon_font_size=\u00bb25px\u00bb _builder_version=\u00bb4.27.5&#8243; _module_preset=\u00bbdefault\u00bb body_font_size_tablet=\u00bb20px\u00bb body_font_size_phone=\u00bb18px\u00bb body_font_size_last_edited=\u00bbon|tablet\u00bb global_colors_info=\u00bb{%22gcid-c826b7ab-48b3-4ace-8ac4-89dfe89833ce%22:%91%22toggle_text_color%22,%22closed_toggle_text_color%22%93}\u00bb toggle_text_color=\u00bbgcid-c826b7ab-48b3-4ace-8ac4-89dfe89833ce\u00bb toggle_level=\u00bbh2&#8243; toggle_font=\u00bb||||||||\u00bb closed_toggle_font_size=\u00bb26px\u00bb toggle_font_size_tablet=\u00bb22px\u00bb toggle_font_size_phone=\u00bb18px\u00bb toggle_font_size_last_edited=\u00bbon|desktop\u00bb closed_toggle_font_size_tablet=\u00bb22px\u00bb closed_toggle_font_size_phone=\u00bb18px\u00bb closed_toggle_font_size_last_edited=\u00bbon|phone\u00bb open=\u00bboff\u00bb]<\/p>\n<p><span data-contrast=\"auto\" xml:lang=\"EU-ES\" lang=\"EU-ES\" class=\"TextRun SCXW153409727 BCX0\"><span class=\"NormalTextRun SCXW153409727 BCX0\">S\u00ed, el horario es flexible y se les puede recoger despu\u00e9s de comer.<\/span><\/span><span class=\"EOP SCXW153409727 BCX0\" data-ccp-props=\"{}\"> <\/span><\/p>\n<p>[\/et_pb_accordion_item][et_pb_accordion_item title=\u00bb\u00bfColonias de verano? \u00bfD\u00f3nde  y cu\u00e1ndo? \u00bb open_toggle_background_color=\u00bb#FFFFFF\u00bb closed_toggle_text_color=\u00bbgcid-c826b7ab-48b3-4ace-8ac4-89dfe89833ce\u00bb closed_toggle_background_color=\u00bb#FFFFFF\u00bb icon_color=\u00bb#000000&#8243; toggle_icon=\u00bb&#x33;||divi||400&#8243; use_icon_font_size=\u00bbon\u00bb icon_font_size=\u00bb25px\u00bb _builder_version=\u00bb4.27.5&#8243; _module_preset=\u00bbdefault\u00bb body_font_size_tablet=\u00bb20px\u00bb body_font_size_phone=\u00bb18px\u00bb body_font_size_last_edited=\u00bbon|tablet\u00bb global_colors_info=\u00bb{%22gcid-c826b7ab-48b3-4ace-8ac4-89dfe89833ce%22:%91%22toggle_text_color%22,%22closed_toggle_text_color%22%93}\u00bb toggle_text_color=\u00bbgcid-c826b7ab-48b3-4ace-8ac4-89dfe89833ce\u00bb toggle_level=\u00bbh2&#8243; toggle_font=\u00bb||||||||\u00bb closed_toggle_font_size=\u00bb26px\u00bb toggle_font_size_tablet=\u00bb22px\u00bb toggle_font_size_phone=\u00bb18px\u00bb toggle_font_size_last_edited=\u00bbon|desktop\u00bb closed_toggle_font_size_tablet=\u00bb22px\u00bb closed_toggle_font_size_phone=\u00bb18px\u00bb closed_toggle_font_size_last_edited=\u00bbon|phone\u00bb open=\u00bboff\u00bb]<\/p>\n<p><span data-contrast=\"auto\" xml:lang=\"EU-ES\" lang=\"EU-ES\" class=\"TextRun SCXW188326961 BCX0\"><span class=\"NormalTextRun SCXW188326961 BCX0\">La ikastola organiza colonias de verano entre el final del curso escolar y la \u00faltima semana de julio.<\/span><span class=\"NormalTextRun SCXW188326961 BCX0\">. Puede encontrar informaci\u00f3n detallada al respecto en nuestra p\u00e1gina web,<\/span>en estos enlaces<\/span>(<a class=\"Hyperlink SCXW188326961 BCX0\" href=\"https:\/\/www.stl.eus\/es\/colonias-2-anos\/\" target=\"_blank\" rel=\"noreferrer noopener\">2 a\u00f1os<\/a>&#8211;<a class=\"Hyperlink SCXW188326961 BCX0\" href=\"https:\/\/www.stl.eus\/es\/colonias-3-anos-lh-4\/\" target=\"_blank\" rel=\"noreferrer noopener\">3 a\u00f1os<\/a>)<span class=\"EOP SCXW188326961 BCX0\" data-ccp-props=\"{}\"> <\/span><\/p>\n<p>[\/et_pb_accordion_item][et_pb_accordion_item title=\u00bb\u00bfReciben apoyo los estudiantes con dificultades? \u00bb open_toggle_background_color=\u00bb#FFFFFF\u00bb closed_toggle_text_color=\u00bbgcid-c826b7ab-48b3-4ace-8ac4-89dfe89833ce\u00bb closed_toggle_background_color=\u00bb#FFFFFF\u00bb icon_color=\u00bb#000000&#8243; toggle_icon=\u00bb&#x33;||divi||400&#8243; use_icon_font_size=\u00bbon\u00bb icon_font_size=\u00bb25px\u00bb _builder_version=\u00bb4.27.5&#8243; _module_preset=\u00bbdefault\u00bb body_font_size_tablet=\u00bb20px\u00bb body_font_size_phone=\u00bb18px\u00bb body_font_size_last_edited=\u00bbon|tablet\u00bb global_colors_info=\u00bb{%22gcid-c826b7ab-48b3-4ace-8ac4-89dfe89833ce%22:%91%22toggle_text_color%22,%22closed_toggle_text_color%22%93}\u00bb toggle_text_color=\u00bbgcid-c826b7ab-48b3-4ace-8ac4-89dfe89833ce\u00bb toggle_level=\u00bbh2&#8243; toggle_font=\u00bb||||||||\u00bb closed_toggle_font_size=\u00bb26px\u00bb toggle_font_size_tablet=\u00bb22px\u00bb toggle_font_size_phone=\u00bb18px\u00bb toggle_font_size_last_edited=\u00bbon|desktop\u00bb closed_toggle_font_size_tablet=\u00bb22px\u00bb closed_toggle_font_size_phone=\u00bb18px\u00bb closed_toggle_font_size_last_edited=\u00bbon|phone\u00bb open=\u00bboff\u00bb]<\/p>\n<p><span data-contrast=\"auto\">En educaci\u00f3n infantil el objetivo principal es identificar posibles obst\u00e1culos en el proceso de desarrollo: a ello se dirigen la observaci\u00f3n sistem\u00e1tica, la intervenci\u00f3n temprana, el trabajo espec\u00edfico del orientador, sesiones de psicomotricidad, etc.<\/span><span data-ccp-props=\"{}\"> <\/span><\/p>\n<p><span data-contrast=\"auto\">En Educaci\u00f3n Primaria, implementamos el aula de apoyo, y practicamos la coense\u00f1anza con un enfoque inclusivo, es decir, un profesor de apoyo entra en el aula para implementar el desarrollo de un plan de actividades personalizado y adaptado al alumno o alumna.<\/span><span data-ccp-props=\"{}\"> <\/span><\/p>\n<p><span data-contrast=\"auto\">A partir de la educaci\u00f3n secundaria, existen programas espec\u00edficos de refuerzo educativo, donde se organizan sesiones especiales para brindar apoyo en asignaturas instrumentales: lenguas y matem\u00e1ticas. Por otro lado, los estudiantes pueden solicitar tutor\u00edas adicionales cuando tengan problemas espec\u00edficos. <\/span><span data-ccp-props=\"{}\"> <\/span><\/p>\n<p><span data-contrast=\"auto\">El esquema se mantiene en bachillerato, esta vez a trav\u00e9s de una v\u00eda de refuerzo, tanto en la modalidad de ciencias como de estudios sociales. <\/span><span data-ccp-props=\"{}\"> <\/span><\/p>\n<p><span data-contrast=\"auto\">La ikastola cuenta con una clase estable mixta para alumnos de 12 a 20 a\u00f1os que requieren una atenci\u00f3n altamente individualizada. Cada alumno o alumna tiene su propio curr\u00edculo. <\/span><span data-ccp-props=\"{}\"> <\/span><\/p>\n<p>[\/et_pb_accordion_item][et_pb_accordion_item title=\u00bb\u00bfCu\u00e1ndo empiezan los ex\u00e1menes? \u00bfC\u00f3mo se eval\u00faa?  \u00bb open_toggle_background_color=\u00bb#FFFFFF\u00bb closed_toggle_text_color=\u00bbgcid-c826b7ab-48b3-4ace-8ac4-89dfe89833ce\u00bb closed_toggle_background_color=\u00bb#FFFFFF\u00bb icon_color=\u00bb#000000&#8243; toggle_icon=\u00bb&#x33;||divi||400&#8243; use_icon_font_size=\u00bbon\u00bb icon_font_size=\u00bb25px\u00bb _builder_version=\u00bb4.27.5&#8243; _module_preset=\u00bbdefault\u00bb body_font_size_tablet=\u00bb20px\u00bb body_font_size_phone=\u00bb18px\u00bb body_font_size_last_edited=\u00bbon|tablet\u00bb global_colors_info=\u00bb{%22gcid-c826b7ab-48b3-4ace-8ac4-89dfe89833ce%22:%91%22toggle_text_color%22,%22closed_toggle_text_color%22%93}\u00bb toggle_text_color=\u00bbgcid-c826b7ab-48b3-4ace-8ac4-89dfe89833ce\u00bb toggle_level=\u00bbh2&#8243; toggle_font=\u00bb||||||||\u00bb closed_toggle_font_size=\u00bb26px\u00bb toggle_font_size_tablet=\u00bb22px\u00bb toggle_font_size_phone=\u00bb18px\u00bb toggle_font_size_last_edited=\u00bbon|desktop\u00bb closed_toggle_font_size_tablet=\u00bb22px\u00bb closed_toggle_font_size_phone=\u00bb18px\u00bb closed_toggle_font_size_last_edited=\u00bbon|phone\u00bb open=\u00bboff\u00bb]<\/p>\n<p><span data-contrast=\"auto\">La evaluaci\u00f3n var\u00eda seg\u00fan la etapa. Los ex\u00e1menes de control o las pruebas escritas evaluables son las herramientas habituales para medir los objetivos educativos.  <\/span><span data-ccp-props=\"{}\"> <\/span><\/p>\n<p><span data-contrast=\"auto\">Comienzan en los \u00faltimos a\u00f1os de educaci\u00f3n primaria, inicialmente son pruebas peque\u00f1as y toman impulso en secundaria y bachillerato.<\/span><span data-ccp-props=\"{}\"> <\/span><\/p>\n<p><span data-contrast=\"auto\">Los controles o ex\u00e1menes se combinan con otras pruebas, trabajos en grupo, presentaciones, etc., y adem\u00e1s de tener una finalidad calificadora, deben ser tambi\u00e9n herramientas de autorregulaci\u00f3n del estudiante.<\/span><span data-ccp-props=\"{}\"> <\/span><\/p>\n<p>[\/et_pb_accordion_item][et_pb_accordion_item title=\u00bb\u00bfCambian de profesor o profesora al cambiar de aula o tienen su propio profesor o profesora? \u00bfTienen un tutor o tutora de referencia?  \u00bb open_toggle_background_color=\u00bb#FFFFFF\u00bb closed_toggle_text_color=\u00bbgcid-c826b7ab-48b3-4ace-8ac4-89dfe89833ce\u00bb closed_toggle_background_color=\u00bb#FFFFFF\u00bb icon_color=\u00bb#000000&#8243; toggle_icon=\u00bb&#x33;||divi||400&#8243; use_icon_font_size=\u00bbon\u00bb icon_font_size=\u00bb25px\u00bb _builder_version=\u00bb4.27.5&#8243; _module_preset=\u00bbdefault\u00bb body_font_size_tablet=\u00bb20px\u00bb body_font_size_phone=\u00bb18px\u00bb body_font_size_last_edited=\u00bbon|tablet\u00bb global_colors_info=\u00bb{%22gcid-c826b7ab-48b3-4ace-8ac4-89dfe89833ce%22:%91%22toggle_text_color%22,%22closed_toggle_text_color%22%93}\u00bb toggle_text_color=\u00bbgcid-c826b7ab-48b3-4ace-8ac4-89dfe89833ce\u00bb toggle_level=\u00bbh2&#8243; toggle_font=\u00bb||||||||\u00bb closed_toggle_font_size=\u00bb26px\u00bb toggle_font_size_tablet=\u00bb22px\u00bb toggle_font_size_phone=\u00bb18px\u00bb toggle_font_size_last_edited=\u00bbon|desktop\u00bb closed_toggle_font_size_tablet=\u00bb22px\u00bb closed_toggle_font_size_phone=\u00bb18px\u00bb closed_toggle_font_size_last_edited=\u00bbon|phone\u00bb open=\u00bboff\u00bb]<\/p>\n<p><span data-contrast=\"auto\" xml:lang=\"EU-ES\" lang=\"EU-ES\" class=\"TextRun SCXW192610653 BCX0\"><span class=\"NormalTextRun SCXW192610653 BCX0\">Cuando se proporcione circulaci\u00f3n aut\u00f3noma, el tutor o la persona de referencia de cada aula permanecer\u00e1 en su espacio,<\/span><span class=\"NormalTextRun SCXW192610653 BCX0\">ya que tambi\u00e9n deber\u00e1 prestar atenci\u00f3n a los dem\u00e1s estudiantes de la clase en ese momento. Cada espacio responder\u00e1 a una necesidad. <\/span><\/span><span class=\"EOP SCXW192610653 BCX0\" data-ccp-props=\"{}\"> <\/span><\/p>\n<p>[\/et_pb_accordion_item][et_pb_accordion_item title=\u00bb\u00bfCu\u00e1ndo empiezan a usar el ordenador? \u00bfTienen libros?  \u00bb open_toggle_background_color=\u00bb#FFFFFF\u00bb closed_toggle_text_color=\u00bbgcid-c826b7ab-48b3-4ace-8ac4-89dfe89833ce\u00bb closed_toggle_background_color=\u00bb#FFFFFF\u00bb icon_color=\u00bb#000000&#8243; toggle_icon=\u00bb&#x33;||divi||400&#8243; use_icon_font_size=\u00bbon\u00bb icon_font_size=\u00bb25px\u00bb _builder_version=\u00bb4.27.5&#8243; _module_preset=\u00bbdefault\u00bb body_font_size_tablet=\u00bb20px\u00bb body_font_size_phone=\u00bb18px\u00bb body_font_size_last_edited=\u00bbon|tablet\u00bb global_colors_info=\u00bb{%22gcid-c826b7ab-48b3-4ace-8ac4-89dfe89833ce%22:%91%22toggle_text_color%22,%22closed_toggle_text_color%22%93}\u00bb toggle_text_color=\u00bbgcid-c826b7ab-48b3-4ace-8ac4-89dfe89833ce\u00bb toggle_level=\u00bbh2&#8243; toggle_font=\u00bb||||||||\u00bb closed_toggle_font_size=\u00bb26px\u00bb toggle_font_size_tablet=\u00bb22px\u00bb toggle_font_size_phone=\u00bb18px\u00bb toggle_font_size_last_edited=\u00bbon|desktop\u00bb closed_toggle_font_size_tablet=\u00bb22px\u00bb closed_toggle_font_size_phone=\u00bb18px\u00bb closed_toggle_font_size_last_edited=\u00bbon|phone\u00bb open=\u00bboff\u00bb]<\/p>\n<p><span data-contrast=\"auto\">En el proceso de aprendizaje se utilizan fundamentos anal\u00f3gicos y digitales, estos \u00faltimos para posibilitar el desarrollo de la competencia digital.<\/span><span data-ccp-props=\"{}\"> <\/span><\/p>\n<p><span data-contrast=\"auto\">Desde muy peque\u00f1os, el aprendizaje se basa en el juego y la manipulaci\u00f3n de elementos did\u00e1cticos f\u00edsicos. A partir del segundo ciclo de educaci\u00f3n primaria, comienzan a desarrollar habilidades digitales utilizando los recursos del aula, y a partir de la educaci\u00f3n secundaria, cada ni\u00f1o o ni\u00f1a tiene su propio ordenador.  <\/span><span data-ccp-props=\"{}\"> <\/span><\/p>\n<p>[\/et_pb_accordion_item][et_pb_accordion_item title=\u00bb\u00bfDesde cu\u00e1ndo se ense\u00f1a ingl\u00e9s? \u00bfC\u00f3mo se ense\u00f1a? \u00bfCu\u00e1ndo se considera ingl\u00e9s como lengua extranjera?  \u00bb open_toggle_background_color=\u00bb#FFFFFF\u00bb closed_toggle_text_color=\u00bbgcid-c826b7ab-48b3-4ace-8ac4-89dfe89833ce\u00bb closed_toggle_background_color=\u00bb#FFFFFF\u00bb icon_color=\u00bb#000000&#8243; toggle_icon=\u00bb&#x33;||divi||400&#8243; use_icon_font_size=\u00bbon\u00bb icon_font_size=\u00bb25px\u00bb _builder_version=\u00bb4.27.5&#8243; _module_preset=\u00bbdefault\u00bb body_font_size_tablet=\u00bb20px\u00bb body_font_size_phone=\u00bb18px\u00bb body_font_size_last_edited=\u00bbon|tablet\u00bb global_colors_info=\u00bb{%22gcid-c826b7ab-48b3-4ace-8ac4-89dfe89833ce%22:%91%22toggle_text_color%22,%22closed_toggle_text_color%22%93}\u00bb toggle_text_color=\u00bbgcid-c826b7ab-48b3-4ace-8ac4-89dfe89833ce\u00bb toggle_level=\u00bbh2&#8243; toggle_font=\u00bb||||||||\u00bb closed_toggle_font_size=\u00bb26px\u00bb toggle_font_size_tablet=\u00bb22px\u00bb toggle_font_size_phone=\u00bb18px\u00bb toggle_font_size_last_edited=\u00bbon|desktop\u00bb closed_toggle_font_size_tablet=\u00bb22px\u00bb closed_toggle_font_size_phone=\u00bb18px\u00bb closed_toggle_font_size_last_edited=\u00bbon|phone\u00bb open=\u00bboff\u00bb]<\/p>\n<p><span data-contrast=\"auto\" xml:lang=\"EU-ES\" lang=\"EU-ES\" class=\"TextRun SCXW72692931 BCX0\"><span class=\"NormalTextRun SCXW72692931 BCX0\">Empiezan a aprender ingl\u00e9s en preescolar, con canciones y juegos. A partir de primaria, se convierte en una asignatura. <\/span><span class=\"NormalTextRun SCXW72692931 BCX0\">. En secundaria,<\/span><span class=\"NormalTextRun SCXW72692931 BCX0\"> adem\u00e1s de las sesiones de la propia asignatura,<\/span><span class=\"NormalTextRun SCXW72692931 BCX0\"> <\/span><span class=\"NormalTextRun SCXW72692931 BCX0\">en tercero y cuarto de primaria la asignatura Ciencias Sociales se cursa en ingl\u00e9s. En bachillerato pueden cursar una asignatura optativa en ingl\u00e9s.<br \/><\/span><\/span><span class=\"EOP SCXW72692931 BCX0\" data-ccp-props=\"{}\"> <\/span><\/p>\n<p>[\/et_pb_accordion_item][\/et_pb_accordion][\/et_pb_column][\/et_pb_row][et_pb_row disabled_on=\u00bboff|off|off\u00bb _builder_version=\u00bb4.16&#8243; _module_preset=\u00bbdefault\u00bb custom_margin=\u00bb30px||0px||false|false\u00bb custom_padding=\u00bb||0px||false|false\u00bb locked=\u00bboff\u00bb global_colors_info=\u00bb{}\u00bb][et_pb_column type=\u00bb4_4&#8243; _builder_version=\u00bb4.16&#8243; _module_preset=\u00bbdefault\u00bb global_colors_info=\u00bb{}\u00bb][et_pb_text _builder_version=\u00bb4.16&#8243; _module_preset=\u00bbdefault\u00bb header_font=\u00bb||||||||\u00bb header_2_font=\u00bb|600|||||||\u00bb header_2_text_color=\u00bb#ff611d\u00bb global_colors_info=\u00bb{}\u00bb]<\/p>\n<h2><span style=\"font-size: 26px\">SOMOS Y TENEMOS<\/span><\/h2>\n<p>[\/et_pb_text][\/et_pb_column][\/et_pb_row][et_pb_row column_structure=\u00bb1_4,1_4,1_4,1_4&#8243; _builder_version=\u00bb4.16&#8243; _module_preset=\u00bbdefault\u00bb custom_margin=\u00bb||-20px||false|false\u00bb locked=\u00bboff\u00bb global_colors_info=\u00bb{}\u00bb][et_pb_column type=\u00bb1_4&#8243; _builder_version=\u00bb4.16&#8243; _module_preset=\u00bbdefault\u00bb global_colors_info=\u00bb{}\u00bb][et_pb_text _builder_version=\u00bb4.16&#8243; _module_preset=\u00bbdefault\u00bb header_font=\u00bb||||||||\u00bb header_2_font=\u00bb|600|||||||\u00bb header_2_text_color=\u00bb#ff611d\u00bb global_colors_info=\u00bb{}\u00bb]<\/p>\n<h2 style=\"text-align: left\"><strong>#Compa\u00f1eros de viaje<\/strong><\/h2>\n<p>[\/et_pb_text][et_pb_video src=\u00bbhttps:\/\/youtu.be\/jVXOI_2rFlM\u00bb image_src=\u00bb\/\/i.ytimg.com\/vi\/jVXOI_2rFlM\/hqdefault.jpg\u00bb _builder_version=\u00bb4.16&#8243; _module_preset=\u00bbdefault\u00bb custom_margin=\u00bb0px||0px||false|false\u00bb custom_padding=\u00bb||0px||false|false\u00bb global_colors_info=\u00bb{}\u00bb][\/et_pb_video][et_pb_text _builder_version=\u00bb4.16&#8243; _module_preset=\u00bbdefault\u00bb custom_margin=\u00bb||60px||false|false\u00bb global_colors_info=\u00bb{}\u00bb]<\/p>\n<p style=\"text-align: right\"><span style=\"font-size: medium\">Jon \u00b7 Kerman \u00b7 Kattalin \u00b7<\/span><\/p>\n<p>[\/et_pb_text][\/et_pb_column][et_pb_column type=\u00bb1_4&#8243; _builder_version=\u00bb4.16&#8243; _module_preset=\u00bbdefault\u00bb global_colors_info=\u00bb{}\u00bb][et_pb_text _builder_version=\u00bb4.16&#8243; _module_preset=\u00bbdefault\u00bb header_font=\u00bb||||||||\u00bb header_2_font=\u00bb|600|||||||\u00bb header_2_text_color=\u00bb#ff611d\u00bb global_colors_info=\u00bb{}\u00bb]<\/p>\n<h2 style=\"text-align: left\"><strong>#Ra\u00edces vascas<\/strong><\/h2>\n<p>[\/et_pb_text][et_pb_video src=\u00bbhttps:\/\/youtu.be\/hL5-Z4yT2Qk\u00bb image_src=\u00bb\/\/i.ytimg.com\/vi\/hL5-Z4yT2Qk\/hqdefault.jpg\u00bb _builder_version=\u00bb4.16&#8243; _module_preset=\u00bbdefault\u00bb custom_margin=\u00bb0px|0px|0px|0px|false|true\u00bb custom_padding=\u00bb||0px||false|false\u00bb global_colors_info=\u00bb{}\u00bb][\/et_pb_video][et_pb_text _builder_version=\u00bb4.16&#8243; _module_preset=\u00bbdefault\u00bb custom_margin=\u00bb||60px||false|false\u00bb global_colors_info=\u00bb{}\u00bb]<\/p>\n<p style=\"text-align: right\"><span style=\"font-size: medium\">Elisabeth \u00b7 Anartz \u00b7<\/span><\/p>\n<p>[\/et_pb_text][\/et_pb_column][et_pb_column type=\u00bb1_4&#8243; _builder_version=\u00bb4.16&#8243; _module_preset=\u00bbdefault\u00bb global_colors_info=\u00bb{}\u00bb][et_pb_text _builder_version=\u00bb4.16&#8243; _module_preset=\u00bbdefault\u00bb header_font=\u00bb||||||||\u00bb header_2_font=\u00bb|600|||||||\u00bb header_2_text_color=\u00bb#ff611d\u00bb global_colors_info=\u00bb{}\u00bb]<\/p>\n<h2 style=\"text-align: left\">#Inspiradoras<\/h2>\n<p>[\/et_pb_text][et_pb_video src=\u00bbhttps:\/\/youtu.be\/ubCWsaPF_4M\u00bb image_src=\u00bb\/\/i.ytimg.com\/vi\/ubCWsaPF_4M\/hqdefault.jpg\u00bb _builder_version=\u00bb4.16&#8243; _module_preset=\u00bbdefault\u00bb custom_margin=\u00bb0px||0px||false|false\u00bb global_colors_info=\u00bb{}\u00bb][\/et_pb_video][et_pb_text _builder_version=\u00bb4.16&#8243; _module_preset=\u00bbdefault\u00bb custom_margin=\u00bb||60px||false|false\u00bb global_colors_info=\u00bb{}\u00bb]<\/p>\n<p style=\"text-align: right\"><span style=\"font-size: medium\">Danele \u00b7 Xabi \u00b7 Juan Carlos \u00b7<\/span><\/p>\n<p>[\/et_pb_text][\/et_pb_column][et_pb_column type=\u00bb1_4&#8243; _builder_version=\u00bb4.16&#8243; _module_preset=\u00bbdefault\u00bb global_colors_info=\u00bb{}\u00bb][et_pb_text _builder_version=\u00bb4.16&#8243; _module_preset=\u00bbdefault\u00bb header_font=\u00bb||||||||\u00bb header_2_font=\u00bb|600|||||||\u00bb header_2_text_color=\u00bb#ff611d\u00bb global_colors_info=\u00bb{}\u00bb]<\/p>\n<h2 style=\"text-align: left\"><strong>#Vitalidad<\/strong><\/h2>\n<p>[\/et_pb_text][et_pb_video src=\u00bbhttps:\/\/youtu.be\/5mZf9M8q0Ks\u00bb image_src=\u00bb\/\/i.ytimg.com\/vi\/5mZf9M8q0Ks\/hqdefault.jpg\u00bb _builder_version=\u00bb4.16&#8243; _module_preset=\u00bbdefault\u00bb custom_margin=\u00bb0px||0px||false|false\u00bb global_colors_info=\u00bb{}\u00bb][\/et_pb_video][et_pb_text _builder_version=\u00bb4.16&#8243; _module_preset=\u00bbdefault\u00bb custom_margin=\u00bb||60px||false|false\u00bb global_colors_info=\u00bb{}\u00bb]<\/p>\n<p style=\"text-align: right\"><span style=\"font-size: medium\">Leire \u00b7 Gartxot \u00b7 Nereba \u00b7<\/span><\/p>\n<p>[\/et_pb_text][\/et_pb_column][\/et_pb_row][et_pb_row _builder_version=\u00bb4.16&#8243; _module_preset=\u00bbdefault\u00bb custom_margin=\u00bb10px||20px||false|false\u00bb custom_padding=\u00bb||0px||false|false\u00bb locked=\u00bboff\u00bb global_colors_info=\u00bb{}\u00bb][et_pb_column type=\u00bb4_4&#8243; _builder_version=\u00bb4.16&#8243; _module_preset=\u00bbdefault\u00bb global_colors_info=\u00bb{}\u00bb][et_pb_text _builder_version=\u00bb4.16&#8243; _module_preset=\u00bbdefault\u00bb header_font=\u00bb||||||||\u00bb header_2_font=\u00bb|600|||||||\u00bb header_2_text_color=\u00bb#ff611d\u00bb global_colors_info=\u00bb{}\u00bb]<\/p>\n<h2>Imagina Santo Tomas Lizeoa ikastola<\/h2>\n<p>[\/et_pb_text][\/et_pb_column][\/et_pb_row][et_pb_row column_structure=\u00bb1_3,1_3,1_3&#8243; use_custom_gutter=\u00bbon\u00bb gutter_width=\u00bb2&#8243; disabled_on=\u00bboff|off|off\u00bb module_id=\u00bbinfo\u00bb _builder_version=\u00bb4.16&#8243; _module_preset=\u00bbdefault\u00bb custom_padding=\u00bb5px||||false|false\u00bb global_colors_info=\u00bb{}\u00bb][et_pb_column type=\u00bb1_3&#8243; _builder_version=\u00bb4.16&#8243; _module_preset=\u00bbdefault\u00bb global_colors_info=\u00bb{}\u00bb][et_pb_text _builder_version=\u00bb4.16&#8243; _module_preset=\u00bbdefault\u00bb text_text_color=\u00bb#000000&#8243; custom_margin=\u00bb||20px||false|false\u00bb text_font_size_tablet=\u00bb18px\u00bb text_font_size_phone=\u00bb16px\u00bb text_font_size_last_edited=\u00bbon|phone\u00bb global_colors_info=\u00bb{}\u00bb]<\/p>\n<p>Imagina un lugar. Imagina un lugar que pone en tus manos varias puertas, sue\u00f1os, prop\u00f3sitos, futuro, ideas, personas y oportunidades. Imagina una educaci\u00f3n que favorece tu autoconocimiento y el de tus compa\u00f1eros de viaje.  Ofertamos una educaci\u00f3n global entre 2 y 18 a\u00f1os fundamentada en valores humanistas.<\/p>\n<p>[\/et_pb_text][\/et_pb_column][et_pb_column type=\u00bb1_3&#8243; _builder_version=\u00bb4.16&#8243; _module_preset=\u00bbdefault\u00bb global_colors_info=\u00bb{}\u00bb][et_pb_text _builder_version=\u00bb4.16&#8243; _module_preset=\u00bbdefault\u00bb text_text_color=\u00bb#000000&#8243; custom_margin=\u00bb||20px||false|false\u00bb text_font_size_tablet=\u00bb18px\u00bb text_font_size_phone=\u00bb16px\u00bb text_font_size_last_edited=\u00bbon|phone\u00bb global_colors_info=\u00bb{}\u00bb]<\/p>\n<p>Basada en nuestras ra\u00edces y la cultura vasca, que aspire a conseguir una sociedad mejor con una visi\u00f3n global. Imagina un lugar rebosante de vida, un lugar que te permita realizarte las preguntas necesarias.<\/p>\n<p>[\/et_pb_text][\/et_pb_column][et_pb_column type=\u00bb1_3&#8243; _builder_version=\u00bb4.16&#8243; _module_preset=\u00bbdefault\u00bb global_colors_info=\u00bb{}\u00bb][et_pb_text _builder_version=\u00bb4.16&#8243; _module_preset=\u00bbdefault\u00bb text_text_color=\u00bb#000000&#8243; text_font_size_tablet=\u00bb18px\u00bb text_font_size_phone=\u00bb16px\u00bb text_font_size_last_edited=\u00bbon|phone\u00bb global_colors_info=\u00bb{}\u00bb]Un lugar provisto del potencial y car\u00e1cter que necesitas para apoyarte en tu camino, para conocer tus necesidades, aspiraciones y aficiones. Un lugar que te ayude a situarte en tu ruta y a encontrar las claves que te abran las puertas.[\/et_pb_text][\/et_pb_column][\/et_pb_row][\/et_pb_section]<\/p>\n","protected":false},"excerpt":{"rendered":"<p>\u00a1Bienvenida\u00b7os!<div class=\"et_pb_module lwp_divi_breadcrumbs lwp_divi_breadcrumbs_0 migadepan\">\n\t\t\t\t\n\t\t\t\t\n\t\t\t\t\n\t\t\t\t\n\t\t\t\t\n\t\t\t\t\n\t\t\t\t<div class=\"et_pb_module_inner\">\n\t\t\t\t\t<div class=\"lwp-breadcrumbs\"> <span class=\"before\"><\/span> <span vocab=\"https:\/\/schema.org\/\" typeof=\"BreadcrumbList\"><span property=\"itemListElement\" typeof=\"ListItem\"><a property=\"item\" typeof=\"WebPage\" href=\"https:\/\/www.stl.eus\/es\/\" class=\"home\"><span property=\"name\">\ue009<\/span><\/a><meta property=\"position\" content=\"1\"><\/span> <span class=\"separator et-pb-icon\">5<\/span> <\/span><\/div>\n\t\t\t\t<\/div>\n\t\t\t<\/div>Esto es muy personal. Para asegurar una plaza, es recomendable matricularse a los 2 a\u00f1os. Si el proceso de escolarizaci\u00f3n puede ser progresivo, es recomendable que el ni\u00f1o o ni\u00f1a est\u00e9 [&hellip;]<\/p>\n","protected":false},"author":6,"featured_media":0,"parent":4389,"menu_order":0,"comment_status":"closed","ping_status":"closed","template":"","meta":{"_et_pb_use_builder":"on","_et_pb_old_content":"","_et_gb_content_width":"","footnotes":""},"class_list":["post-15725","page","type-page","status-publish","hentry"],"yoast_head":"<!-- This site is optimized with the Yoast SEO plugin v27.5 - https:\/\/yoast.com\/product\/yoast-seo-wordpress\/ -->\n<title>Planificaci\u00f3n 25\u00b726 Ikastola - Santo Tomas Lizeoa<\/title>\n<meta name=\"description\" content=\"En STL ofrecemos educaci\u00f3n integral desde los 2 hasta los 18 a\u00f1os. Comun\u00edquese con nosotros para obtener m\u00e1s instrucciones de inscripci\u00f3n escolar.\" \/>\n<meta name=\"robots\" content=\"index, follow, max-snippet:-1, max-image-preview:large, max-video-preview:-1\" \/>\n<link rel=\"canonical\" href=\"https:\/\/www.stl.eus\/es\/matriculacion\/matrikulazioa-meg\/\" \/>\n<meta property=\"og:locale\" content=\"es_ES\" \/>\n<meta property=\"og:type\" content=\"article\" \/>\n<meta property=\"og:title\" content=\"Planificaci\u00f3n 25\u00b726 Ikastola - Santo Tomas Lizeoa\" \/>\n<meta property=\"og:description\" content=\"En STL ofrecemos educaci\u00f3n integral desde los 2 hasta los 18 a\u00f1os. Comun\u00edquese con nosotros para obtener m\u00e1s instrucciones de inscripci\u00f3n escolar.\" \/>\n<meta property=\"og:url\" content=\"https:\/\/www.stl.eus\/es\/matriculacion\/matrikulazioa-meg\/\" \/>\n<meta property=\"og:site_name\" content=\"Santo Tomas Lizeoa\" \/>\n<meta property=\"article:modified_time\" content=\"2026-03-05T08:16:09+00:00\" \/>\n<meta name=\"twitter:card\" content=\"summary_large_image\" \/>\n<meta name=\"twitter:site\" content=\"@stl_ikastola\" \/>\n<meta name=\"twitter:label1\" content=\"Tiempo de lectura\" \/>\n\t<meta name=\"twitter:data1\" content=\"30 minutos\" \/>\n<script type=\"application\/ld+json\" class=\"yoast-schema-graph\">{\"@context\":\"https:\\\/\\\/schema.org\",\"@graph\":[{\"@type\":\"WebPage\",\"@id\":\"https:\\\/\\\/www.stl.eus\\\/es\\\/matriculacion\\\/matrikulazioa-meg\\\/\",\"url\":\"https:\\\/\\\/www.stl.eus\\\/es\\\/matriculacion\\\/matrikulazioa-meg\\\/\",\"name\":\"Planificaci\u00f3n 25\u00b726 Ikastola - Santo Tomas Lizeoa\",\"isPartOf\":{\"@id\":\"https:\\\/\\\/www.stl.eus\\\/es\\\/#website\"},\"datePublished\":\"2025-12-11T10:55:19+00:00\",\"dateModified\":\"2026-03-05T08:16:09+00:00\",\"description\":\"En STL ofrecemos educaci\u00f3n integral desde los 2 hasta los 18 a\u00f1os. Comun\u00edquese con nosotros para obtener m\u00e1s instrucciones de inscripci\u00f3n escolar.\",\"breadcrumb\":{\"@id\":\"https:\\\/\\\/www.stl.eus\\\/es\\\/matriculacion\\\/matrikulazioa-meg\\\/#breadcrumb\"},\"inLanguage\":\"es\",\"potentialAction\":[{\"@type\":\"ReadAction\",\"target\":[\"https:\\\/\\\/www.stl.eus\\\/es\\\/matriculacion\\\/matrikulazioa-meg\\\/\"]}]},{\"@type\":\"BreadcrumbList\",\"@id\":\"https:\\\/\\\/www.stl.eus\\\/es\\\/matriculacion\\\/matrikulazioa-meg\\\/#breadcrumb\",\"itemListElement\":[{\"@type\":\"ListItem\",\"position\":1,\"name\":\"Home\",\"item\":\"https:\\\/\\\/www.stl.eus\\\/es\\\/\"},{\"@type\":\"ListItem\",\"position\":2,\"name\":\"Matriculaci\u00f3n\",\"item\":\"https:\\\/\\\/www.stl.eus\\\/es\\\/hezkuntza\\\/matrikulazioa\\\/\"},{\"@type\":\"ListItem\",\"position\":3,\"name\":\"Preguntas frecuentes\"}]},{\"@type\":\"WebSite\",\"@id\":\"https:\\\/\\\/www.stl.eus\\\/es\\\/#website\",\"url\":\"https:\\\/\\\/www.stl.eus\\\/es\\\/\",\"name\":\"Santo Tomas Lizeoa\",\"description\":\"\",\"publisher\":{\"@id\":\"https:\\\/\\\/www.stl.eus\\\/es\\\/#organization\"},\"potentialAction\":[{\"@type\":\"SearchAction\",\"target\":{\"@type\":\"EntryPoint\",\"urlTemplate\":\"https:\\\/\\\/www.stl.eus\\\/es\\\/?s={search_term_string}\"},\"query-input\":{\"@type\":\"PropertyValueSpecification\",\"valueRequired\":true,\"valueName\":\"search_term_string\"}}],\"inLanguage\":\"es\"},{\"@type\":\"Organization\",\"@id\":\"https:\\\/\\\/www.stl.eus\\\/es\\\/#organization\",\"name\":\"Santo Tomas Lizeoa\",\"url\":\"https:\\\/\\\/www.stl.eus\\\/es\\\/\",\"logo\":{\"@type\":\"ImageObject\",\"inLanguage\":\"es\",\"@id\":\"https:\\\/\\\/www.stl.eus\\\/es\\\/#\\\/schema\\\/logo\\\/image\\\/\",\"url\":\"https:\\\/\\\/www.stl.eus\\\/wp-content\\\/uploads\\\/2021\\\/06\\\/SantoTomasLizeoa-logo-naranja.svg\",\"contentUrl\":\"https:\\\/\\\/www.stl.eus\\\/wp-content\\\/uploads\\\/2021\\\/06\\\/SantoTomasLizeoa-logo-naranja.svg\",\"width\":1,\"height\":1,\"caption\":\"Santo Tomas Lizeoa\"},\"image\":{\"@id\":\"https:\\\/\\\/www.stl.eus\\\/es\\\/#\\\/schema\\\/logo\\\/image\\\/\"},\"sameAs\":[\"https:\\\/\\\/x.com\\\/stl_ikastola\",\"https:\\\/\\\/www.instagram.com\\\/p\\\/CTzVTj3r8NQ\\\/\",\"https:\\\/\\\/www.youtube.com\\\/c\\\/SantoTomasLizeoaIkastola\"]}]}<\/script>\n<!-- \/ Yoast SEO plugin. -->","yoast_head_json":{"title":"Planificaci\u00f3n 25\u00b726 Ikastola - Santo Tomas Lizeoa","description":"En STL ofrecemos educaci\u00f3n integral desde los 2 hasta los 18 a\u00f1os. Comun\u00edquese con nosotros para obtener m\u00e1s instrucciones de inscripci\u00f3n escolar.","robots":{"index":"index","follow":"follow","max-snippet":"max-snippet:-1","max-image-preview":"max-image-preview:large","max-video-preview":"max-video-preview:-1"},"canonical":"https:\/\/www.stl.eus\/es\/matriculacion\/matrikulazioa-meg\/","og_locale":"es_ES","og_type":"article","og_title":"Planificaci\u00f3n 25\u00b726 Ikastola - Santo Tomas Lizeoa","og_description":"En STL ofrecemos educaci\u00f3n integral desde los 2 hasta los 18 a\u00f1os. Comun\u00edquese con nosotros para obtener m\u00e1s instrucciones de inscripci\u00f3n escolar.","og_url":"https:\/\/www.stl.eus\/es\/matriculacion\/matrikulazioa-meg\/","og_site_name":"Santo Tomas Lizeoa","article_modified_time":"2026-03-05T08:16:09+00:00","twitter_card":"summary_large_image","twitter_site":"@stl_ikastola","twitter_misc":{"Tiempo de lectura":"30 minutos"},"schema":{"@context":"https:\/\/schema.org","@graph":[{"@type":"WebPage","@id":"https:\/\/www.stl.eus\/es\/matriculacion\/matrikulazioa-meg\/","url":"https:\/\/www.stl.eus\/es\/matriculacion\/matrikulazioa-meg\/","name":"Planificaci\u00f3n 25\u00b726 Ikastola - Santo Tomas Lizeoa","isPartOf":{"@id":"https:\/\/www.stl.eus\/es\/#website"},"datePublished":"2025-12-11T10:55:19+00:00","dateModified":"2026-03-05T08:16:09+00:00","description":"En STL ofrecemos educaci\u00f3n integral desde los 2 hasta los 18 a\u00f1os. Comun\u00edquese con nosotros para obtener m\u00e1s instrucciones de inscripci\u00f3n escolar.","breadcrumb":{"@id":"https:\/\/www.stl.eus\/es\/matriculacion\/matrikulazioa-meg\/#breadcrumb"},"inLanguage":"es","potentialAction":[{"@type":"ReadAction","target":["https:\/\/www.stl.eus\/es\/matriculacion\/matrikulazioa-meg\/"]}]},{"@type":"BreadcrumbList","@id":"https:\/\/www.stl.eus\/es\/matriculacion\/matrikulazioa-meg\/#breadcrumb","itemListElement":[{"@type":"ListItem","position":1,"name":"Home","item":"https:\/\/www.stl.eus\/es\/"},{"@type":"ListItem","position":2,"name":"Matriculaci\u00f3n","item":"https:\/\/www.stl.eus\/es\/hezkuntza\/matrikulazioa\/"},{"@type":"ListItem","position":3,"name":"Preguntas frecuentes"}]},{"@type":"WebSite","@id":"https:\/\/www.stl.eus\/es\/#website","url":"https:\/\/www.stl.eus\/es\/","name":"Santo Tomas Lizeoa","description":"","publisher":{"@id":"https:\/\/www.stl.eus\/es\/#organization"},"potentialAction":[{"@type":"SearchAction","target":{"@type":"EntryPoint","urlTemplate":"https:\/\/www.stl.eus\/es\/?s={search_term_string}"},"query-input":{"@type":"PropertyValueSpecification","valueRequired":true,"valueName":"search_term_string"}}],"inLanguage":"es"},{"@type":"Organization","@id":"https:\/\/www.stl.eus\/es\/#organization","name":"Santo Tomas Lizeoa","url":"https:\/\/www.stl.eus\/es\/","logo":{"@type":"ImageObject","inLanguage":"es","@id":"https:\/\/www.stl.eus\/es\/#\/schema\/logo\/image\/","url":"https:\/\/www.stl.eus\/wp-content\/uploads\/2021\/06\/SantoTomasLizeoa-logo-naranja.svg","contentUrl":"https:\/\/www.stl.eus\/wp-content\/uploads\/2021\/06\/SantoTomasLizeoa-logo-naranja.svg","width":1,"height":1,"caption":"Santo Tomas Lizeoa"},"image":{"@id":"https:\/\/www.stl.eus\/es\/#\/schema\/logo\/image\/"},"sameAs":["https:\/\/x.com\/stl_ikastola","https:\/\/www.instagram.com\/p\/CTzVTj3r8NQ\/","https:\/\/www.youtube.com\/c\/SantoTomasLizeoaIkastola"]}]}},"_links":{"self":[{"href":"https:\/\/www.stl.eus\/es\/wp-json\/wp\/v2\/pages\/15725","targetHints":{"allow":["GET"]}}],"collection":[{"href":"https:\/\/www.stl.eus\/es\/wp-json\/wp\/v2\/pages"}],"about":[{"href":"https:\/\/www.stl.eus\/es\/wp-json\/wp\/v2\/types\/page"}],"author":[{"embeddable":true,"href":"https:\/\/www.stl.eus\/es\/wp-json\/wp\/v2\/users\/6"}],"replies":[{"embeddable":true,"href":"https:\/\/www.stl.eus\/es\/wp-json\/wp\/v2\/comments?post=15725"}],"version-history":[{"count":0,"href":"https:\/\/www.stl.eus\/es\/wp-json\/wp\/v2\/pages\/15725\/revisions"}],"up":[{"embeddable":true,"href":"https:\/\/www.stl.eus\/es\/wp-json\/wp\/v2\/pages\/4389"}],"wp:attachment":[{"href":"https:\/\/www.stl.eus\/es\/wp-json\/wp\/v2\/media?parent=15725"}],"curies":[{"name":"wp","href":"https:\/\/api.w.org\/{rel}","templated":true}]}}