{"id":12456,"date":"2023-05-11T12:13:54","date_gmt":"2023-05-11T10:13:54","guid":{"rendered":"https:\/\/www.stl.eus\/eguerdia-bigarren-hezkuntzan\/"},"modified":"2026-03-06T11:40:03","modified_gmt":"2026-03-06T10:40:03","slug":"mediodia-educacion-secundaria","status":"publish","type":"page","link":"https:\/\/www.stl.eus\/es\/mediodia-educacion-secundaria\/","title":{"rendered":"Mediod\u00eda en Educaci\u00f3n Secundaria"},"content":{"rendered":"<p>[et_pb_section fb_built=\u00bb1&#8243; fullwidth=\u00bbon\u00bb _builder_version=\u00bb4.16&#8243; _module_preset=\u00bbdefault\u00bb custom_margin=\u00bb0px|0px|0px|0px|true|true\u00bb custom_padding=\u00bb0px|0px|0px|0px|true|true\u00bb locked=\u00bboff\u00bb collapsed=\u00bboff\u00bb global_colors_info=\u00bb{}\u00bb][et_pb_fullwidth_header admin_label=\u00bbFullwidth Header\u00bb _builder_version=\u00bb4.27.6&#8243; _dynamic_attributes=\u00bbbackground_image\u00bb _module_preset=\u00bbdefault\u00bb title_font=\u00bbITC Avant Garde Gothic Std &#8211; Demi||||||||\u00bb title_text_align=\u00bbcenter\u00bb title_text_color=\u00bb#FFFFFF\u00bb title_font_size=\u00bb4vw\u00bb content_text_color=\u00bbgcid-c826b7ab-48b3-4ace-8ac4-89dfe89833ce\u00bb background_color=\u00bb#FFFFFF\u00bb background_enable_color=\u00bboff\u00bb background_image=\u00bb@ET-DC@eyJkeW5hbWljIjp0cnVlLCJjb250ZW50IjoicG9zdF9mZWF0dXJlZF9pbWFnZSIsInNldHRpbmdzIjp7ImVuYWJsZV9odG1sIjoib2ZmIn19@\u00bb custom_margin=\u00bb0px|0px|0px|0px|true|true\u00bb custom_padding=\u00bb0px|0px|0px|0px|true|true\u00bb title_font_size_tablet=\u00bb\u00bb title_font_size_phone=\u00bb0px\u00bb title_font_size_last_edited=\u00bbon|desktop\u00bb custom_css_main_element=\u00bb||\u00bb custom_css_header_container=\u00bbheight: 50vh;||min-height: 33vw;\u00bb custom_css_title=\u00bb||||\u00bb global_module=\u00bb1372&#8243; saved_tabs=\u00bball\u00bb global_colors_info=\u00bb{%22gcid-c826b7ab-48b3-4ace-8ac4-89dfe89833ce%22:%91%22title_text_shadow_color%22,%22content_text_color%22%93}\u00bb]<\/p>\n<h1><span style=\"color: #ffffff;\">Mediod\u00eda en Educaci\u00f3n Secundaria<\/span><\/h1>\n<p>[\/et_pb_fullwidth_header][\/et_pb_section][et_pb_section fb_built=\u00bb1&#8243; disabled_on=\u00bboff|off|off\u00bb _builder_version=\u00bb4.16&#8243; _module_preset=\u00bbdefault\u00bb custom_margin=\u00bb0px||0px||true|false\u00bb custom_padding=\u00bb0px||0px||true|false\u00bb border_width_bottom=\u00bb1px\u00bb border_color_bottom=\u00bb#ff611d\u00bb border_width_bottom_tablet=\u00bb\u00bb border_width_bottom_phone=\u00bb0px\u00bb border_width_bottom_last_edited=\u00bbon|phone\u00bb locked=\u00bboff\u00bb global_colors_info=\u00bb{}\u00bb][et_pb_row _builder_version=\u00bb4.16&#8243; _module_preset=\u00bbdefault\u00bb custom_margin=\u00bb0px||0px||true|false\u00bb custom_padding=\u00bb0vw||0vw||true|false\u00bb global_colors_info=\u00bb{}\u00bb][et_pb_column type=\u00bb4_4&#8243; _builder_version=\u00bb4.16&#8243; _module_preset=\u00bbdefault\u00bb global_colors_info=\u00bb{}\u00bb][lwp_divi_breadcrumbs home_text=\u00bb\ue009\u00bb font_icon=\u00bb%%20%%\u00bb link_color=\u00bb#ff611d\u00bb separator_color=\u00bb#8e8e8e\u00bb disabled_on=\u00bboff|off|off\u00bb module_class=\u00bbmigadepan\u00bb _builder_version=\u00bb4.10.7&#8243; _module_preset=\u00bbdefault\u00bb module_font=\u00bbITC Avant Garde Gothic Std &#8211; Demi||||||||\u00bb custom_padding=\u00bb||1px|||\u00bb module_text_align_tablet=\u00bbcenter\u00bb module_text_align_last_edited=\u00bboff|tablet\u00bb module_font_size_tablet=\u00bb18px\u00bb module_font_size_phone=\u00bb\u00bb module_font_size_last_edited=\u00bbon|phone\u00bb global_module=\u00bb3745&#8243; saved_tabs=\u00bball\u00bb global_colors_info=\u00bb{}\u00bb][\/lwp_divi_breadcrumbs][\/et_pb_column][\/et_pb_row][\/et_pb_section][et_pb_section fb_built=\u00bb1&#8243; custom_padding_last_edited=\u00bbon|phone\u00bb disabled_on=\u00bboff|on|on\u00bb admin_label=\u00bbHeader (texto m\u00f3vil)\u00bb _builder_version=\u00bb4.16&#8243; _module_preset=\u00bbdefault\u00bb custom_padding_tablet=\u00bb\u00bb custom_padding_phone=\u00bb||10px||false|false\u00bb locked=\u00bboff\u00bb collapsed=\u00bbon\u00bb global_colors_info=\u00bb{}\u00bb][et_pb_row custom_padding_last_edited=\u00bbon|phone\u00bb _builder_version=\u00bb4.16&#8243; _module_preset=\u00bbdefault\u00bb custom_padding_tablet=\u00bb\u00bb custom_padding_phone=\u00bb0px||0px||false|false\u00bb global_colors_info=\u00bb{}\u00bb][et_pb_column type=\u00bb4_4&#8243; _builder_version=\u00bb4.16&#8243; _module_preset=\u00bbdefault\u00bb global_colors_info=\u00bb{}\u00bb][et_pb_text content_phone=\u00bb<\/p>\n<h1>Imagina un lugar&#8230;<\/h1>\n<p>\u00bb content_last_edited=\u00bboff|phone\u00bb admin_label=\u00bbText (m\u00f3vil)\u00bb _builder_version=\u00bb4.27.5&#8243; _module_preset=\u00bbdefault\u00bb header_font=\u00bb||||||||\u00bb header_text_align=\u00bbcenter\u00bb header_text_color=\u00bb#ff611d\u00bb header_font_size=\u00bb40px\u00bb custom_padding=\u00bb5px|||||\u00bb header_font_tablet=\u00bb\u00bb header_font_phone=\u00bbITC Avant Garde Gothic Std &#8211; Demi||||||||\u00bb header_font_last_edited=\u00bbon|phone\u00bb header_text_color_tablet=\u00bb\u00bb header_text_color_phone=\u00bb#ff611d\u00bb header_text_color_last_edited=\u00bbon|phone\u00bb header_font_size_phone=\u00bb40px\u00bb header_font_size_last_edited=\u00bboff|phone\u00bb text_orientation_tablet=\u00bb\u00bb text_orientation_phone=\u00bbcenter\u00bb text_orientation_last_edited=\u00bbon|phone\u00bb global_module=\u00bb1375&#8243; saved_tabs=\u00bball\u00bb global_colors_info=\u00bb{}\u00bb]<\/p>\n<h1>Mediod\u00eda en Educaci\u00f3n Secundaria<\/h1>\n<p>[\/et_pb_text][\/et_pb_column][\/et_pb_row][\/et_pb_section][et_pb_section fb_built=\u00bb1&#8243; _builder_version=\u00bb4.16&#8243; _module_preset=\u00bbdefault\u00bb locked=\u00bboff\u00bb global_colors_info=\u00bb{}\u00bb][et_pb_row use_custom_gutter=\u00bbon\u00bb gutter_width=\u00bb2&#8243; disabled_on=\u00bbon|on|on\u00bb _builder_version=\u00bb4.27.4&#8243; _module_preset=\u00bbdefault\u00bb min_height=\u00bb42px\u00bb custom_margin=\u00bb0px|auto|-31px|auto|false|false\u00bb custom_padding=\u00bb0px||||false|false\u00bb disabled=\u00bbon\u00bb locked=\u00bboff\u00bb global_colors_info=\u00bb{}\u00bb][et_pb_column type=\u00bb4_4&#8243; _builder_version=\u00bb4.16&#8243; _module_preset=\u00bbdefault\u00bb global_colors_info=\u00bb{}\u00bb][et_pb_text _builder_version=\u00bb4.17.3&#8243; _module_preset=\u00bbdefault\u00bb text_text_color=\u00bb#000000&#8243; header_3_font=\u00bbITC Avant Garde Gothic Std &#8211; Demi||||||||\u00bb header_3_text_color=\u00bb#ff611d\u00bb header_3_font_size=\u00bb1.4vw\u00bb header_4_font=\u00bbITC Avant Garde Gothic Std &#8211; Demi||||||||\u00bb header_4_text_color=\u00bb#ff611d\u00bb header_4_font_size=\u00bb26px\u00bb custom_margin=\u00bb10px||10px||true|false\u00bb custom_padding=\u00bb10px||10px||true|false\u00bb text_font_size_tablet=\u00bb18px\u00bb text_font_size_phone=\u00bb16px\u00bb text_font_size_last_edited=\u00bbon|phone\u00bb header_3_font_size_tablet=\u00bb2.8vw\u00bb header_3_font_size_phone=\u00bb19px\u00bb header_3_font_size_last_edited=\u00bbon|tablet\u00bb locked=\u00bboff\u00bb global_colors_info=\u00bb{}\u00bb]<\/p>\n<h4><strong>CUESTIONARIOS<\/strong><\/h4>\n<p>[\/et_pb_text][et_pb_divider color=\u00bb#FC4D02&#8243; _builder_version=\u00bb4.16&#8243; _module_preset=\u00bbdefault\u00bb custom_margin=\u00bb0px|30px|||false|false\u00bb custom_padding=\u00bb0px||||false|false\u00bb locked=\u00bboff\u00bb global_colors_info=\u00bb{}\u00bb][\/et_pb_divider][\/et_pb_column][\/et_pb_row][et_pb_row column_structure=\u00bb1_2,1_2&#8243; disabled_on=\u00bboff|off|off\u00bb _builder_version=\u00bb4.27.4&#8243; _module_preset=\u00bbdefault\u00bb global_colors_info=\u00bb{}\u00bb][et_pb_column type=\u00bb1_2&#8243; _builder_version=\u00bb4.16&#8243; _module_preset=\u00bbdefault\u00bb global_colors_info=\u00bb{}\u00bb][et_pb_button button_url=\u00bbhttps:\/\/forms.office.com\/e\/uCZvqhe3rw\u00bb url_new_window=\u00bbon\u00bb button_text=\u00bbESO \u00b7 Comida\u00bb _builder_version=\u00bb4.27.6&#8243; _module_preset=\u00bbdefault\u00bb custom_button=\u00bbon\u00bb button_bg_color=\u00bb#fc4d02&#8243; button_icon=\u00bb&#x24;||divi||400&#8243; custom_margin=\u00bb||15px||false|false\u00bb hover_enabled=\u00bb0&#8243; button_text_size_tablet=\u00bb\u00bb button_text_size_phone=\u00bb22px\u00bb button_text_size_last_edited=\u00bbon|phone\u00bb locked=\u00bboff\u00bb global_colors_info=\u00bb{}\u00bb sticky_enabled=\u00bb0&#8243;][\/et_pb_button][\/et_pb_column][et_pb_column type=\u00bb1_2&#8243; _builder_version=\u00bb4.16&#8243; _module_preset=\u00bbdefault\u00bb global_colors_info=\u00bb{}\u00bb][et_pb_button button_url=\u00bb&lt;!&#8211;&#91;CDATA&#91;https:\/\/forms.office.com\/e\/eghc63e3Pq&#93;&#93;&#8211;&gt;\u00bb url_new_window=\u00bbon\u00bb button_text=\u00bbBach \u00b7 Comida y Permiso\u00bb disabled_on=\u00bbon|on|on\u00bb _builder_version=\u00bb4.27.6&#8243; _module_preset=\u00bbdefault\u00bb custom_button=\u00bbon\u00bb button_bg_color=\u00bb#fc4d02&#8243; button_icon=\u00bb&#x24;||divi||400&#8243; custom_margin=\u00bb||15px||false|false\u00bb button_text_size_tablet=\u00bb\u00bb button_text_size_phone=\u00bb22px\u00bb button_text_size_last_edited=\u00bbon|phone\u00bb disabled=\u00bbon\u00bb locked=\u00bboff\u00bb global_colors_info=\u00bb{}\u00bb][\/et_pb_button][\/et_pb_column][\/et_pb_row][et_pb_row disabled_on=\u00bbon|on|on\u00bb _builder_version=\u00bb4.16&#8243; _module_preset=\u00bbdefault\u00bb disabled=\u00bbon\u00bb global_colors_info=\u00bb{}\u00bb][et_pb_column type=\u00bb4_4&#8243; _builder_version=\u00bb4.16&#8243; _module_preset=\u00bbdefault\u00bb global_colors_info=\u00bb{}\u00bb][et_pb_testimonial portrait_url=\u00bbdata:image\/svg+xml;base64,PHN2ZyB3aWR0aD0iNTAwIiBoZWlnaHQ9IjUwMCIgdmlld0JveD0iMCAwIDUwMCA1MDAiIHhtbG5zPSJodHRwOi8vd3d3LnczLm9yZy8yMDAwL3N2ZyI+CiAgICA8ZyBmaWxsPSJub25lIiBmaWxsLXJ1bGU9ImV2ZW5vZGQiPgogICAgICAgIDxwYXRoIGZpbGw9IiNFQkVCRUIiIGQ9Ik0wIDBoNTAwdjUwMEgweiIvPgogICAgICAgIDxyZWN0IGZpbGwtb3BhY2l0eT0iLjEiIGZpbGw9IiMwMDAiIHg9IjY4IiB5PSIzMDUiIHdpZHRoPSIzNjQiIGhlaWdodD0iNTY4IiByeD0iMTgyIi8+CiAgICAgICAgPGNpcmNsZSBmaWxsLW9wYWNpdHk9Ii4xIiBmaWxsPSIjMDAwIiBjeD0iMjQ5IiBjeT0iMTcyIiByPSIxMDAiLz4KICAgIDwvZz4KPC9zdmc+Cg==\u00bb quote_icon=\u00bboff\u00bb portrait_width=\u00bb1px\u00bb portrait_height=\u00bb1px\u00bb _builder_version=\u00bb4.17.3&#8243; _module_preset=\u00bbdefault\u00bb author_text_align=\u00bbright\u00bb author_text_color=\u00bb#FFFFFF\u00bb background_color=\u00bb#fc4c02&#8243; body_font_size_tablet=\u00bb\u00bb body_font_size_phone=\u00bb16px\u00bb body_font_size_last_edited=\u00bbon|phone\u00bb global_colors_info=\u00bb{%22gcid-c826b7ab-48b3-4ace-8ac4-89dfe89833ce%22:%91%22background_color%22%93}\u00bb]<\/p>\n<h2><strong style=\"font-size: 26px;\">NOTAS IMPORTANTES<\/strong><strong><\/strong><\/h2>\n<p><strong style=\"font-size: 26px;\"><\/strong><\/p>\n<h2><span style=\"color: #ffffff;\"><strong>\u00bfPor qu\u00e9 es importante rellenar los cuestionarios?<\/strong><\/span><\/h2>\n<ul>\n<li><span style=\"color: #ffffff;\"><b>Para decidir el modelo de comida del pr\u00f3ximo curso. <\/b><\/span><\/li>\n<li><span style=\"color: #ffffff;\"><b>En el caso del alumnado de Bachillerato, para fijar la autorizaci\u00f3n de salida de la ikastola al mediod\u00eda.<\/b><\/span><\/li>\n<\/ul>\n<p><span style=\"color: #ffffff;\"><b><\/b><\/span><\/p>\n<p><span style=\"color: #ffffff;\"><b><\/b><\/span><\/p>\n<h2><span style=\"color: #ffffff;\"><strong>\u00bfQui\u00e9n debe rellenar el cuestionario?<\/strong><\/span><\/h2>\n<ul>\n<li><strong><span style=\"color: #ffffff;\">Obligatoriamente, todo el alumnado que pase a 1\u00ba de ESO, 1\u00ba de Bachillerato y 2\u00ba de Bachillerato.<\/span><\/strong><\/li>\n<li><strong><span style=\"color: #ffffff;\">Los alumnos que quieran hacer un cambio en el modelo de comida en los otros cursos. <\/span><\/strong><strong><\/strong><\/li>\n<\/ul>\n<p>[\/et_pb_testimonial][\/et_pb_column][\/et_pb_row][et_pb_row _builder_version=\u00bb4.16&#8243; _module_preset=\u00bbdefault\u00bb custom_margin=\u00bb||0px||false|false\u00bb custom_padding=\u00bb||0px||false|false\u00bb locked=\u00bboff\u00bb global_colors_info=\u00bb{}\u00bb][et_pb_column type=\u00bb4_4&#8243; _builder_version=\u00bb4.16&#8243; _module_preset=\u00bbdefault\u00bb global_colors_info=\u00bb{}\u00bb][et_pb_text _builder_version=\u00bb4.16&#8243; _module_preset=\u00bbdefault\u00bb text_text_color=\u00bb#000000&#8243; header_font_size=\u00bb35px\u00bb header_2_font=\u00bbITC Avant Garde Gothic Std &#8211; Demi||||||||\u00bb header_2_text_color=\u00bb#ff611d\u00bb header_2_font_size=\u00bb2.5vw\u00bb custom_margin=\u00bb10px||10px||true|false\u00bb custom_padding=\u00bb10px||10px||true|false\u00bb text_font_size_tablet=\u00bb18px\u00bb text_font_size_phone=\u00bb30px\u00bb text_font_size_last_edited=\u00bbon|phone\u00bb header_2_font_size_tablet=\u00bb2.8vw\u00bb header_2_font_size_phone=\u00bb24px\u00bb header_2_font_size_last_edited=\u00bbon|phone\u00bb locked=\u00bboff\u00bb global_colors_info=\u00bb{}\u00bb]<\/p>\n<h2>Opciones de comida<\/h2>\n<p>[\/et_pb_text][\/et_pb_column][\/et_pb_row][et_pb_row use_custom_gutter=\u00bbon\u00bb gutter_width=\u00bb2&#8243; _builder_version=\u00bb4.16&#8243; _module_preset=\u00bbdefault\u00bb custom_margin=\u00bb0px|auto|-31px|auto|false|false\u00bb custom_padding=\u00bb0px||||false|false\u00bb locked=\u00bboff\u00bb global_colors_info=\u00bb{}\u00bb][et_pb_column type=\u00bb4_4&#8243; _builder_version=\u00bb4.16&#8243; _module_preset=\u00bbdefault\u00bb global_colors_info=\u00bb{}\u00bb][et_pb_text _builder_version=\u00bb4.16&#8243; _module_preset=\u00bbdefault\u00bb text_text_color=\u00bb#000000&#8243; header_3_font=\u00bbITC Avant Garde Gothic Std &#8211; Demi||||||||\u00bb header_3_text_color=\u00bb#ff611d\u00bb header_3_font_size=\u00bb1.4vw\u00bb header_4_font=\u00bbITC Avant Garde Gothic Std &#8211; Demi||||||||\u00bb header_4_text_color=\u00bb#ff611d\u00bb header_4_font_size=\u00bb26px\u00bb custom_margin=\u00bb10px||10px||true|false\u00bb custom_padding=\u00bb10px||10px||true|false\u00bb text_font_size_tablet=\u00bb18px\u00bb text_font_size_phone=\u00bb16px\u00bb text_font_size_last_edited=\u00bbon|phone\u00bb header_3_font_size_tablet=\u00bb2.8vw\u00bb header_3_font_size_phone=\u00bb19px\u00bb header_3_font_size_last_edited=\u00bbon|tablet\u00bb locked=\u00bboff\u00bb global_colors_info=\u00bb{}\u00bb]<\/p>\n<h4><strong>SERVICIO DE COMEDOR<\/strong><\/h4>\n<p>[\/et_pb_text][et_pb_divider color=\u00bb#FC4D02&#8243; _builder_version=\u00bb4.16&#8243; _module_preset=\u00bbdefault\u00bb custom_margin=\u00bb0px|30px|||false|false\u00bb custom_padding=\u00bb0px||||false|false\u00bb locked=\u00bboff\u00bb global_colors_info=\u00bb{}\u00bb][\/et_pb_divider][\/et_pb_column][\/et_pb_row][et_pb_row column_structure=\u00bb1_2,1_2&#8243; use_custom_gutter=\u00bbon\u00bb gutter_width=\u00bb2&#8243; _builder_version=\u00bb4.16&#8243; _module_preset=\u00bbdefault\u00bb custom_margin=\u00bb0px||||false|false\u00bb custom_padding=\u00bb0px||||false|false\u00bb locked=\u00bboff\u00bb global_colors_info=\u00bb{}\u00bb][et_pb_column type=\u00bb1_2&#8243; _builder_version=\u00bb4.16&#8243; _module_preset=\u00bbdefault\u00bb global_colors_info=\u00bb{}\u00bb][et_pb_text _builder_version=\u00bb4.27.6&#8243; _module_preset=\u00bbdefault\u00bb text_text_color=\u00bb#000000&#8243; header_3_font=\u00bbITC Avant Garde Gothic Std &#8211; Demi||||||||\u00bb header_3_text_color=\u00bb#ff611d\u00bb header_3_font_size=\u00bb1.4vw\u00bb header_4_font=\u00bbITC Avant Garde Gothic Std &#8211; Demi||||||||\u00bb header_4_text_color=\u00bb#ff611d\u00bb header_4_font_size=\u00bb26px\u00bb custom_margin=\u00bb10px||10px||true|false\u00bb custom_padding=\u00bb10px||10px||true|false\u00bb text_font_size_tablet=\u00bb18px\u00bb text_font_size_phone=\u00bb16px\u00bb text_font_size_last_edited=\u00bbon|phone\u00bb header_3_font_size_tablet=\u00bb2.8vw\u00bb header_3_font_size_phone=\u00bb19px\u00bb header_3_font_size_last_edited=\u00bbon|tablet\u00bb global_colors_info=\u00bb{}\u00bb]<\/p>\n<h4><b>Men\u00fa de dos platos<\/b><\/h4>\n<ul>\n<li style=\"font-weight: 400;\" aria-level=\"1\"><span style=\"font-weight: 400;\">Comer\u00e1 en el comedor de la ikastola.<\/span><\/li>\n<li style=\"font-weight: 400;\" aria-level=\"1\"><span style=\"font-weight: 400;\">2 platos y postre preparados en la cocina de la ikastola.<\/span><\/li>\n<li style=\"font-weight: 400;\" aria-level=\"1\"><span style=\"font-weight: 400;\">Cuota mensual en el curso 25\/26. ESO: 87,60 \u20ac\/mes, 10 cuotas. Bach: 103,60 \u20ac\/mes, 8 cuotas.  <\/span><\/li>\n<\/ul>\n<p>[\/et_pb_text][\/et_pb_column][et_pb_column type=\u00bb1_2&#8243; _builder_version=\u00bb4.16&#8243; _module_preset=\u00bbdefault\u00bb global_colors_info=\u00bb{}\u00bb][\/et_pb_column][\/et_pb_row][et_pb_row use_custom_gutter=\u00bbon\u00bb gutter_width=\u00bb2&#8243; _builder_version=\u00bb4.16&#8243; _module_preset=\u00bbdefault\u00bb custom_margin=\u00bb0px|auto|-31px|auto|false|false\u00bb custom_padding=\u00bb0px||||false|false\u00bb locked=\u00bboff\u00bb global_colors_info=\u00bb{}\u00bb][et_pb_column type=\u00bb4_4&#8243; _builder_version=\u00bb4.16&#8243; _module_preset=\u00bbdefault\u00bb global_colors_info=\u00bb{}\u00bb][et_pb_text _builder_version=\u00bb4.16&#8243; _module_preset=\u00bbdefault\u00bb text_text_color=\u00bb#000000&#8243; header_3_font=\u00bbITC Avant Garde Gothic Std &#8211; Demi||||||||\u00bb header_3_text_color=\u00bb#ff611d\u00bb header_3_font_size=\u00bb1.4vw\u00bb header_4_font=\u00bbITC Avant Garde Gothic Std &#8211; Demi||||||||\u00bb header_4_text_color=\u00bb#ff611d\u00bb header_4_font_size=\u00bb26px\u00bb custom_margin=\u00bb10px||10px||true|false\u00bb custom_padding=\u00bb10px||10px||true|false\u00bb text_font_size_tablet=\u00bb18px\u00bb text_font_size_phone=\u00bb16px\u00bb text_font_size_last_edited=\u00bbon|phone\u00bb header_3_font_size_tablet=\u00bb2.8vw\u00bb header_3_font_size_phone=\u00bb19px\u00bb header_3_font_size_last_edited=\u00bbon|tablet\u00bb locked=\u00bboff\u00bb global_colors_info=\u00bb{}\u00bb]<\/p>\n<h4><strong>OTRAS OPCIONES<\/strong><\/h4>\n<p>[\/et_pb_text][et_pb_divider color=\u00bb#FC4D02&#8243; _builder_version=\u00bb4.16&#8243; _module_preset=\u00bbdefault\u00bb custom_margin=\u00bb0px|30px|||false|false\u00bb custom_padding=\u00bb0px||||false|false\u00bb locked=\u00bboff\u00bb global_colors_info=\u00bb{}\u00bb][\/et_pb_divider][\/et_pb_column][\/et_pb_row][et_pb_row column_structure=\u00bb1_2,1_2&#8243; use_custom_gutter=\u00bbon\u00bb gutter_width=\u00bb2&#8243; _builder_version=\u00bb4.16&#8243; _module_preset=\u00bbdefault\u00bb custom_margin=\u00bb0px||||false|false\u00bb custom_padding=\u00bb0px||||false|false\u00bb locked=\u00bboff\u00bb global_colors_info=\u00bb{}\u00bb][et_pb_column type=\u00bb1_2&#8243; _builder_version=\u00bb4.16&#8243; _module_preset=\u00bbdefault\u00bb global_colors_info=\u00bb{}\u00bb][et_pb_text _builder_version=\u00bb4.27.6&#8243; _module_preset=\u00bbdefault\u00bb text_text_color=\u00bb#000000&#8243; header_3_font=\u00bbITC Avant Garde Gothic Std &#8211; Demi||||||||\u00bb header_3_text_color=\u00bb#ff611d\u00bb header_3_font_size=\u00bb1.4vw\u00bb header_4_font=\u00bbITC Avant Garde Gothic Std &#8211; Demi||||||||\u00bb header_4_text_color=\u00bb#ff611d\u00bb header_4_font_size=\u00bb26px\u00bb custom_margin=\u00bb10px||10px||true|false\u00bb custom_padding=\u00bb10px||10px||true|false\u00bb text_font_size_tablet=\u00bb18px\u00bb text_font_size_phone=\u00bb16px\u00bb text_font_size_last_edited=\u00bbon|phone\u00bb header_3_font_size_tablet=\u00bb2.8vw\u00bb header_3_font_size_phone=\u00bb19px\u00bb header_3_font_size_last_edited=\u00bbon|tablet\u00bb locked=\u00bboff\u00bb global_colors_info=\u00bb{}\u00bb]<\/p>\n<h4>La comida de casa <span style=\"text-decoration: underline;\">gestionada por la ikastola<\/span><\/h4>\n<ul>\n<li style=\"font-weight: 400;\" aria-level=\"1\"><span style=\"font-weight: 400;\">Comer\u00e1 en el comedor correspondiente (ni en la calle ni en los pasillos).<\/span><\/li>\n<li style=\"font-weight: 400;\" aria-level=\"1\"><span style=\"font-weight: 400;\">Servicio que ofrece la ikastola: el alumno deja la comida que ha tra\u00eddo por la ma\u00f1ana a un responsable y al mediod\u00eda tendr\u00e1 la comida caliente (si es necesario).<\/span><\/li>\n<li style=\"font-weight: 400;\" aria-level=\"1\"><span style=\"font-weight: 400;\">Los recipientes que traiga se guardar\u00e1n en el frigor\u00edfico y se calentar\u00e1n en un horno especial. Los recipientes deben ser capaces de soportar esas temperaturas.<\/span><\/li>\n<li style=\"font-weight: 400;\" aria-level=\"1\"><span style=\"font-weight: 400;\">A todos los envases hay que ponerles el nombre del alumno.<\/span><\/li>\n<li style=\"font-weight: 400;\" aria-level=\"1\"><span style=\"font-weight: 400;\">Cuota mensual en el curso 25\/26. ESO: 31,50 \u20ac\/mes, 10 cuotas. Bach.: 39,40 \u20ac\/mes, 8 cuotas.  <\/span><\/li>\n<\/ul>\n<p>[\/et_pb_text][\/et_pb_column][et_pb_column type=\u00bb1_2&#8243; _builder_version=\u00bb4.16&#8243; _module_preset=\u00bbdefault\u00bb global_colors_info=\u00bb{}\u00bb][et_pb_text _builder_version=\u00bb4.16&#8243; _module_preset=\u00bbdefault\u00bb text_text_color=\u00bb#000000&#8243; header_3_font=\u00bbITC Avant Garde Gothic Std &#8211; Demi||||||||\u00bb header_3_text_color=\u00bb#ff611d\u00bb header_3_font_size=\u00bb1.4vw\u00bb header_4_font=\u00bbITC Avant Garde Gothic Std &#8211; Demi||||||||\u00bb header_4_text_color=\u00bb#ff611d\u00bb header_4_font_size=\u00bb26px\u00bb custom_margin=\u00bb10px||10px||true|false\u00bb custom_padding=\u00bb10px||10px||true|false\u00bb text_font_size_tablet=\u00bb18px\u00bb text_font_size_phone=\u00bb16px\u00bb text_font_size_last_edited=\u00bbon|phone\u00bb header_3_font_size_tablet=\u00bb2.8vw\u00bb header_3_font_size_phone=\u00bb19px\u00bb header_3_font_size_last_edited=\u00bbon|tablet\u00bb global_colors_info=\u00bb{}\u00bb]<\/p>\n<h4>La comida de casa de <span style=\"text-decoration: underline;\">forma aut\u00f3noma<\/span><\/h4>\n<ul>\n<li style=\"font-weight: 400;\" aria-level=\"1\"><span style=\"font-weight: 400;\">Comer\u00e1 en el comedor correspondiente (ni en la calle ni en los pasillos).<\/span><\/li>\n<li style=\"font-weight: 400;\" aria-level=\"1\"><span style=\"font-weight: 400;\">Puede ser comida casera o bocadillo preparado en la ikastola. Solicitar\u00e1 el bocadillo en tiempo de recreo en la Secretar\u00eda y lo obtendr\u00e1, pagar\u00e1 y comer\u00e1 en el comedor correspondiente.<\/span><\/li>\n<li style=\"font-weight: 400;\" aria-level=\"1\"><span style=\"font-weight: 400;\">Actuar\u00e1 con total autonom\u00eda sin implicar a ning\u00fan servicio de la ikastola (no tendr\u00e1 a su disposici\u00f3n ning\u00fan dispositivo de calentamiento).<\/span><\/li>\n<li style=\"font-weight: 400;\" aria-level=\"1\"><span style=\"font-weight: 400;\">Gratuito<\/span><\/li>\n<\/ul>\n<p>[\/et_pb_text][et_pb_text _builder_version=\u00bb4.16&#8243; _module_preset=\u00bbdefault\u00bb text_text_color=\u00bb#000000&#8243; header_3_font=\u00bbITC Avant Garde Gothic Std &#8211; Demi||||||||\u00bb header_3_text_color=\u00bb#ff611d\u00bb header_3_font_size=\u00bb1.4vw\u00bb header_4_font=\u00bbITC Avant Garde Gothic Std &#8211; Demi||||||||\u00bb header_4_text_color=\u00bb#ff611d\u00bb header_4_font_size=\u00bb26px\u00bb custom_margin=\u00bb10px||10px||true|false\u00bb custom_padding=\u00bb10px||10px||true|false\u00bb text_font_size_tablet=\u00bb18px\u00bb text_font_size_phone=\u00bb16px\u00bb text_font_size_last_edited=\u00bbon|phone\u00bb header_3_font_size_tablet=\u00bb2.8vw\u00bb header_3_font_size_phone=\u00bb19px\u00bb header_3_font_size_last_edited=\u00bbon|tablet\u00bb global_colors_info=\u00bb{}\u00bb]<\/p>\n<h4>Fuera de la ikastola<\/h4>\n<ul>\n<li>Saldr\u00e1 fuera de la ikastola.<\/li>\n<li>Volver\u00e1 a la ikastola para cuando comiencen las clases de la tarde.<\/li>\n<\/ul>\n<p>[\/et_pb_text][\/et_pb_column][\/et_pb_row][et_pb_row use_custom_gutter=\u00bbon\u00bb gutter_width=\u00bb2&#8243; disabled_on=\u00bboff|off|off\u00bb _builder_version=\u00bb4.16&#8243; _module_preset=\u00bbdefault\u00bb custom_margin=\u00bb0px|auto|-31px|auto|false|false\u00bb custom_padding=\u00bb0px||||false|false\u00bb locked=\u00bboff\u00bb global_colors_info=\u00bb{}\u00bb][et_pb_column type=\u00bb4_4&#8243; _builder_version=\u00bb4.16&#8243; _module_preset=\u00bbdefault\u00bb global_colors_info=\u00bb{}\u00bb][et_pb_text _builder_version=\u00bb4.16&#8243; _module_preset=\u00bbdefault\u00bb text_text_color=\u00bb#000000&#8243; header_3_font=\u00bbITC Avant Garde Gothic Std &#8211; Demi||||||||\u00bb header_3_text_color=\u00bb#ff611d\u00bb header_3_font_size=\u00bb1.4vw\u00bb header_4_font=\u00bbITC Avant Garde Gothic Std &#8211; Demi||||||||\u00bb header_4_text_color=\u00bb#ff611d\u00bb header_4_font_size=\u00bb26px\u00bb custom_margin=\u00bb10px||10px||true|false\u00bb custom_padding=\u00bb10px||10px||true|false\u00bb text_font_size_tablet=\u00bb18px\u00bb text_font_size_phone=\u00bb16px\u00bb text_font_size_last_edited=\u00bbon|phone\u00bb header_3_font_size_tablet=\u00bb2.8vw\u00bb header_3_font_size_phone=\u00bb19px\u00bb header_3_font_size_last_edited=\u00bbon|tablet\u00bb locked=\u00bboff\u00bb global_colors_info=\u00bb{}\u00bb]<\/p>\n<h4><strong>Horarios de descanso y comida del mediod\u00eda<\/strong><\/h4>\n<p>[\/et_pb_text][et_pb_divider color=\u00bb#FC4D02&#8243; _builder_version=\u00bb4.16&#8243; _module_preset=\u00bbdefault\u00bb custom_margin=\u00bb0px|30px|||false|false\u00bb custom_padding=\u00bb0px||||false|false\u00bb locked=\u00bboff\u00bb global_colors_info=\u00bb{}\u00bb][\/et_pb_divider][\/et_pb_column][\/et_pb_row][et_pb_row column_structure=\u00bb1_3,1_3,1_3&#8243; disabled_on=\u00bboff|off|off\u00bb _builder_version=\u00bb4.16&#8243; _module_preset=\u00bbdefault\u00bb global_colors_info=\u00bb{}\u00bb][et_pb_column type=\u00bb1_3&#8243; _builder_version=\u00bb4.16&#8243; _module_preset=\u00bbdefault\u00bb global_colors_info=\u00bb{}\u00bb][et_pb_text content_tablet=\u00bb\u00bb content_phone=\u00bb\u00bb content_last_edited=\u00bbon|phone\u00bb _builder_version=\u00bb4.16&#8243; _module_preset=\u00bbdefault\u00bb text_font_size_tablet=\u00bb\u00bb text_font_size_phone=\u00bb16px\u00bb text_font_size_last_edited=\u00bbon|phone\u00bb global_colors_info=\u00bb{}\u00bb]<\/p>\n<h3><span style=\"color: #ff6600; font-size: 22px;\">ESO<\/span><\/h3>\n<ul>\n<li>Descanso del mediod\u00eda:<br \/>\n12:25 \u2013 13:25<\/li>\n<li>Horario de comida:<br \/>\n12:25<\/li>\n<\/ul>\n<p>[\/et_pb_text][\/et_pb_column][et_pb_column type=\u00bb1_3&#8243; _builder_version=\u00bb4.16&#8243; _module_preset=\u00bbdefault\u00bb global_colors_info=\u00bb{}\u00bb][et_pb_text _builder_version=\u00bb4.17.3&#8243; _module_preset=\u00bbdefault\u00bb text_font_size_tablet=\u00bb\u00bb text_font_size_phone=\u00bb16px\u00bb text_font_size_last_edited=\u00bbon|phone\u00bb global_colors_info=\u00bb{}\u00bb]<\/p>\n<h3><span style=\"color: #ff6600; font-size: 22px;\">1\u00ba y 2\u00ba de Bachiller<\/span><\/h3>\n<ul>\n<li>Descanso del mediod\u00eda:<br \/>De lunes a jueves<br \/>13:00 \u2013 13:30<br \/>Viernes<br \/>12:25 \u2013 13:30<\/li>\n<li>Horario de comida:<br \/>13:00<\/li>\n<\/ul>\n<p>[\/et_pb_text][\/et_pb_column][et_pb_column type=\u00bb1_3&#8243; _builder_version=\u00bb4.16&#8243; _module_preset=\u00bbdefault\u00bb global_colors_info=\u00bb{}\u00bb][\/et_pb_column][\/et_pb_row][\/et_pb_section]<\/p>\n","protected":false},"excerpt":{"rendered":"<p>Mediod\u00eda en Educaci\u00f3n Secundaria<div class=\"et_pb_module lwp_divi_breadcrumbs lwp_divi_breadcrumbs_0 migadepan\">\n\t\t\t\t\n\t\t\t\t\n\t\t\t\t\n\t\t\t\t\n\t\t\t\t\n\t\t\t\t\n\t\t\t\t<div class=\"et_pb_module_inner\">\n\t\t\t\t\t<div class=\"lwp-breadcrumbs\"> <span class=\"before\"><\/span> <span vocab=\"https:\/\/schema.org\/\" typeof=\"BreadcrumbList\"><span property=\"itemListElement\" typeof=\"ListItem\"><a property=\"item\" typeof=\"WebPage\" href=\"https:\/\/www.stl.eus\/es\/\" class=\"home\"><span property=\"name\">\ue009<\/span><\/a><meta property=\"position\" content=\"1\"><\/span> <span class=\"separator et-pb-icon\">5<\/span> <\/span><\/div>\n\t\t\t\t<\/div>\n\t\t\t<\/div>Mediod\u00eda en Educaci\u00f3n SecundariaCUESTIONARIOSNOTAS IMPORTANTES \u00bfPor qu\u00e9 es importante rellenar los cuestionarios? Para decidir el modelo de comida del pr\u00f3ximo curso. En el caso del alumnado de Bachillerato, [&hellip;]<\/p>\n","protected":false},"author":2,"featured_media":11090,"parent":0,"menu_order":0,"comment_status":"closed","ping_status":"closed","template":"","meta":{"_et_pb_use_builder":"on","_et_pb_old_content":"","_et_gb_content_width":"","footnotes":""},"class_list":["post-12456","page","type-page","status-publish","has-post-thumbnail","hentry"],"yoast_head":"<!-- This site is optimized with the Yoast SEO plugin v27.5 - https:\/\/yoast.com\/product\/yoast-seo-wordpress\/ -->\n<title>Mediod\u00eda en Educaci\u00f3n Secundaria - Ikastola Santo Tomas Lizeoa<\/title>\n<meta name=\"description\" content=\"Los alumnos de Secundaria de la Ikastola deben elegir un modelo entre las diferentes opciones que tienen para la organizaci\u00f3n del mediod\u00eda.\" \/>\n<meta name=\"robots\" content=\"index, follow, max-snippet:-1, max-image-preview:large, max-video-preview:-1\" \/>\n<link rel=\"canonical\" href=\"https:\/\/www.stl.eus\/es\/mediodia-educacion-secundaria\/\" \/>\n<meta property=\"og:locale\" content=\"es_ES\" \/>\n<meta property=\"og:type\" content=\"article\" \/>\n<meta property=\"og:title\" content=\"Mediod\u00eda en Educaci\u00f3n Secundaria - Ikastola Santo Tomas Lizeoa\" \/>\n<meta property=\"og:description\" content=\"Los alumnos de Secundaria de la Ikastola deben elegir un modelo entre las diferentes opciones que tienen para la organizaci\u00f3n del mediod\u00eda.\" \/>\n<meta property=\"og:url\" content=\"https:\/\/www.stl.eus\/es\/mediodia-educacion-secundaria\/\" \/>\n<meta property=\"og:site_name\" content=\"Santo Tomas Lizeoa\" \/>\n<meta property=\"article:modified_time\" content=\"2026-03-06T10:40:03+00:00\" \/>\n<meta property=\"og:image\" content=\"https:\/\/www.stl.eus\/wp-content\/uploads\/eguerdia-BH.jpg\" \/>\n\t<meta property=\"og:image:width\" content=\"1920\" \/>\n\t<meta property=\"og:image:height\" content=\"660\" \/>\n\t<meta property=\"og:image:type\" content=\"image\/jpeg\" \/>\n<meta name=\"twitter:card\" content=\"summary_large_image\" \/>\n<meta name=\"twitter:site\" content=\"@stl_ikastola\" \/>\n<meta name=\"twitter:label1\" content=\"Tiempo de lectura\" \/>\n\t<meta name=\"twitter:data1\" content=\"14 minutos\" \/>\n<script type=\"application\/ld+json\" class=\"yoast-schema-graph\">{\"@context\":\"https:\\\/\\\/schema.org\",\"@graph\":[{\"@type\":\"WebPage\",\"@id\":\"https:\\\/\\\/www.stl.eus\\\/es\\\/mediodia-educacion-secundaria\\\/\",\"url\":\"https:\\\/\\\/www.stl.eus\\\/es\\\/mediodia-educacion-secundaria\\\/\",\"name\":\"Mediod\u00eda en Educaci\u00f3n Secundaria - Ikastola Santo Tomas Lizeoa\",\"isPartOf\":{\"@id\":\"https:\\\/\\\/www.stl.eus\\\/es\\\/#website\"},\"primaryImageOfPage\":{\"@id\":\"https:\\\/\\\/www.stl.eus\\\/es\\\/mediodia-educacion-secundaria\\\/#primaryimage\"},\"image\":{\"@id\":\"https:\\\/\\\/www.stl.eus\\\/es\\\/mediodia-educacion-secundaria\\\/#primaryimage\"},\"thumbnailUrl\":\"https:\\\/\\\/www.stl.eus\\\/wp-content\\\/uploads\\\/eguerdia-BH.jpg\",\"datePublished\":\"2023-05-11T10:13:54+00:00\",\"dateModified\":\"2026-03-06T10:40:03+00:00\",\"description\":\"Los alumnos de Secundaria de la Ikastola deben elegir un modelo entre las diferentes opciones que tienen para la organizaci\u00f3n del mediod\u00eda.\",\"breadcrumb\":{\"@id\":\"https:\\\/\\\/www.stl.eus\\\/es\\\/mediodia-educacion-secundaria\\\/#breadcrumb\"},\"inLanguage\":\"es\",\"potentialAction\":[{\"@type\":\"ReadAction\",\"target\":[\"https:\\\/\\\/www.stl.eus\\\/es\\\/mediodia-educacion-secundaria\\\/\"]}]},{\"@type\":\"ImageObject\",\"inLanguage\":\"es\",\"@id\":\"https:\\\/\\\/www.stl.eus\\\/es\\\/mediodia-educacion-secundaria\\\/#primaryimage\",\"url\":\"https:\\\/\\\/www.stl.eus\\\/wp-content\\\/uploads\\\/eguerdia-BH.jpg\",\"contentUrl\":\"https:\\\/\\\/www.stl.eus\\\/wp-content\\\/uploads\\\/eguerdia-BH.jpg\",\"width\":1920,\"height\":660},{\"@type\":\"BreadcrumbList\",\"@id\":\"https:\\\/\\\/www.stl.eus\\\/es\\\/mediodia-educacion-secundaria\\\/#breadcrumb\",\"itemListElement\":[{\"@type\":\"ListItem\",\"position\":1,\"name\":\"Home\",\"item\":\"https:\\\/\\\/www.stl.eus\\\/es\\\/\"},{\"@type\":\"ListItem\",\"position\":2,\"name\":\"Mediod\u00eda en Educaci\u00f3n Secundaria\"}]},{\"@type\":\"WebSite\",\"@id\":\"https:\\\/\\\/www.stl.eus\\\/es\\\/#website\",\"url\":\"https:\\\/\\\/www.stl.eus\\\/es\\\/\",\"name\":\"Santo Tomas Lizeoa\",\"description\":\"\",\"publisher\":{\"@id\":\"https:\\\/\\\/www.stl.eus\\\/es\\\/#organization\"},\"potentialAction\":[{\"@type\":\"SearchAction\",\"target\":{\"@type\":\"EntryPoint\",\"urlTemplate\":\"https:\\\/\\\/www.stl.eus\\\/es\\\/?s={search_term_string}\"},\"query-input\":{\"@type\":\"PropertyValueSpecification\",\"valueRequired\":true,\"valueName\":\"search_term_string\"}}],\"inLanguage\":\"es\"},{\"@type\":\"Organization\",\"@id\":\"https:\\\/\\\/www.stl.eus\\\/es\\\/#organization\",\"name\":\"Santo Tomas Lizeoa\",\"url\":\"https:\\\/\\\/www.stl.eus\\\/es\\\/\",\"logo\":{\"@type\":\"ImageObject\",\"inLanguage\":\"es\",\"@id\":\"https:\\\/\\\/www.stl.eus\\\/es\\\/#\\\/schema\\\/logo\\\/image\\\/\",\"url\":\"https:\\\/\\\/www.stl.eus\\\/wp-content\\\/uploads\\\/2021\\\/06\\\/SantoTomasLizeoa-logo-naranja.svg\",\"contentUrl\":\"https:\\\/\\\/www.stl.eus\\\/wp-content\\\/uploads\\\/2021\\\/06\\\/SantoTomasLizeoa-logo-naranja.svg\",\"width\":1,\"height\":1,\"caption\":\"Santo Tomas Lizeoa\"},\"image\":{\"@id\":\"https:\\\/\\\/www.stl.eus\\\/es\\\/#\\\/schema\\\/logo\\\/image\\\/\"},\"sameAs\":[\"https:\\\/\\\/x.com\\\/stl_ikastola\",\"https:\\\/\\\/www.instagram.com\\\/p\\\/CTzVTj3r8NQ\\\/\",\"https:\\\/\\\/www.youtube.com\\\/c\\\/SantoTomasLizeoaIkastola\"]}]}<\/script>\n<!-- \/ Yoast SEO plugin. -->","yoast_head_json":{"title":"Mediod\u00eda en Educaci\u00f3n Secundaria - Ikastola Santo Tomas Lizeoa","description":"Los alumnos de Secundaria de la Ikastola deben elegir un modelo entre las diferentes opciones que tienen para la organizaci\u00f3n del mediod\u00eda.","robots":{"index":"index","follow":"follow","max-snippet":"max-snippet:-1","max-image-preview":"max-image-preview:large","max-video-preview":"max-video-preview:-1"},"canonical":"https:\/\/www.stl.eus\/es\/mediodia-educacion-secundaria\/","og_locale":"es_ES","og_type":"article","og_title":"Mediod\u00eda en Educaci\u00f3n Secundaria - Ikastola Santo Tomas Lizeoa","og_description":"Los alumnos de Secundaria de la Ikastola deben elegir un modelo entre las diferentes opciones que tienen para la organizaci\u00f3n del mediod\u00eda.","og_url":"https:\/\/www.stl.eus\/es\/mediodia-educacion-secundaria\/","og_site_name":"Santo Tomas Lizeoa","article_modified_time":"2026-03-06T10:40:03+00:00","og_image":[{"width":1920,"height":660,"url":"https:\/\/www.stl.eus\/wp-content\/uploads\/eguerdia-BH.jpg","type":"image\/jpeg"}],"twitter_card":"summary_large_image","twitter_site":"@stl_ikastola","twitter_misc":{"Tiempo de lectura":"14 minutos"},"schema":{"@context":"https:\/\/schema.org","@graph":[{"@type":"WebPage","@id":"https:\/\/www.stl.eus\/es\/mediodia-educacion-secundaria\/","url":"https:\/\/www.stl.eus\/es\/mediodia-educacion-secundaria\/","name":"Mediod\u00eda en Educaci\u00f3n Secundaria - Ikastola Santo Tomas Lizeoa","isPartOf":{"@id":"https:\/\/www.stl.eus\/es\/#website"},"primaryImageOfPage":{"@id":"https:\/\/www.stl.eus\/es\/mediodia-educacion-secundaria\/#primaryimage"},"image":{"@id":"https:\/\/www.stl.eus\/es\/mediodia-educacion-secundaria\/#primaryimage"},"thumbnailUrl":"https:\/\/www.stl.eus\/wp-content\/uploads\/eguerdia-BH.jpg","datePublished":"2023-05-11T10:13:54+00:00","dateModified":"2026-03-06T10:40:03+00:00","description":"Los alumnos de Secundaria de la Ikastola deben elegir un modelo entre las diferentes opciones que tienen para la organizaci\u00f3n del mediod\u00eda.","breadcrumb":{"@id":"https:\/\/www.stl.eus\/es\/mediodia-educacion-secundaria\/#breadcrumb"},"inLanguage":"es","potentialAction":[{"@type":"ReadAction","target":["https:\/\/www.stl.eus\/es\/mediodia-educacion-secundaria\/"]}]},{"@type":"ImageObject","inLanguage":"es","@id":"https:\/\/www.stl.eus\/es\/mediodia-educacion-secundaria\/#primaryimage","url":"https:\/\/www.stl.eus\/wp-content\/uploads\/eguerdia-BH.jpg","contentUrl":"https:\/\/www.stl.eus\/wp-content\/uploads\/eguerdia-BH.jpg","width":1920,"height":660},{"@type":"BreadcrumbList","@id":"https:\/\/www.stl.eus\/es\/mediodia-educacion-secundaria\/#breadcrumb","itemListElement":[{"@type":"ListItem","position":1,"name":"Home","item":"https:\/\/www.stl.eus\/es\/"},{"@type":"ListItem","position":2,"name":"Mediod\u00eda en Educaci\u00f3n Secundaria"}]},{"@type":"WebSite","@id":"https:\/\/www.stl.eus\/es\/#website","url":"https:\/\/www.stl.eus\/es\/","name":"Santo Tomas Lizeoa","description":"","publisher":{"@id":"https:\/\/www.stl.eus\/es\/#organization"},"potentialAction":[{"@type":"SearchAction","target":{"@type":"EntryPoint","urlTemplate":"https:\/\/www.stl.eus\/es\/?s={search_term_string}"},"query-input":{"@type":"PropertyValueSpecification","valueRequired":true,"valueName":"search_term_string"}}],"inLanguage":"es"},{"@type":"Organization","@id":"https:\/\/www.stl.eus\/es\/#organization","name":"Santo Tomas Lizeoa","url":"https:\/\/www.stl.eus\/es\/","logo":{"@type":"ImageObject","inLanguage":"es","@id":"https:\/\/www.stl.eus\/es\/#\/schema\/logo\/image\/","url":"https:\/\/www.stl.eus\/wp-content\/uploads\/2021\/06\/SantoTomasLizeoa-logo-naranja.svg","contentUrl":"https:\/\/www.stl.eus\/wp-content\/uploads\/2021\/06\/SantoTomasLizeoa-logo-naranja.svg","width":1,"height":1,"caption":"Santo Tomas Lizeoa"},"image":{"@id":"https:\/\/www.stl.eus\/es\/#\/schema\/logo\/image\/"},"sameAs":["https:\/\/x.com\/stl_ikastola","https:\/\/www.instagram.com\/p\/CTzVTj3r8NQ\/","https:\/\/www.youtube.com\/c\/SantoTomasLizeoaIkastola"]}]}},"_links":{"self":[{"href":"https:\/\/www.stl.eus\/es\/wp-json\/wp\/v2\/pages\/12456","targetHints":{"allow":["GET"]}}],"collection":[{"href":"https:\/\/www.stl.eus\/es\/wp-json\/wp\/v2\/pages"}],"about":[{"href":"https:\/\/www.stl.eus\/es\/wp-json\/wp\/v2\/types\/page"}],"author":[{"embeddable":true,"href":"https:\/\/www.stl.eus\/es\/wp-json\/wp\/v2\/users\/2"}],"replies":[{"embeddable":true,"href":"https:\/\/www.stl.eus\/es\/wp-json\/wp\/v2\/comments?post=12456"}],"version-history":[{"count":0,"href":"https:\/\/www.stl.eus\/es\/wp-json\/wp\/v2\/pages\/12456\/revisions"}],"wp:featuredmedia":[{"embeddable":true,"href":"https:\/\/www.stl.eus\/es\/wp-json\/wp\/v2\/media\/11090"}],"wp:attachment":[{"href":"https:\/\/www.stl.eus\/es\/wp-json\/wp\/v2\/media?parent=12456"}],"curies":[{"name":"wp","href":"https:\/\/api.w.org\/{rel}","templated":true}]}}